{"id":5911,"date":"2019-05-02T09:27:17","date_gmt":"2019-05-02T07:27:17","guid":{"rendered":"https:\/\/www-akustikksenter.wp3.hcweb.dev\/?page_id=5911"},"modified":"2026-04-15T10:57:23","modified_gmt":"2026-04-15T08:57:23","slug":"hotellets-restaurant-og-natteliv","status":"publish","type":"page","link":"https:\/\/www.akustikksenter.no\/da\/nettbutikk\/hotell-restaurant-og-uteliv\/","title":{"rendered":"Hotel, restaurant og natteliv"},"content":{"rendered":"\n\n\t\t\t\t<img decoding=\"async\" src=\"https:\/\/www.akustikksenter.no\/wp-content\/uploads\/2025\/01\/Akustikksenter-10_darker_contrast.svg\" alt=\"Akustikksenter 10_darker_contrast\" itemprop=\"image\" title=\"Akustikksenter 10_darker_contrast\" onerror=\"this.style.display='none'\"  \/>\n<h1>\n\t\tPrivat bolig\n\t<\/h1>\n\t<p>For at opplevelsen skal v\u00e6re god, er det viktig at lydforholdene i lokalet er bra. Gode lydforhold kan v\u00e6re avgj\u00f8rende for b\u00e5de gjester og ansattes trivsel. Vi har kanskje markedets mest effektive lyddempende absorbenter.<\/p>\n\t\t\t\t\t<a href=\"#\" id=\"fl-accordion--label-0\" tabindex=\"0\" aria-controls=\"fl-accordion--panel-0\">Restaurant og kafe<\/a>\n\t\t\t\t\t<p>Folk elsker \u00e5 v\u00e6re sosiale og g\u00e5 ut og hygge seg og samles p\u00e5 restauranter og kafeer. Dessverre \u00f8delegges ofte opplevelsen av d\u00e5rlige lydforhold i restauranten, kaf\u00e9er eller baren som bes\u00f8kes. Det blir en slitsom spiral hvor alle snakker h\u00f8yere og h\u00f8yere, og n\u00e5r du g\u00e5r hjem er du un\u00f8dvendig sliten og kanskje til og med s\u00e5r i halsen. Noen som kjenner seg igjen?<\/p>\n<p>Dette f\u00f8rer dels til d\u00e5rlige arbeidsforhold for de ansatte og dels til omsetningssvikt og kundeflukt. Kundene vil etter hvert g\u00e5 til andre steder der de opplever at det er mer behagelig \u00e5 oppholde seg.<\/p>\n<p>Det er v\u00e5r erfaring at de f\u00e6rreste restauranter, kaf\u00e9er o.l. innfrir kravene til Norsk Standard som inng\u00e5r i TEK. Norsk Standard NS 8175:2012 (oppdatert versjon NS8175:2019) setter klare grenser for tillatt lydniv\u00e5 i restauranter, kantiner mm.<\/p>\n<p>St\u00f8y i restauranter, kaf\u00e9er mm kommer ofte fra ansatte, gjester, ventilasjon, diverse tekniske installasjoner og fra kj\u00f8kkenet. Til sammen medf\u00f8rer alle \u00abst\u00f8ykildene\u00bb ofte et lydniv\u00e5 godt over det som er akseptabelt og tillatt i regelverket. \u00a0For mange av de arealene vi oppholder oss i hver dag skal slik st\u00f8y ikke overstige 30 dB. I mange tilfeller skal st\u00f8yen v\u00e6re lavere enn 30 dB. De tillatte verdiene for etterklang og st\u00f8y i disse arealene<\/p>\n<p>En kombinasjon av lyddempende himling, lyddempende skillevegger og spesielle lyddempende oppslagstavler samt tekstilkledde m\u00f8bler og bilder er alltid mulig \u00e5 f\u00e5 installert, uansett rom. Det m\u00e5 installeres nok til at forholdene blir bra for b\u00e5de bes\u00f8kende og ansatte.<\/p>\n<p>Det er fult mulig \u00e5 skape et lydmilj\u00f8 der gjestene kan snakke sammen samtidig som det er musikk i bakgrunnen og kelnerne kan h\u00f8re og bli h\u00f8rt, samtidig.<\/p>\n\t\t\t\t\t<a href=\"#\" id=\"fl-accordion--label-1\" tabindex=\"0\" aria-controls=\"fl-accordion--panel-1\">Hotell og Overnattingssted<\/a>\n\t\t\t\t\t<p>Hoteller og overnattingssteder m\u00e5 ha nok lyddemping for at de som jobber der skal f\u00e5 en god arbeidshverdag der de ikke er utslitt og stresset n\u00e5r arbeidsdagen er over. Gjestene m\u00e5 kunne sove godt og ikke bli forstyrret p\u00e5 rommene og ellers ha et godt lydmilj\u00f8 og oppholde seg i. Det gir grunn til en gode anmeldelser og returnerende gjester. I restauranten og i baren m\u00e5 det v\u00e6re stilleg\u00e5ende teknisk utstyr, nok lydabsorberende flater ved serveringsomr\u00e5det og ved bordene for \u00e5 dempe lyden slik at man kan prate dempet sammen og ha en god opplevelse.<\/p>\n<p>Norsk Standard NS 8175:2012 (oppdatert versjon NS8175:2019) setter klare regler for tillatt lydniv\u00e5 i hoteller og overnattingssteder herunder bl.a. m\u00f8terom og konferanserom.<\/p>\n<p>Et velfungerende konferanserom er ikke minst et rom der st\u00f8y og ekko er minimert s\u00e5 mye som mulig. I konferanserom m\u00e5 det v\u00e6re mulig \u00e5 f\u00f8re god samtale og ha dialog mellom taler og tilh\u00f8rere. Det krever at rommet er lydmessig tilpasset.<\/p>\n<p>St\u00f8y i m\u00f8terom kommer ofte fra ventilasjon, diverse tekniske installasjoner og st\u00f8y fra utsiden. Til sammen medf\u00f8rer st\u00f8ykildene ofte et lydniv\u00e5 godt over det forskriftene tillater, og dette f\u00f8rer til irritasjon og problemer for de som fors\u00f8ker \u00e5 gjennomf\u00f8re et m\u00f8te. \u00a0For mange av de arealene vi oppholder oss i hver dag skal slik st\u00f8y ikke overstige 30 dB. I mange tilfeller skal st\u00f8yen v\u00e6re lavere enn 30 dB. De tillatte verdiene for etterklang og st\u00f8y i disse arealene<\/p>\n<p>En kombinasjon av lyddempende himling, lyddempende skillevegger og spesielle lyddempende oppslagstavler samt tekstilkledde m\u00f8bler og bilder er alltid mulig \u00e5 f\u00e5 installert, uansett rom. Det m\u00e5 installeres nok til at forholdene blir bra for kunder og ansatte.<\/p>\n\t\t\t\t\t<a href=\"#\" id=\"fl-accordion--label-2\" tabindex=\"0\" aria-controls=\"fl-accordion--panel-2\">Forsamlingslokaler<\/a>\n\t\t\t\t\t<p>Forsamling der mange samles, og det holdes taler og presentasjoner er det viktig med riktig lyddemping og god akustikk. D\u00e5rlig lyddemping kan \u00f8delegge hele opplevelsen. Deltagende kan oppleve \u00e5 ikke h\u00f8re hva som blir sagt, musikk og lyd fra videoavspillinger kan forsvinne helt i st\u00f8y. For eldre mennesker og de med h\u00f8rsel utfordringer oppleves det spesielt ille.<\/p>\n<p>Det er v\u00e5r erfaring at de f\u00e6rreste forsamlingshus og kurslokaler innfrir kravene til Norsk Standard som inng\u00e5r i TEK. Norsk Standard NS 8175:2012 (oppdatert versjon NS8175:2019) setter klare grenser for tillatt lydniv\u00e5 i slike lokaler.<\/p>\n<p>Ventilasjon og faste tekniske installasjoner skal v\u00e6re stilleg\u00e5ende og lite h\u00f8rbare. For mange av de arealene vi oppholder oss i hver dag skal slik st\u00f8y ikke overstige 30 dB. I mange tilfeller skal st\u00f8yen v\u00e6re lavere enn 30 dB. De tillatte verdiene for etterklang og st\u00f8y i disse arealene.<\/p>\n<p>En kombinasjon av lyddempende himling, lyddempende skillevegger og spesielle lyddempende oppslagstavler samt tekstilkledde m\u00f8bler og bilder er alltid mulig \u00e5 f\u00e5 installert, uansett rom. Det m\u00e5 installeres nok til at forholdene blir bra for brukere og ansatte.<\/p>\n<p>Det er fult mulig \u00e5 skape et lydmilj\u00f8 der alle kan h\u00f8re og ha dialog med den som taler eller presenterer. Hvor gjestene kan snakke sammen samtidig som det er musikk i bakgrunnen og de som serverer kan h\u00f8re og bli h\u00f8rt, samtidig.<\/p>\n\t\t\t\t\t<a href=\"#\" id=\"fl-accordion--label-0\" tabindex=\"0\" aria-controls=\"fl-accordion--panel-0\">S\u00e5 mye trenger du<\/a>\n\t\t\t\t\t<p>I arealer der det er aktivitet og \u00f8nske om god demping og skjerming av lyd er det viktig med mye og riktig lyddemping, i fagspr\u00e5k kalt lydabsorpsjon.<\/p>\n<p>De fleste rom har som regel harde, parallelle vegger og overflater, dette f\u00f8rer til etterklang (ekko). Og i en del tilfeller \u00abspretter\u00bb lyden mellom veggene, kjent som \u00abflutter ekko\u00bb.<\/p>\n<p>Etterklang og flutter ekko elimineres ved \u00e5 installere absorbenter i \u00absnakkeh\u00f8yde\u00bb p\u00e5 veggene samt i taket. Samtidig er Akustikk skillevegger godt egnet til \u00e5 lage &#8220;stille soner&#8221; og dempe retningsbestemt lyd, samtidig som det har en visuell skjerming. I \u00e5pne store rom er det ogs\u00e5 effektivt \u00e5 montere absorbenter som henger fra taket, som fl\u00e5ter eller baffler.<\/p>\n<p>Etter \u00e5 ha utf\u00f8rt et stort antall m\u00e5linger, beregninger og montasjer har vi erfart at de fleste oppholdsrom trenger en dekningsgrad p\u00e5 ca.\u00a0<strong>65%<\/strong> i forhold til gulvareal for \u00e5 v\u00e6re gode og brukbare rom til de fleste bruksform\u00e5l. Er det ekstra takh\u00f8yde\u00a0 kreves det ofte st\u00f8rre dekningsgrad.<\/p>\n<p>En kombinasjon av lyddempende himling, absorbenter p\u00e5 veggene, gulvtepper og spesielle lyddempende m\u00f8bler og bilder\/dekorasjoner er mulig \u00e5 f\u00e5 til \u00aboveralt\u00bb og i en slik grad at forholdene blir sv\u00e6rt bra for brukerne.<\/p>\n<strong>Formelen er som f\u00f8lger<\/strong><br \/>\nRommets m<sup>2<\/sup> \/ 100 x erfaringsbasert dekningsgrad p\u00e5 65% = X m<sup>2\u00a0<\/sup>\n<strong>Eksempel<\/strong><br \/>\nRommet er 75 m<sup>2<\/sup>\u00a0\/ 100 x 65% = ca. 48,75 m<sup>2<\/sup>\u00a0absorbenter trengs i rommet.\n<p>Dette er selvsagt en grov og erfaringsbasert tiln\u00e6rming. Skal man v\u00e6re mer eksakt m\u00e5 man utf\u00f8re akustikkm\u00e5linger i arealet og basere eksakte beregninger p\u00e5 det.<\/p>\n<p>Er ikke denne enkle fremgangsm\u00e5ten god nok for deres behov s\u00e5 tilbyr vi eksakte m\u00e5linger og beregninger i henhold til gjeldende regler og forskrifter (NS8175, NS8178 og TEK 10\/17.)<\/p>\n\t\t\t\t\t<a href=\"#\" id=\"fl-accordion--label-1\" tabindex=\"0\" aria-controls=\"fl-accordion--panel-1\">Vi kan hjelpe deg gjennom hele prosessen<\/a>\n\t\t\t\t\t<p>Vi hjelper deg fra start til slutt og leverer fullstendige og effektive l\u00f8sninger. Fra akustikkm\u00e5ling, fjernvurderig, beregning av behov, forslag til l\u00f8sning og produkter samt montering.\u00a0<a href=\"https:\/\/www.akustikksenter.no\/naeringsliv-og-offentlig\/\">Les om hele prosessen her<\/a><\/p>\n\t\t\t\t\t<a href=\"#\" id=\"fl-accordion--label-2\" tabindex=\"0\" aria-controls=\"fl-accordion--panel-2\">Kontaktskjema<\/a>\n\t\t\t\t\t<div class=\"wpforms-container wpforms-container-full\" id=\"wpforms-8100\"><form id=\"wpforms-form-8100\" class=\"wpforms-validate wpforms-form\" data-formid=\"8100\" method=\"post\" enctype=\"multipart\/form-data\" action=\"\/da\/wp-json\/wp\/v2\/pages\/5911?wpforms_form_id=8100\" data-token=\"e804ca40bf1d93eeedea17a5359a1f8f\" data-token-time=\"1777525081\"><noscript class=\"wpforms-error-noscript\">Please enable JavaScript in your browser to complete this form.<\/noscript><div class=\"wpforms-field-container\"><div id=\"wpforms-8100-field_1-container\" class=\"wpforms-field wpforms-field-text\" data-field-id=\"1\"><label class=\"wpforms-field-label\" for=\"wpforms-8100-field_1\">Navn <span class=\"wpforms-required-label\">*<\/span><\/label><input type=\"text\" id=\"wpforms-8100-field_1\" class=\"wpforms-field-large wpforms-field-required\" name=\"wpforms[fields][1]\" required><\/div><div id=\"wpforms-8100-field_33-container\" class=\"wpforms-field wpforms-field-layout\" data-field-id=\"33\"><div class=\"wpforms-field-layout-rows wpforms-field-large\"><div class=\"wpforms-layout-row\"><div class=\"wpforms-layout-column wpforms-layout-column-50\"><div id=\"wpforms-8100-field_3-container\" class=\"wpforms-field wpforms-field-email\" data-field-id=\"3\"><label class=\"wpforms-field-label\" for=\"wpforms-8100-field_3\">E-post <span class=\"wpforms-required-label\">*<\/span><\/label><input type=\"email\" id=\"wpforms-8100-field_3\" class=\"wpforms-field-large wpforms-field-required\" name=\"wpforms[fields][3]\" spellcheck=\"false\" required><\/div><\/div><div class=\"wpforms-layout-column wpforms-layout-column-50\"><div id=\"wpforms-8100-field_2-container\" class=\"wpforms-field wpforms-field-text\" data-field-id=\"2\"><label class=\"wpforms-field-label\" for=\"wpforms-8100-field_2\">Telefon <span class=\"wpforms-required-label\">*<\/span><\/label><input type=\"text\" id=\"wpforms-8100-field_2\" class=\"wpforms-field-large wpforms-field-required\" name=\"wpforms[fields][2]\" required><\/div><\/div><\/div><\/div><\/div><div id=\"wpforms-8100-field_36-container\" class=\"wpforms-field wpforms-field-text\" data-field-id=\"36\"><label class=\"wpforms-field-label\" for=\"wpforms-8100-field_36\">Adresse <span class=\"wpforms-required-label\">*<\/span><\/label><input type=\"text\" id=\"wpforms-8100-field_36\" class=\"wpforms-field-large wpforms-field-required\" name=\"wpforms[fields][36]\" required><\/div><div id=\"wpforms-8100-field_37-container\" class=\"wpforms-field wpforms-field-layout\" data-field-id=\"37\"><div class=\"wpforms-field-layout-rows wpforms-field-large\"><div class=\"wpforms-layout-row\"><div class=\"wpforms-layout-column wpforms-layout-column-50\"><div id=\"wpforms-8100-field_39-container\" class=\"wpforms-field wpforms-field-text\" data-field-id=\"39\"><label class=\"wpforms-field-label\" for=\"wpforms-8100-field_39\">Postnr <span class=\"wpforms-required-label\">*<\/span><\/label><input type=\"text\" id=\"wpforms-8100-field_39\" class=\"wpforms-field-medium wpforms-field-required\" name=\"wpforms[fields][39]\" required><\/div><\/div><div class=\"wpforms-layout-column wpforms-layout-column-50\"><div id=\"wpforms-8100-field_41-container\" class=\"wpforms-field wpforms-field-text\" data-field-id=\"41\"><label class=\"wpforms-field-label\" for=\"wpforms-8100-field_41\">Poststed <span class=\"wpforms-required-label\">*<\/span><\/label><input type=\"text\" id=\"wpforms-8100-field_41\" class=\"wpforms-field-medium wpforms-field-required\" name=\"wpforms[fields][41]\" required><\/div><\/div><\/div><\/div><\/div><div id=\"wpforms-8100-field_32-container\" class=\"wpforms-field wpforms-field-checkbox wpforms-list-inline wpforms-conditional-trigger\" data-field-id=\"32\"><label class=\"wpforms-field-label\">Bedrift \/ Privat? <span class=\"wpforms-required-label\">*<\/span><\/label><ul id=\"wpforms-8100-field_32\" class=\"wpforms-field-required\" data-choice-limit=\"1\"><li class=\"choice-2 depth-1\"><input type=\"checkbox\" id=\"wpforms-8100-field_32_2\" data-rule-check-limit=\"true\" name=\"wpforms[fields][32][]\" value=\"Bedrift\" required ><label class=\"wpforms-field-label-inline\" for=\"wpforms-8100-field_32_2\">Bedrift<\/label><\/li><li class=\"choice-1 depth-1\"><input type=\"checkbox\" id=\"wpforms-8100-field_32_1\" data-rule-check-limit=\"true\" name=\"wpforms[fields][32][]\" value=\"Privat\" required ><label class=\"wpforms-field-label-inline\" for=\"wpforms-8100-field_32_1\">Privat<\/label><\/li><\/ul><div class=\"wpforms-field-description\">Er du privat- eller bedriftskunde?<\/div><\/div><div id=\"wpforms-8100-field_34-container\" class=\"wpforms-field wpforms-field-layout\" data-field-id=\"34\"><div class=\"wpforms-field-layout-rows wpforms-field-large\"><div class=\"wpforms-layout-row\"><div class=\"wpforms-layout-column wpforms-layout-column-50\"><div id=\"wpforms-8100-field_11-container\" class=\"wpforms-field wpforms-field-text wpforms-conditional-field wpforms-conditional-show\" data-field-id=\"11\" style=\"display:none;\"><label class=\"wpforms-field-label\" for=\"wpforms-8100-field_11\">Bedrift <span class=\"wpforms-required-label\">*<\/span><\/label><input type=\"text\" id=\"wpforms-8100-field_11\" class=\"wpforms-field-large wpforms-field-required\" name=\"wpforms[fields][11]\" required><\/div><\/div><div class=\"wpforms-layout-column wpforms-layout-column-50\"><div id=\"wpforms-8100-field_29-container\" class=\"wpforms-field wpforms-field-text wpforms-conditional-field wpforms-conditional-show\" data-field-id=\"29\" style=\"display:none;\"><label class=\"wpforms-field-label\" for=\"wpforms-8100-field_29\">Organisasjonsnummer  <span class=\"wpforms-required-label\">*<\/span><\/label><input type=\"text\" id=\"wpforms-8100-field_29\" class=\"wpforms-field-large wpforms-field-required\" name=\"wpforms[fields][29]\" required><\/div><\/div><\/div><\/div><\/div><div id=\"wpforms-8100-field_13-container\" class=\"wpforms-field wpforms-field-textarea\" data-field-id=\"13\"><label class=\"wpforms-field-label\" for=\"wpforms-8100-field_13\">Hva kan vi hjelpe deg med? <\/label><textarea id=\"wpforms-8100-field_13\" class=\"wpforms-field-medium\" name=\"wpforms[fields][13]\" ><\/textarea><div class=\"wpforms-field-description\">Kort beskrivelse av problemet. Gi oss gjerne informasjon om type bygg, rom e.l.<\/div><\/div><div id=\"wpforms-8100-field_10-container\" class=\"wpforms-field wpforms-field-file-upload\" data-field-id=\"10\"><label class=\"wpforms-field-label\" for=\"wpforms-8100-field_10\">Last opp fil\/bilde<\/label><input type=\"file\" id=\"wpforms-8100-field_10\" data-rule-extension=\"jpg,jpeg,jpe,gif,png,bmp,tiff,tif,webp,avif,ico,heic,heif,heics,heifs,asf,asx,wmv,wmx,wm,avi,divx,mov,qt,mpeg,mpg,mpe,mp4,m4v,ogv,webm,mkv,3gp,3gpp,3g2,3gp2,txt,asc,c,cc,h,srt,csv,tsv,ics,rtx,css,vtt,mp3,m4a,m4b,aac,ra,ram,wav,x-wav,ogg,oga,flac,mid,midi,wma,wax,mka,rtf,pdf,class,tar,zip,gz,gzip,rar,7z,psd,xcf,doc,pot,pps,ppt,wri,xla,xls,xlt,xlw,mpp,docx,docm,dotx,dotm,xlsx,xlsm,xlsb,xltx,xltm,xlam,pptx,pptm,ppsx,ppsm,potx,potm,ppam,sldx,sldm,onetoc,onetoc2,onepkg,oxps,xps,odt,odp,ods,odg,odc,odb,odf,wp,wpd,key,numbers,pages,svg,svgz,xml\" data-rule-maxsize=\"10485760\" name=\"wpforms_8100_10\" accept=\".jpg,.jpeg,.jpe,.gif,.png,.bmp,.tiff,.tif,.webp,.avif,.ico,.heic,.heif,.heics,.heifs,.asf,.asx,.wmv,.wmx,.wm,.avi,.divx,.mov,.qt,.mpeg,.mpg,.mpe,.mp4,.m4v,.ogv,.webm,.mkv,.3gp,.3gpp,.3g2,.3gp2,.txt,.asc,.c,.cc,.h,.srt,.csv,.tsv,.ics,.rtx,.css,.vtt,.mp3,.m4a,.m4b,.aac,.ra,.ram,.wav,.x-wav,.ogg,.oga,.flac,.mid,.midi,.wma,.wax,.mka,.rtf,.pdf,.class,.tar,.zip,.gz,.gzip,.rar,.7z,.psd,.xcf,.doc,.pot,.pps,.ppt,.wri,.xla,.xls,.xlt,.xlw,.mpp,.docx,.docm,.dotx,.dotm,.xlsx,.xlsm,.xlsb,.xltx,.xltm,.xlam,.pptx,.pptm,.ppsx,.ppsm,.potx,.potm,.ppam,.sldx,.sldm,.onetoc,.onetoc2,.onepkg,.oxps,.xps,.odt,.odp,.ods,.odg,.odc,.odb,.odf,.wp,.wpd,.key,.numbers,.pages,.svg,.svgz,.xml\" ><\/div><\/div><!-- .wpforms-field-container --><div class=\"wpforms-recaptcha-container wpforms-is-recaptcha wpforms-is-recaptcha-type-v3\" ><input type=\"hidden\" name=\"wpforms[recaptcha]\" value=\"\"><\/div><div class=\"wpforms-submit-container\" ><input type=\"hidden\" name=\"wpforms[id]\" value=\"8100\"><input type=\"hidden\" name=\"page_title\" value=\"\"><input type=\"hidden\" name=\"page_url\" value=\"https:\/\/www.akustikksenter.no\/da\/wp-json\/wp\/v2\/pages\/5911\"><input type=\"hidden\" name=\"url_referer\" value=\"\"><button type=\"submit\" name=\"wpforms[submit]\" id=\"wpforms-submit-8100\" class=\"wpforms-submit\" data-alt-text=\"Sender...\" data-submit-text=\"Send foresp\u00f8rsel\" aria-live=\"assertive\" value=\"wpforms-submit\">Send foresp\u00f8rsel<\/button><\/div><\/form><\/div>  <!-- .wpforms-container -->\n\t\t\t<a href=\"#produkter\" target=\"_self\">\n\t\t\t\t\t\t\tSe produktutvalget\n\t\t\t\t\t<\/a>\n\t\t\t\t\t\t\t\t\t\t\t\t\t\t\t\t\t<a href=\"https:\/\/www.akustikksenter.no\/wp-content\/uploads\/2020\/02\/Eira-40-svart-limt-i-hele-taket-copy-1024x683.jpg\" target=\"_self\" data-caption=\"\" aria-label=\"\">\n\t\t\t\t\t\t<figure>\n\t\t\t\t\t\t\t<img decoding=\"async\" src=\"https:\/\/www.akustikksenter.no\/wp-content\/uploads\/2020\/02\/Eira-40-svart-limt-i-hele-taket-copy-1024x683.jpg\" alt=\"\" srcset=\"https:\/\/www.akustikksenter.no\/wp-content\/uploads\/2020\/02\/Eira-40-svart-limt-i-hele-taket-copy-1024x683.jpg 1024w, https:\/\/www.akustikksenter.no\/wp-content\/uploads\/2020\/02\/Eira-40-svart-limt-i-hele-taket-copy-scaled-800x534.jpg 800w, https:\/\/www.akustikksenter.no\/wp-content\/uploads\/2020\/02\/Eira-40-svart-limt-i-hele-taket-copy-400x267.jpg 400w, https:\/\/www.akustikksenter.no\/wp-content\/uploads\/2020\/02\/Eira-40-svart-limt-i-hele-taket-copy-200x133.jpg 200w, https:\/\/www.akustikksenter.no\/wp-content\/uploads\/2020\/02\/Eira-40-svart-limt-i-hele-taket-copy-768x512.jpg 768w, https:\/\/www.akustikksenter.no\/wp-content\/uploads\/2020\/02\/Eira-40-svart-limt-i-hele-taket-copy-250x167.jpg 250w, https:\/\/www.akustikksenter.no\/wp-content\/uploads\/2020\/02\/Eira-40-svart-limt-i-hele-taket-copy-1536x1025.jpg 1536w, https:\/\/www.akustikksenter.no\/wp-content\/uploads\/2020\/02\/Eira-40-svart-limt-i-hele-taket-copy-2048x1366.jpg 2048w, https:\/\/www.akustikksenter.no\/wp-content\/uploads\/2020\/02\/Eira-40-svart-limt-i-hele-taket-copy-500x334.jpg 500w\" width=\"1024\" height=\"683\" \/>\n\t\t\t\t\t\t\t\t\t\t\t\t\t<\/figure>\n\t\t\t\t\t\t\t\t\t\t<\/a>\n\t\t\t\t\t\t\t\t\t\t\t\t\t\t\t\t\t<a href=\"https:\/\/www.akustikksenter.no\/wp-content\/uploads\/2020\/02\/Spesialproduksjon-Loke-40-som-spiler-copy-768x1024.jpg\" target=\"_self\" data-caption=\"\" aria-label=\"\">\n\t\t\t\t\t\t<figure>\n\t\t\t\t\t\t\t<img decoding=\"async\" src=\"https:\/\/www.akustikksenter.no\/wp-content\/uploads\/2020\/02\/Spesialproduksjon-Loke-40-som-spiler-copy-768x1024.jpg\" alt=\"\" srcset=\"https:\/\/www.akustikksenter.no\/wp-content\/uploads\/2020\/02\/Spesialproduksjon-Loke-40-som-spiler-copy-768x1024.jpg 768w, https:\/\/www.akustikksenter.no\/wp-content\/uploads\/2020\/02\/Spesialproduksjon-Loke-40-som-spiler-copy-scaled-800x1067.jpg 800w, https:\/\/www.akustikksenter.no\/wp-content\/uploads\/2020\/02\/Spesialproduksjon-Loke-40-som-spiler-copy-300x400.jpg 300w, https:\/\/www.akustikksenter.no\/wp-content\/uploads\/2020\/02\/Spesialproduksjon-Loke-40-som-spiler-copy-150x200.jpg 150w, https:\/\/www.akustikksenter.no\/wp-content\/uploads\/2020\/02\/Spesialproduksjon-Loke-40-som-spiler-copy-188x250.jpg 188w, https:\/\/www.akustikksenter.no\/wp-content\/uploads\/2020\/02\/Spesialproduksjon-Loke-40-som-spiler-copy-1152x1536.jpg 1152w, https:\/\/www.akustikksenter.no\/wp-content\/uploads\/2020\/02\/Spesialproduksjon-Loke-40-som-spiler-copy-1536x2048.jpg 1536w, https:\/\/www.akustikksenter.no\/wp-content\/uploads\/2020\/02\/Spesialproduksjon-Loke-40-som-spiler-copy-500x667.jpg 500w, https:\/\/www.akustikksenter.no\/wp-content\/uploads\/2020\/02\/Spesialproduksjon-Loke-40-som-spiler-copy-scaled.jpg 1920w\" width=\"768\" height=\"1024\" \/>\n\t\t\t\t\t\t\t\t\t\t\t\t\t<\/figure>\n\t\t\t\t\t\t\t\t\t\t<\/a>\n\t\t\t\t\t\t\t\t\t\t\t\t\t\t\t\t\t<a href=\"https:\/\/www.akustikksenter.no\/wp-content\/uploads\/2020\/02\/Hovedbilde-forslag-tilpasset-copy-1024x768.jpg\" target=\"_self\" data-caption=\"\" aria-label=\"\">\n\t\t\t\t\t\t<figure>\n\t\t\t\t\t\t\t<img decoding=\"async\" src=\"https:\/\/www.akustikksenter.no\/wp-content\/uploads\/2020\/02\/Hovedbilde-forslag-tilpasset-copy-1024x768.jpg\" alt=\"\" srcset=\"https:\/\/www.akustikksenter.no\/wp-content\/uploads\/2020\/02\/Hovedbilde-forslag-tilpasset-copy-1024x768.jpg 1024w, https:\/\/www.akustikksenter.no\/wp-content\/uploads\/2020\/02\/Hovedbilde-forslag-tilpasset-copy-800x600.jpg 800w, https:\/\/www.akustikksenter.no\/wp-content\/uploads\/2020\/02\/Hovedbilde-forslag-tilpasset-copy-400x300.jpg 400w, https:\/\/www.akustikksenter.no\/wp-content\/uploads\/2020\/02\/Hovedbilde-forslag-tilpasset-copy-200x150.jpg 200w, https:\/\/www.akustikksenter.no\/wp-content\/uploads\/2020\/02\/Hovedbilde-forslag-tilpasset-copy-768x576.jpg 768w, https:\/\/www.akustikksenter.no\/wp-content\/uploads\/2020\/02\/Hovedbilde-forslag-tilpasset-copy-250x188.jpg 250w, https:\/\/www.akustikksenter.no\/wp-content\/uploads\/2020\/02\/Hovedbilde-forslag-tilpasset-copy-1536x1152.jpg 1536w, https:\/\/www.akustikksenter.no\/wp-content\/uploads\/2020\/02\/Hovedbilde-forslag-tilpasset-copy-500x375.jpg 500w, https:\/\/www.akustikksenter.no\/wp-content\/uploads\/2020\/02\/Hovedbilde-forslag-tilpasset-copy.jpg 1556w\" width=\"1024\" height=\"768\" \/>\n\t\t\t\t\t\t\t\t\t\t\t\t\t<\/figure>\n\t\t\t\t\t\t\t\t\t\t<\/a>\n\t\t\t\t\t\t\t\t\t\t\t\t\t\t\t\t\t<a href=\"https:\/\/www.akustikksenter.no\/wp-content\/uploads\/2020\/02\/Spesialproduksjon-Loke-absorbenter-som-spiler-copy-1024x768.jpg\" target=\"_self\" data-caption=\"\" aria-label=\"\">\n\t\t\t\t\t\t<figure>\n\t\t\t\t\t\t\t<img decoding=\"async\" src=\"https:\/\/www.akustikksenter.no\/wp-content\/uploads\/2020\/02\/Spesialproduksjon-Loke-absorbenter-som-spiler-copy-1024x768.jpg\" alt=\"\" srcset=\"https:\/\/www.akustikksenter.no\/wp-content\/uploads\/2020\/02\/Spesialproduksjon-Loke-absorbenter-som-spiler-copy-1024x768.jpg 1024w, https:\/\/www.akustikksenter.no\/wp-content\/uploads\/2020\/02\/Spesialproduksjon-Loke-absorbenter-som-spiler-copy-scaled-800x600.jpg 800w, https:\/\/www.akustikksenter.no\/wp-content\/uploads\/2020\/02\/Spesialproduksjon-Loke-absorbenter-som-spiler-copy-400x300.jpg 400w, https:\/\/www.akustikksenter.no\/wp-content\/uploads\/2020\/02\/Spesialproduksjon-Loke-absorbenter-som-spiler-copy-200x150.jpg 200w, https:\/\/www.akustikksenter.no\/wp-content\/uploads\/2020\/02\/Spesialproduksjon-Loke-absorbenter-som-spiler-copy-768x576.jpg 768w, https:\/\/www.akustikksenter.no\/wp-content\/uploads\/2020\/02\/Spesialproduksjon-Loke-absorbenter-som-spiler-copy-250x188.jpg 250w, https:\/\/www.akustikksenter.no\/wp-content\/uploads\/2020\/02\/Spesialproduksjon-Loke-absorbenter-som-spiler-copy-1536x1152.jpg 1536w, https:\/\/www.akustikksenter.no\/wp-content\/uploads\/2020\/02\/Spesialproduksjon-Loke-absorbenter-som-spiler-copy-2048x1536.jpg 2048w, https:\/\/www.akustikksenter.no\/wp-content\/uploads\/2020\/02\/Spesialproduksjon-Loke-absorbenter-som-spiler-copy-500x375.jpg 500w\" width=\"1024\" height=\"768\" \/>\n\t\t\t\t\t\t\t\t\t\t\t\t\t<\/figure>\n\t\t\t\t\t\t\t\t\t\t<\/a>\n\t\t\t\t\t\t\t\t\t\t\t\t\t\t\t\t\t<a href=\"https:\/\/www.akustikksenter.no\/wp-content\/uploads\/2020\/02\/Loke-40-Gra-copy-1024x815.jpg\" target=\"_self\" data-caption=\"\" aria-label=\"\">\n\t\t\t\t\t\t<figure>\n\t\t\t\t\t\t\t<img decoding=\"async\" src=\"https:\/\/www.akustikksenter.no\/wp-content\/uploads\/2020\/02\/Loke-40-Gra-copy-1024x815.jpg\" alt=\"\" srcset=\"https:\/\/www.akustikksenter.no\/wp-content\/uploads\/2020\/02\/Loke-40-Gra-copy-1024x815.jpg 1024w, https:\/\/www.akustikksenter.no\/wp-content\/uploads\/2020\/02\/Loke-40-Gra-copy-scaled-800x637.jpg 800w, https:\/\/www.akustikksenter.no\/wp-content\/uploads\/2020\/02\/Loke-40-Gra-copy-400x318.jpg 400w, https:\/\/www.akustikksenter.no\/wp-content\/uploads\/2020\/02\/Loke-40-Gra-copy-200x159.jpg 200w, https:\/\/www.akustikksenter.no\/wp-content\/uploads\/2020\/02\/Loke-40-Gra-copy-768x611.jpg 768w, https:\/\/www.akustikksenter.no\/wp-content\/uploads\/2020\/02\/Loke-40-Gra-copy-250x199.jpg 250w, https:\/\/www.akustikksenter.no\/wp-content\/uploads\/2020\/02\/Loke-40-Gra-copy-1536x1222.jpg 1536w, https:\/\/www.akustikksenter.no\/wp-content\/uploads\/2020\/02\/Loke-40-Gra-copy-2048x1630.jpg 2048w, https:\/\/www.akustikksenter.no\/wp-content\/uploads\/2020\/02\/Loke-40-Gra-copy-500x398.jpg 500w\" width=\"1024\" height=\"815\" \/>\n\t\t\t\t\t\t\t\t\t\t\t\t\t<\/figure>\n\t\t\t\t\t\t\t\t\t\t<\/a>\n\t\t\t\t\t\t\t\t\t\t\t\t\t\t\t\t\t<a href=\"https:\/\/www.akustikksenter.no\/wp-content\/uploads\/2020\/02\/Frigg-25-tekstil-og-Eira-40-svart-i-tak-copy-1024x768.jpg\" target=\"_self\" data-caption=\"\" aria-label=\"\">\n\t\t\t\t\t\t<figure>\n\t\t\t\t\t\t\t<img decoding=\"async\" src=\"https:\/\/www.akustikksenter.no\/wp-content\/uploads\/2020\/02\/Frigg-25-tekstil-og-Eira-40-svart-i-tak-copy-1024x768.jpg\" alt=\"\" srcset=\"https:\/\/www.akustikksenter.no\/wp-content\/uploads\/2020\/02\/Frigg-25-tekstil-og-Eira-40-svart-i-tak-copy-1024x768.jpg 1024w, https:\/\/www.akustikksenter.no\/wp-content\/uploads\/2020\/02\/Frigg-25-tekstil-og-Eira-40-svart-i-tak-copy-800x600.jpg 800w, https:\/\/www.akustikksenter.no\/wp-content\/uploads\/2020\/02\/Frigg-25-tekstil-og-Eira-40-svart-i-tak-copy-400x300.jpg 400w, https:\/\/www.akustikksenter.no\/wp-content\/uploads\/2020\/02\/Frigg-25-tekstil-og-Eira-40-svart-i-tak-copy-200x150.jpg 200w, https:\/\/www.akustikksenter.no\/wp-content\/uploads\/2020\/02\/Frigg-25-tekstil-og-Eira-40-svart-i-tak-copy-768x576.jpg 768w, https:\/\/www.akustikksenter.no\/wp-content\/uploads\/2020\/02\/Frigg-25-tekstil-og-Eira-40-svart-i-tak-copy-250x187.jpg 250w, https:\/\/www.akustikksenter.no\/wp-content\/uploads\/2020\/02\/Frigg-25-tekstil-og-Eira-40-svart-i-tak-copy-500x375.jpg 500w, https:\/\/www.akustikksenter.no\/wp-content\/uploads\/2020\/02\/Frigg-25-tekstil-og-Eira-40-svart-i-tak-copy.jpg 1034w\" width=\"1024\" height=\"768\" \/>\n\t\t\t\t\t\t\t\t\t\t\t\t\t<\/figure>\n\t\t\t\t\t\t\t\t\t\t<\/a>\n\t\t\t\t\t\t\t\t\t\t\t\t\t\t\t\t\t<a href=\"https:\/\/www.akustikksenter.no\/wp-content\/uploads\/2020\/02\/Frigg-tekstil-40-pa-vegg-og-Eira-40-svart-i-tak-copy-1024x768.jpg\" target=\"_self\" data-caption=\"\" aria-label=\"\">\n\t\t\t\t\t\t<figure>\n\t\t\t\t\t\t\t<img decoding=\"async\" src=\"https:\/\/www.akustikksenter.no\/wp-content\/uploads\/2020\/02\/Frigg-tekstil-40-pa-vegg-og-Eira-40-svart-i-tak-copy-1024x768.jpg\" alt=\"\" srcset=\"https:\/\/www.akustikksenter.no\/wp-content\/uploads\/2020\/02\/Frigg-tekstil-40-pa-vegg-og-Eira-40-svart-i-tak-copy-1024x768.jpg 1024w, https:\/\/www.akustikksenter.no\/wp-content\/uploads\/2020\/02\/Frigg-tekstil-40-pa-vegg-og-Eira-40-svart-i-tak-copy-800x600.jpg 800w, https:\/\/www.akustikksenter.no\/wp-content\/uploads\/2020\/02\/Frigg-tekstil-40-pa-vegg-og-Eira-40-svart-i-tak-copy-400x300.jpg 400w, https:\/\/www.akustikksenter.no\/wp-content\/uploads\/2020\/02\/Frigg-tekstil-40-pa-vegg-og-Eira-40-svart-i-tak-copy-200x150.jpg 200w, https:\/\/www.akustikksenter.no\/wp-content\/uploads\/2020\/02\/Frigg-tekstil-40-pa-vegg-og-Eira-40-svart-i-tak-copy-768x576.jpg 768w, https:\/\/www.akustikksenter.no\/wp-content\/uploads\/2020\/02\/Frigg-tekstil-40-pa-vegg-og-Eira-40-svart-i-tak-copy-250x188.jpg 250w, https:\/\/www.akustikksenter.no\/wp-content\/uploads\/2020\/02\/Frigg-tekstil-40-pa-vegg-og-Eira-40-svart-i-tak-copy-500x375.jpg 500w, https:\/\/www.akustikksenter.no\/wp-content\/uploads\/2020\/02\/Frigg-tekstil-40-pa-vegg-og-Eira-40-svart-i-tak-copy.jpg 1200w\" width=\"1024\" height=\"768\" \/>\n\t\t\t\t\t\t\t\t\t\t\t\t\t<\/figure>\n\t\t\t\t\t\t\t\t\t\t<\/a>\n\t\t\t\t\t\t\t\t\t\t\t\t\t\t\t\t\t<a href=\"https:\/\/www.akustikksenter.no\/wp-content\/uploads\/2019\/07\/IMG_4572-copy-1024x683.jpg\" target=\"_self\" data-caption=\"\" aria-label=\"\">\n\t\t\t\t\t\t<figure>\n\t\t\t\t\t\t\t<img decoding=\"async\" src=\"https:\/\/www.akustikksenter.no\/wp-content\/uploads\/2019\/07\/IMG_4572-copy-1024x683.jpg\" alt=\"\" srcset=\"https:\/\/www.akustikksenter.no\/wp-content\/uploads\/2019\/07\/IMG_4572-copy-1024x683.jpg 1024w, https:\/\/www.akustikksenter.no\/wp-content\/uploads\/2019\/07\/IMG_4572-copy-scaled-800x533.jpg 800w, https:\/\/www.akustikksenter.no\/wp-content\/uploads\/2019\/07\/IMG_4572-copy-300x200.jpg 300w, https:\/\/www.akustikksenter.no\/wp-content\/uploads\/2019\/07\/IMG_4572-copy-768x512.jpg 768w, https:\/\/www.akustikksenter.no\/wp-content\/uploads\/2019\/07\/IMG_4572-copy-250x167.jpg 250w, https:\/\/www.akustikksenter.no\/wp-content\/uploads\/2019\/07\/IMG_4572-copy-scaled-500x333.jpg 500w\" width=\"1024\" height=\"683\" \/>\n\t\t\t\t\t\t\t\t\t\t\t\t\t<\/figure>\n\t\t\t\t\t\t\t\t\t\t<\/a>\n\t\t\t\t\t\t\t\t\t\t\t\t\t\t\t\t\t<a href=\"https:\/\/www.akustikksenter.no\/wp-content\/uploads\/2018\/11\/1-1024x1024.jpg\" target=\"_self\" data-caption=\"\" aria-label=\"\">\n\t\t\t\t\t\t<figure>\n\t\t\t\t\t\t\t<img decoding=\"async\" src=\"https:\/\/www.akustikksenter.no\/wp-content\/uploads\/2018\/11\/1-1024x1024.jpg\" alt=\"\" srcset=\"https:\/\/www.akustikksenter.no\/wp-content\/uploads\/2018\/11\/1-1024x1024.jpg 1024w, https:\/\/www.akustikksenter.no\/wp-content\/uploads\/2018\/11\/1-e1542283413938-450x450.jpg 450w, https:\/\/www.akustikksenter.no\/wp-content\/uploads\/2018\/11\/1-e1542283413938-100x100.jpg 100w, https:\/\/www.akustikksenter.no\/wp-content\/uploads\/2018\/11\/1-e1542283413938-800x799.jpg 800w, https:\/\/www.akustikksenter.no\/wp-content\/uploads\/2018\/11\/1-150x150.jpg 150w, https:\/\/www.akustikksenter.no\/wp-content\/uploads\/2018\/11\/1-e1542283413938-300x300.jpg 300w, https:\/\/www.akustikksenter.no\/wp-content\/uploads\/2018\/11\/1-768x767.jpg 768w, https:\/\/www.akustikksenter.no\/wp-content\/uploads\/2018\/11\/1-80x80.jpg 80w, https:\/\/www.akustikksenter.no\/wp-content\/uploads\/2018\/11\/1-250x250.jpg 250w, https:\/\/www.akustikksenter.no\/wp-content\/uploads\/2018\/11\/1-500x500.jpg 500w\" width=\"1024\" height=\"1024\" \/>\n\t\t\t\t\t\t\t\t\t\t\t\t\t<\/figure>\n\t\t\t\t\t\t\t\t\t\t<\/a>\n\t\t\t\t\t<!-- navigation arrows -->\n\t\t<button aria-label=\"Previous slide\" role=\"button\" tabindex=\"0\">\n\t\t\t\t\t<\/button>\n\t\t<button aria-label=\"Next slide\" role=\"button\" tabindex=\"0\">\n\t\t\t\t\t<\/button>\n\t\t\t\t\t\t\t<p>Norsk Akustikksenter har levert lyddemping til oss ved to anledninger. Veldig forn\u00f8yde med b\u00e5de r\u00e5dgivning og utf\u00f8relse. Med deres hjelp har vi f\u00e5tt lydklasse A i v\u00e5r restaurant, noe som er med p\u00e5 \u00e5 bidra til bra atmosf\u00e6re for kunder samt et godt og behagelig arbeidsmilj\u00f8 for v\u00e5re ansatte<\/p>\n\t\t\t\t\t\t\t\t\t<p>Tore Landa Erevik, Eier og daglig leder av YIPS<\/p>\n\t\t\t\t\t\t\t\t\t\t\t\t\t<a href=\"https:\/\/www.akustikksenter.no\/referanser\/\">Se flere referanseprosjekt<\/a>\n\t\t\t\t\t\t\t<p><em>Det hjalp virkelig med platene fra dere. Gjestene tenker nok ikke s\u00e5 mye over det. Men vi som er her hele dagen har en mye bedre arbeidshverdag.\u00a0Vi hadde ogs\u00e5 et arkitektfirma p\u00e5 bes\u00f8k &#8211; og de takket s\u00e5 mye for at vi hadde god akustikk. De s\u00e5 viktigheten av dette, og valgte faktisk spisesteder bort om dette ikke var skikkelig p\u00e5 plass.\u00a0 S\u00e5 platene funker gull! <\/em>\ud83d\ude42<\/p>\n\t\t\t\t\t\t\t\t\t<p>Lise Bakke Upsahl, Kafe Hjemme hos Wenche<\/p>\n\t\t\t\t\t\t\t\t\t\t\t\t\t<a href=\"https:\/\/www.akustikksenter.no\/referanser\/\">Se flere referanseprosjekt<\/a>\n\t\t\t\t\t\t\t<p>\u00abDet m\u00e5 jeg si, jeg har f\u00e5tt et helt nytt liv. Det har v\u00e6rt h\u00f8yt, h\u00f8yt lydniv\u00e5 p\u00e5 grunn av masse mennesker i lokalet. Norsk Akustikksenter har gjort et nytt liv for meg. Jeg hadde ikke trodd at Loke plater i taket ville gj\u00f8re s\u00e5 stor forskjell, men det har dempet hele, hele rommet. N\u00e5 kan folk komme og prate rolig sammen, businessfolk kommer og har m\u00f8ter her. S\u00e5 tusen, tusen takk Norsk Akustikksenter. Dette anbefaler jeg veldig\u00bb<\/p>\n\t\t\t\t\t\t\t\t\t<p>Pascal Dupuy, Pascal Konditori<\/p>\n\t\t\t\t\t\t\t\t\t\t\t\t\t<a href=\"https:\/\/www.akustikksenter.no\/arkiv\/pascal-konditori-velkommen-innenfor\/\">Les mer om v\u00e5rt oppdrag for Pascal<\/a>\n\t\t\t\t\t\t\t<p>Spisesalen og gangen er n\u00e5 s\u00e5 mye behagliere rom \u00e5 v\u00e6re i og ikke minst jobbe i. Overraskende god effekt. Platene er ogs\u00e5 mindre skjemmende en vi fryktet.<\/p>\n\t\t\t\t\t\t\t\t\t<p>Sonja Rykhus og Rune Sundt, Bestyrere Grimdalshytta Turistforeningen<\/p>\n\t\t\t\t\t\t\t\t\t\t\t\t\t<a href=\"https:\/\/www.akustikksenter.no\/arkiv\/kom-deg-ut\/\">Les mer om v\u00e5rt oppdrag for DNT<\/a>\n\t<!-- \/.pp-testimonials -->\n<h3>\n\t\tVelg dine produkter her\n\t<\/h3>\n\n<h3>\n\t\tDirekte opplimte absorbenter til vegg og tak\n\t<\/h3>\n<div class=\"woocommerce columns-6 \"><ul class=\"products columns-6\">\n<li class=\"product type-product post-385 status-publish first instock product_cat-direkte-monterte-absorbenter-vegg-og-tak product_tag-direktemontert product_tag-hotell-restaurant-og-uteliv product_tag-idrettshaller-og-treningssenter product_tag-industri-kjopesenter-og-butikk product_tag-kontor-moterom-og-kantine product_tag-privat-bolig product_tag-skoler-og-barnehager product_tag-tak product_tag-vegg has-post-thumbnail featured taxable shipping-taxable purchasable product-type-variable has-default-attributes\">\n\t<a href=\"https:\/\/www.akustikksenter.no\/da\/butikk\/direkte-monterte-absorbenter-vegg-og-tak\/loke-40mm\/\" class=\"woocommerce-LoopProduct-link woocommerce-loop-product__link\"><div class=\"tp-image-wrapper\"><img decoding=\"async\" class=\"tp-image\" src=\"https:\/\/www.akustikksenter.no\/wp-content\/uploads\/2014\/02\/86002-loke-b-kant-600x600x40-e1657122005597-450x450.jpg\" srcset=\"https:\/\/www.akustikksenter.no\/wp-content\/uploads\/2014\/02\/86002-loke-b-kant-600x600x40-e1657122005597-450x450.jpg 450w, https:\/\/www.akustikksenter.no\/wp-content\/uploads\/2014\/02\/86002-loke-b-kant-600x600x40-e1657122005597-100x100.jpg 100w, https:\/\/www.akustikksenter.no\/wp-content\/uploads\/2014\/02\/86002-loke-b-kant-600x600x40-e1657122005597-300x300.jpg 300w\" sizes=\"(max-width: 360px) 100vw, 360px\" alt=\"Loke\u2122 40mm Hvit - lyddempende plate\"><img decoding=\"async\" class=\"tp-image-hover\" src=\"https:\/\/www.akustikksenter.no\/wp-content\/uploads\/2023\/06\/IMG_4869-450x450.jpeg\" srcset=\"https:\/\/www.akustikksenter.no\/wp-content\/uploads\/2023\/06\/IMG_4869-450x450.jpeg 450w, https:\/\/www.akustikksenter.no\/wp-content\/uploads\/2023\/06\/IMG_4869-100x100.jpeg 100w\" sizes=\"(max-width: 360px) 100vw, 360px\" alt=\"Loke\u2122 40mm Hvit - lyddempende plate\"><\/div><h2 class=\"woocommerce-loop-product__title\">Loke\u2122 40mm Hvit &#8211; lyddempende plate<\/h2>\t<div itemprop=\"description\">\r\n\t\t<p>S\u00e6rdeles god lydabsorbsjon \u2013 lyddemping, klasse A. Platen er utviklet spesielt med tanke p\u00e5 montasje direkte i taket eller p\u00e5 veggen. Standardfarger: hvit \/ <a href=\"https:\/\/www.akustikksenter.no\/butikk\/direkte-monterte-absorbenter-vegg-og-tak\/loke-40mm-gra-lyddempende-plate\/\">betonggr\u00e5<\/a>. Gr\u00f8nn produksjon, h\u00f8y kvalitet og lang levetid gj\u00f8r produktet meget b\u00e6rekraftig.<\/p>\n<p>&nbsp;<\/p>\n\t<\/div>\r\n\t\n\t<span class=\"price\"><span class=\"wc-measurement-price-calculator-price\"><span class=\"woocommerce-Price-amount amount\" aria-hidden=\"true\"><bdi><span class=\"woocommerce-Price-currencySymbol\">&#107;&#114;<\/span>&nbsp;984<\/bdi><\/span> <span aria-hidden=\"true\">-<\/span> <span class=\"woocommerce-Price-amount amount\" aria-hidden=\"true\"><bdi><span class=\"woocommerce-Price-currencySymbol\">&#107;&#114;<\/span>&nbsp;1,631<\/bdi><\/span><span class=\"screen-reader-text\">Prisinterval: &#107;&#114;&nbsp;984 til &#107;&#114;&nbsp;1,631<\/span> pr. m\u00b2 <small class=\"woocommerce-price-suffix\">ink.mva<\/small><\/span><\/span>\n<\/a><a href=\"https:\/\/www.akustikksenter.no\/da\/butikk\/direkte-monterte-absorbenter-vegg-og-tak\/loke-40mm\/\" aria-describedby=\"woocommerce_loop_add_to_cart_link_describedby_385\" data-quantity=\"1\" class=\"button product_type_variable add_to_cart_button\" data-product_id=\"385\" data-product_sku=\"\" aria-label=\"V\u00e6lg indstillinger for &quot;Loke\u2122 40mm Hvit - lyddempende plate&quot;\" rel=\"nofollow\">V\u00e6lg indstillinger<\/a>\t<span id=\"woocommerce_loop_add_to_cart_link_describedby_385\" class=\"screen-reader-text\">\n\t\tDette produkt har flere varianter. Valgmulighederne kan v\u00e6lges p\u00e5 produktsiden\t<\/span>\n\t\t\t<input type=\"hidden\" class=\"pmwProductId\" data-id=\"385\">\n\t\t\t\t\t<script>\n\t\t\t(window.pmwDataLayer = window.pmwDataLayer || {}).products                = window.pmwDataLayer.products || {};\n\t\t\twindow.pmwDataLayer.products[385] = {\"id\":\"385\",\"sku\":\"\",\"price\":1630.5,\"brand\":\"\",\"quantity\":1,\"dyn_r_ids\":{\"post_id\":\"385\",\"sku\":385,\"gpf\":\"woocommerce_gpf_385\",\"gla\":\"gla_385\"},\"is_variable\":true,\"type\":\"variable\",\"name\":\"Loke\u2122 40mm Hvit - lyddempende plate\",\"category\":[\"Tak- og veggplater\"],\"is_variation\":false};\n\t\t\t\t\twindow.pmw_product_position = window.pmw_product_position || 1;\n\t\twindow.pmwDataLayer.products[385]['position'] = window.pmw_product_position++;\n\t\t\t\t<\/script>\n\t\t<\/li>\n<li class=\"product type-product post-3871 status-publish instock product_cat-dekor-absorbenter-vegg-og-tak product_cat-direkte-monterte-absorbenter-vegg-og-tak product_tag-hotell-restaurant-og-uteliv product_tag-idrettshaller-og-treningssenter product_tag-industri-kjopesenter-og-butikk product_tag-kontor-moterom-og-kantine product_tag-privat-bolig product_tag-skoler-og-barnehager product_tag-tekstiloverflate has-post-thumbnail featured taxable shipping-taxable purchasable product-type-variable\">\n\t<a href=\"https:\/\/www.akustikksenter.no\/da\/butikk\/direkte-monterte-absorbenter-vegg-og-tak\/frigg40mm-tekstil\/\" class=\"woocommerce-LoopProduct-link woocommerce-loop-product__link\"><div class=\"tp-image-wrapper\"><img decoding=\"async\" class=\"tp-image\" src=\"https:\/\/www.akustikksenter.no\/wp-content\/uploads\/2016\/06\/Frigg-40-Coal-II-scaled-450x450.jpg\" srcset=\"https:\/\/www.akustikksenter.no\/wp-content\/uploads\/2016\/06\/Frigg-40-Coal-II-scaled-450x450.jpg 450w, https:\/\/www.akustikksenter.no\/wp-content\/uploads\/2016\/06\/Frigg-40-Coal-II-scaled-100x100.jpg 100w\" sizes=\"(max-width: 360px) 100vw, 360px\" alt=\"Frigg\u212240mm tekstil lyddempende plate\"><img decoding=\"async\" class=\"tp-image-hover\" src=\"https:\/\/www.akustikksenter.no\/wp-content\/uploads\/2022\/03\/20251002_134232-450x450.jpg\" srcset=\"https:\/\/www.akustikksenter.no\/wp-content\/uploads\/2022\/03\/20251002_134232-450x450.jpg 450w, https:\/\/www.akustikksenter.no\/wp-content\/uploads\/2022\/03\/20251002_134232-100x100.jpg 100w\" sizes=\"(max-width: 360px) 100vw, 360px\" alt=\"Frigg\u212240mm tekstil lyddempende plate\"><\/div><h2 class=\"woocommerce-loop-product__title\">Frigg\u212240mm tekstil lyddempende plate<\/h2>\t<div itemprop=\"description\">\r\n\t\t<p><b>Sv\u00e6rt effektive og dekorative lyddempende plater i tekstil.\u00a0 <\/b>De f\u00e5s i flere forskjellige farger og st\u00f8rrelser. Overflaten er slagfast og meget robust. Kan ogs\u00e5 brukes som oppslagstavler. Gr\u00f8nn produksjon, h\u00f8y kvalitet og lang levetid gj\u00f8r produktet meget b\u00e6rekraftig.<\/p>\n<p>&nbsp;<\/p>\n\t<\/div>\r\n\t\n\t<span class=\"price\"><span class=\"woocommerce-Price-amount amount\" aria-hidden=\"true\"><bdi><span class=\"woocommerce-Price-currencySymbol\">&#107;&#114;<\/span>&nbsp;323<\/bdi><\/span> <span aria-hidden=\"true\">-<\/span> <span class=\"woocommerce-Price-amount amount\" aria-hidden=\"true\"><bdi><span class=\"woocommerce-Price-currencySymbol\">&#107;&#114;<\/span>&nbsp;6,236<\/bdi><\/span><span class=\"screen-reader-text\">Prisinterval: &#107;&#114;&nbsp;323 til &#107;&#114;&nbsp;6,236<\/span> <small class=\"woocommerce-price-suffix\">ink.mva<\/small><\/span>\n<\/a><a href=\"https:\/\/www.akustikksenter.no\/da\/butikk\/direkte-monterte-absorbenter-vegg-og-tak\/frigg40mm-tekstil\/\" aria-describedby=\"woocommerce_loop_add_to_cart_link_describedby_3871\" data-quantity=\"1\" class=\"button product_type_variable add_to_cart_button\" data-product_id=\"3871\" data-product_sku=\"\" aria-label=\"V\u00e6lg indstillinger for &quot;Frigg\u212240mm tekstil lyddempende plate&quot;\" rel=\"nofollow\">V\u00e6lg indstillinger<\/a>\t<span id=\"woocommerce_loop_add_to_cart_link_describedby_3871\" class=\"screen-reader-text\">\n\t\tDette produkt har flere varianter. Valgmulighederne kan v\u00e6lges p\u00e5 produktsiden\t<\/span>\n\t\t\t<input type=\"hidden\" class=\"pmwProductId\" data-id=\"3871\">\n\t\t\t\t\t<script>\n\t\t\t(window.pmwDataLayer = window.pmwDataLayer || {}).products                = window.pmwDataLayer.products || {};\n\t\t\twindow.pmwDataLayer.products[3871] = {\"id\":\"3871\",\"sku\":\"\",\"price\":323,\"brand\":\"\",\"quantity\":1,\"dyn_r_ids\":{\"post_id\":\"3871\",\"sku\":3871,\"gpf\":\"woocommerce_gpf_3871\",\"gla\":\"gla_3871\"},\"is_variable\":true,\"type\":\"variable\",\"name\":\"Frigg\u212240mm tekstil lyddempende plate\",\"category\":[\"Dekorativ lyddemping\",\"Tak- og veggplater\"],\"is_variation\":false};\n\t\t\t\t\twindow.pmw_product_position = window.pmw_product_position || 1;\n\t\twindow.pmwDataLayer.products[3871]['position'] = window.pmw_product_position++;\n\t\t\t\t<\/script>\n\t\t<\/li>\n<li class=\"product type-product post-13785 status-publish instock product_cat-direkte-monterte-absorbenter-vegg-og-tak product_tag-direktemontert product_tag-hotell-restaurant-og-uteliv product_tag-idrettshaller-og-treningssenter product_tag-industri-kjopesenter-og-butikk product_tag-kontor-moterom-og-kantine product_tag-privat-bolig product_tag-skoler-og-barnehager product_tag-tak product_tag-vegg has-post-thumbnail featured taxable shipping-taxable purchasable product-type-variable has-default-attributes\">\n\t<a href=\"https:\/\/www.akustikksenter.no\/da\/butikk\/direkte-monterte-absorbenter-vegg-og-tak\/loke-40mm-gra-lyddempende-plate\/\" class=\"woocommerce-LoopProduct-link woocommerce-loop-product__link\"><div class=\"tp-image-wrapper\"><img decoding=\"async\" class=\"tp-image\" src=\"https:\/\/www.akustikksenter.no\/wp-content\/uploads\/2015\/04\/86002GRE-loke-b-kant-600x600x40-450x450.jpg\" srcset=\"https:\/\/www.akustikksenter.no\/wp-content\/uploads\/2015\/04\/86002GRE-loke-b-kant-600x600x40-450x450.jpg 450w, https:\/\/www.akustikksenter.no\/wp-content\/uploads\/2015\/04\/86002GRE-loke-b-kant-600x600x40-100x100.jpg 100w\" sizes=\"(max-width: 360px) 100vw, 360px\" alt=\"Loke\u2122 40mm Gr\u00e5 - lyddempende plate\"><img decoding=\"async\" class=\"tp-image-hover\" src=\"https:\/\/www.akustikksenter.no\/wp-content\/uploads\/2017\/06\/1000008134-1-450x450.jpg\" srcset=\"https:\/\/www.akustikksenter.no\/wp-content\/uploads\/2017\/06\/1000008134-1-450x450.jpg 450w, https:\/\/www.akustikksenter.no\/wp-content\/uploads\/2017\/06\/1000008134-1-100x100.jpg 100w\" sizes=\"(max-width: 360px) 100vw, 360px\" alt=\"Loke\u2122 40mm Gr\u00e5 - lyddempende plate\"><\/div><h2 class=\"woocommerce-loop-product__title\">Loke\u2122 40mm Gr\u00e5 &#8211; lyddempende plate<\/h2>\t<div itemprop=\"description\">\r\n\t\t<p>S\u00e6rdeles god lydabsorbsjon \u2013 lyddemping, klasse A. Platen er utviklet spesielt med tanke p\u00e5 montasje direkte i taket eller p\u00e5 veggen. Standardfarger: <a href=\"https:\/\/www.akustikksenter.no\/butikk\/direkte-monterte-absorbenter-vegg-og-tak\/loke-40mm\/\">hvit<\/a> \/ betonggr\u00e5. Gr\u00f8nn produksjon, h\u00f8y kvalitet og lang levetid gj\u00f8r produktet meget b\u00e6rekraftig.<\/p>\n<p>&nbsp;<\/p>\n\t<\/div>\r\n\t\n\t<span class=\"price\"><span class=\"wc-measurement-price-calculator-price\"><span class=\"woocommerce-Price-amount amount\" aria-hidden=\"true\"><bdi><span class=\"woocommerce-Price-currencySymbol\">&#107;&#114;<\/span>&nbsp;1,139<\/bdi><\/span> <span aria-hidden=\"true\">-<\/span> <span class=\"woocommerce-Price-amount amount\" aria-hidden=\"true\"><bdi><span class=\"woocommerce-Price-currencySymbol\">&#107;&#114;<\/span>&nbsp;1,293<\/bdi><\/span><span class=\"screen-reader-text\">Prisinterval: &#107;&#114;&nbsp;1,139 til &#107;&#114;&nbsp;1,293<\/span> pr. m\u00b2 <small class=\"woocommerce-price-suffix\">ink.mva<\/small><\/span><\/span>\n<\/a><a href=\"https:\/\/www.akustikksenter.no\/da\/butikk\/direkte-monterte-absorbenter-vegg-og-tak\/loke-40mm-gra-lyddempende-plate\/\" aria-describedby=\"woocommerce_loop_add_to_cart_link_describedby_13785\" data-quantity=\"1\" class=\"button product_type_variable add_to_cart_button\" data-product_id=\"13785\" data-product_sku=\"\" aria-label=\"V\u00e6lg indstillinger for &quot;Loke\u2122 40mm Gr\u00e5 - lyddempende plate&quot;\" rel=\"nofollow\">V\u00e6lg indstillinger<\/a>\t<span id=\"woocommerce_loop_add_to_cart_link_describedby_13785\" class=\"screen-reader-text\">\n\t\tDette produkt har flere varianter. Valgmulighederne kan v\u00e6lges p\u00e5 produktsiden\t<\/span>\n\t\t\t<input type=\"hidden\" class=\"pmwProductId\" data-id=\"13785\">\n\t\t\t\t\t<script>\n\t\t\t(window.pmwDataLayer = window.pmwDataLayer || {}).products                = window.pmwDataLayer.products || {};\n\t\t\twindow.pmwDataLayer.products[13785] = {\"id\":\"13785\",\"sku\":\"\",\"price\":1139.24,\"brand\":\"\",\"quantity\":1,\"dyn_r_ids\":{\"post_id\":\"13785\",\"sku\":13785,\"gpf\":\"woocommerce_gpf_13785\",\"gla\":\"gla_13785\"},\"is_variable\":true,\"type\":\"variable\",\"name\":\"Loke\u2122 40mm Gr\u00e5 - lyddempende plate\",\"category\":[\"Tak- og veggplater\"],\"is_variation\":false};\n\t\t\t\t\twindow.pmw_product_position = window.pmw_product_position || 1;\n\t\twindow.pmwDataLayer.products[13785]['position'] = window.pmw_product_position++;\n\t\t\t\t<\/script>\n\t\t<\/li>\n<li class=\"product type-product post-10938 status-publish instock product_cat-dekor-absorbenter-vegg-og-tak product_cat-direkte-monterte-absorbenter-vegg-og-tak product_tag-hotell-restaurant-og-uteliv product_tag-idrettshaller-og-treningssenter product_tag-industri-kjopesenter-og-butikk product_tag-kontor-moterom-og-kantine product_tag-privat-bolig product_tag-skoler-og-barnehager product_tag-tekstiloverflate has-post-thumbnail taxable shipping-taxable purchasable product-type-variable\">\n\t<a href=\"https:\/\/www.akustikksenter.no\/da\/butikk\/direkte-monterte-absorbenter-vegg-og-tak\/frigg-40-curve\/\" class=\"woocommerce-LoopProduct-link woocommerce-loop-product__link\"><div class=\"tp-image-wrapper\"><img decoding=\"async\" class=\"tp-image\" src=\"https:\/\/www.akustikksenter.no\/wp-content\/uploads\/2023\/10\/frigg-curve-gra-450x450.png\" srcset=\"https:\/\/www.akustikksenter.no\/wp-content\/uploads\/2023\/10\/frigg-curve-gra-450x450.png 450w, https:\/\/www.akustikksenter.no\/wp-content\/uploads\/2023\/10\/frigg-curve-gra-100x100.png 100w\" sizes=\"(max-width: 360px) 100vw, 360px\" alt=\"Frigg\u2122 40 Curve\"><img decoding=\"async\" class=\"tp-image-hover\" src=\"https:\/\/www.akustikksenter.no\/wp-content\/uploads\/2023\/10\/IMG_5320-450x450.jpg\" srcset=\"https:\/\/www.akustikksenter.no\/wp-content\/uploads\/2023\/10\/IMG_5320-450x450.jpg 450w, https:\/\/www.akustikksenter.no\/wp-content\/uploads\/2023\/10\/IMG_5320-100x100.jpg 100w\" sizes=\"(max-width: 360px) 100vw, 360px\" alt=\"Frigg\u2122 40 Curve\"><\/div><h2 class=\"woocommerce-loop-product__title\">Frigg\u2122 40 Curve<\/h2>\t<div itemprop=\"description\">\r\n\t\t<p><b>Sv\u00e6rt effektive og dekorative lyddempende plater.\u00a0 <\/b>Absorbentene er 40 mm og trukket med tekstil. De f\u00e5s i flere forskjellige farger og st\u00f8rrelser. Overflaten er slagfast og meget robust. Kan ogs\u00e5 brukes som oppslagstavler.<\/p>\n<p>Gr\u00f8nn produksjon, h\u00f8y kvalitet og lang levetid gj\u00f8r produktet meget b\u00e6rekraftig.<\/p>\n\t<\/div>\r\n\t\n\t<span class=\"price\"><span class=\"woocommerce-Price-amount amount\" aria-hidden=\"true\"><bdi><span class=\"woocommerce-Price-currencySymbol\">&#107;&#114;<\/span>&nbsp;666<\/bdi><\/span> <span aria-hidden=\"true\">-<\/span> <span class=\"woocommerce-Price-amount amount\" aria-hidden=\"true\"><bdi><span class=\"woocommerce-Price-currencySymbol\">&#107;&#114;<\/span>&nbsp;1,329<\/bdi><\/span><span class=\"screen-reader-text\">Prisinterval: &#107;&#114;&nbsp;666 til &#107;&#114;&nbsp;1,329<\/span> <small class=\"woocommerce-price-suffix\">ink.mva<\/small><\/span>\n<\/a><a href=\"https:\/\/www.akustikksenter.no\/da\/butikk\/direkte-monterte-absorbenter-vegg-og-tak\/frigg-40-curve\/\" aria-describedby=\"woocommerce_loop_add_to_cart_link_describedby_10938\" data-quantity=\"1\" class=\"button product_type_variable add_to_cart_button\" data-product_id=\"10938\" data-product_sku=\"\" aria-label=\"V\u00e6lg indstillinger for &quot;Frigg\u2122 40 Curve&quot;\" rel=\"nofollow\">V\u00e6lg indstillinger<\/a>\t<span id=\"woocommerce_loop_add_to_cart_link_describedby_10938\" class=\"screen-reader-text\">\n\t\tDette produkt har flere varianter. Valgmulighederne kan v\u00e6lges p\u00e5 produktsiden\t<\/span>\n\t\t\t<input type=\"hidden\" class=\"pmwProductId\" data-id=\"10938\">\n\t\t\t\t\t<script>\n\t\t\t(window.pmwDataLayer = window.pmwDataLayer || {}).products                = window.pmwDataLayer.products || {};\n\t\t\twindow.pmwDataLayer.products[10938] = {\"id\":\"10938\",\"sku\":\"\",\"price\":665.55,\"brand\":\"\",\"quantity\":1,\"dyn_r_ids\":{\"post_id\":\"10938\",\"sku\":10938,\"gpf\":\"woocommerce_gpf_10938\",\"gla\":\"gla_10938\"},\"is_variable\":true,\"type\":\"variable\",\"name\":\"Frigg\u2122 40 Curve\",\"category\":[\"Dekorativ lyddemping\",\"Tak- og veggplater\"],\"is_variation\":false};\n\t\t\t\t\twindow.pmw_product_position = window.pmw_product_position || 1;\n\t\twindow.pmwDataLayer.products[10938]['position'] = window.pmw_product_position++;\n\t\t\t\t<\/script>\n\t\t<\/li>\n<li class=\"product type-product post-13776 status-publish instock product_cat-direkte-monterte-absorbenter-vegg-og-tak product_tag-direktemontert product_tag-hotell-restaurant-og-uteliv product_tag-idrettshaller-og-treningssenter product_tag-industri-kjopesenter-og-butikk product_tag-kontor-moterom-og-kantine product_tag-privat-bolig product_tag-skoler-og-barnehager product_tag-tak product_tag-vegg has-post-thumbnail featured taxable shipping-taxable purchasable product-type-variable has-default-attributes\">\n\t<a href=\"https:\/\/www.akustikksenter.no\/da\/butikk\/direkte-monterte-absorbenter-vegg-og-tak\/eira-40mm-hvit-lyddempende-plate\/\" class=\"woocommerce-LoopProduct-link woocommerce-loop-product__link\"><div class=\"tp-image-wrapper\"><img decoding=\"async\" class=\"tp-image\" src=\"https:\/\/www.akustikksenter.no\/wp-content\/uploads\/2016\/06\/Eira40_hvit-450x450.jpg\" srcset=\"https:\/\/www.akustikksenter.no\/wp-content\/uploads\/2016\/06\/Eira40_hvit-450x450.jpg 450w, https:\/\/www.akustikksenter.no\/wp-content\/uploads\/2016\/06\/Eira40_hvit-100x100.jpg 100w, https:\/\/www.akustikksenter.no\/wp-content\/uploads\/2016\/06\/Eira40_hvit-150x150.jpg 150w, https:\/\/www.akustikksenter.no\/wp-content\/uploads\/2016\/06\/Eira40_hvit-300x300.jpg 300w, https:\/\/www.akustikksenter.no\/wp-content\/uploads\/2016\/06\/Eira40_hvit-500x500.jpg 500w, https:\/\/www.akustikksenter.no\/wp-content\/uploads\/2016\/06\/Eira40_hvit-80x80.jpg 80w\" sizes=\"(max-width: 360px) 100vw, 360px\" alt=\"Eira\u2122 40mm Hvit - lyddempende plate\"><img decoding=\"async\" class=\"tp-image-hover\" src=\"https:\/\/www.akustikksenter.no\/wp-content\/uploads\/2023\/09\/hg-450x450.jpg\" srcset=\"https:\/\/www.akustikksenter.no\/wp-content\/uploads\/2023\/09\/hg-450x450.jpg 450w, https:\/\/www.akustikksenter.no\/wp-content\/uploads\/2023\/09\/hg-100x100.jpg 100w\" sizes=\"(max-width: 360px) 100vw, 360px\" alt=\"Eira\u2122 40mm Hvit - lyddempende plate\"><\/div><h2 class=\"woocommerce-loop-product__title\">Eira\u2122 40mm Hvit &#8211; lyddempende plate<\/h2>\t<div itemprop=\"description\">\r\n\t\t<div class=\"woocommerce-product-details__short-description\">\n<p>S\u00e6rdeles god lydabsorbsjon \u2013 lyddemping, klasse A.\u00a0 Utviklet spesielt med tanke p\u00e5 montasje direkte i tak eller p\u00e5 vegg. Standardfarger er hvit \/ matt <a href=\"https:\/\/www.akustikksenter.no\/butikk\/direkte-monterte-absorbenter-vegg-og-tak\/eira-40mm-lyddempende-plate\/\">helsvart<\/a>.<\/p>\n<p>Gr\u00f8nn produksjon, h\u00f8y kvalitet og lang levetid gj\u00f8r produktet meget b\u00e6rekraftig.<\/p>\n<\/div>\n\t<\/div>\r\n\t\n\t<span class=\"price\"><span class=\"wc-measurement-price-calculator-price\"><span class=\"woocommerce-Price-amount amount\" aria-hidden=\"true\"><bdi><span class=\"woocommerce-Price-currencySymbol\">&#107;&#114;<\/span>&nbsp;953<\/bdi><\/span> <span aria-hidden=\"true\">-<\/span> <span class=\"woocommerce-Price-amount amount\" aria-hidden=\"true\"><bdi><span class=\"woocommerce-Price-currencySymbol\">&#107;&#114;<\/span>&nbsp;954<\/bdi><\/span><span class=\"screen-reader-text\">Prisinterval: &#107;&#114;&nbsp;953 til &#107;&#114;&nbsp;954<\/span> pr. m\u00b2 <small class=\"woocommerce-price-suffix\">ink.mva<\/small><\/span><\/span>\n<\/a><a href=\"https:\/\/www.akustikksenter.no\/da\/butikk\/direkte-monterte-absorbenter-vegg-og-tak\/eira-40mm-hvit-lyddempende-plate\/\" aria-describedby=\"woocommerce_loop_add_to_cart_link_describedby_13776\" data-quantity=\"1\" class=\"button product_type_variable add_to_cart_button\" data-product_id=\"13776\" data-product_sku=\"\" aria-label=\"V\u00e6lg indstillinger for &quot;Eira\u2122 40mm Hvit - lyddempende plate&quot;\" rel=\"nofollow\">V\u00e6lg indstillinger<\/a>\t<span id=\"woocommerce_loop_add_to_cart_link_describedby_13776\" class=\"screen-reader-text\">\n\t\tDette produkt har flere varianter. Valgmulighederne kan v\u00e6lges p\u00e5 produktsiden\t<\/span>\n\t\t\t<input type=\"hidden\" class=\"pmwProductId\" data-id=\"13776\">\n\t\t\t\t\t<script>\n\t\t\t(window.pmwDataLayer = window.pmwDataLayer || {}).products                = window.pmwDataLayer.products || {};\n\t\t\twindow.pmwDataLayer.products[13776] = {\"id\":\"13776\",\"sku\":\"\",\"price\":953.3,\"brand\":\"\",\"quantity\":1,\"dyn_r_ids\":{\"post_id\":\"13776\",\"sku\":13776,\"gpf\":\"woocommerce_gpf_13776\",\"gla\":\"gla_13776\"},\"is_variable\":true,\"type\":\"variable\",\"name\":\"Eira\u2122 40mm Hvit - lyddempende plate\",\"category\":[\"Tak- og veggplater\"],\"is_variation\":false};\n\t\t\t\t\twindow.pmw_product_position = window.pmw_product_position || 1;\n\t\twindow.pmwDataLayer.products[13776]['position'] = window.pmw_product_position++;\n\t\t\t\t<\/script>\n\t\t<\/li>\n<li class=\"product type-product post-1727 status-publish last instock product_cat-direkte-monterte-absorbenter-vegg-og-tak product_tag-direktemontert product_tag-hotell-restaurant-og-uteliv product_tag-idrettshaller-og-treningssenter product_tag-industri-kjopesenter-og-butikk product_tag-kontor-moterom-og-kantine product_tag-privat-bolig product_tag-skoler-og-barnehager product_tag-tak product_tag-vegg has-post-thumbnail featured taxable shipping-taxable purchasable product-type-variable has-default-attributes\">\n\t<a href=\"https:\/\/www.akustikksenter.no\/da\/butikk\/direkte-monterte-absorbenter-vegg-og-tak\/eira-40mm-lyddempende-plate\/\" class=\"woocommerce-LoopProduct-link woocommerce-loop-product__link\"><div class=\"tp-image-wrapper\"><img decoding=\"async\" class=\"tp-image\" src=\"https:\/\/www.akustikksenter.no\/wp-content\/uploads\/2015\/02\/86002blk-450x450.jpg\" srcset=\"https:\/\/www.akustikksenter.no\/wp-content\/uploads\/2015\/02\/86002blk-450x450.jpg 450w, https:\/\/www.akustikksenter.no\/wp-content\/uploads\/2015\/02\/86002blk-100x100.jpg 100w\" sizes=\"(max-width: 360px) 100vw, 360px\" alt=\"Eira\u2122 40mm Svart - lyddempende plate\"><img decoding=\"async\" class=\"tp-image-hover\" src=\"https:\/\/www.akustikksenter.no\/wp-content\/uploads\/2022\/06\/skole1-scaled-450x450.jpg\" srcset=\"https:\/\/www.akustikksenter.no\/wp-content\/uploads\/2022\/06\/skole1-scaled-450x450.jpg 450w, https:\/\/www.akustikksenter.no\/wp-content\/uploads\/2022\/06\/skole1-scaled-100x100.jpg 100w\" sizes=\"(max-width: 360px) 100vw, 360px\" alt=\"Eira\u2122 40mm Svart - lyddempende plate\"><\/div><h2 class=\"woocommerce-loop-product__title\">Eira\u2122 40mm Svart &#8211; lyddempende plate<\/h2>\t<div itemprop=\"description\">\r\n\t\t<div class=\"woocommerce-product-details__short-description\">\n<p>S\u00e6rdeles god lydabsorbsjon \u2013 lyddemping, klasse A.\u00a0 Utviklet spesielt med tanke p\u00e5 montasje direkte i tak eller p\u00e5 vegg.<br \/>\nStandardfarger er <a href=\"https:\/\/www.akustikksenter.no\/butikk\/direkte-monterte-absorbenter-vegg-og-tak\/eira-40mm-hvit-lyddempende-plate\/\">hvit<\/a> \/ matt helsvart.<\/p>\n<p>Gr\u00f8nn produksjon, h\u00f8y kvalitet og lang levetid gj\u00f8r produktet meget b\u00e6rekraftig.<\/p>\n<p>&nbsp;<\/p>\n<\/div>\n\t<\/div>\r\n\t\n\t<span class=\"price\"><span class=\"wc-measurement-price-calculator-price\"><span class=\"woocommerce-Price-amount amount\" aria-hidden=\"true\"><bdi><span class=\"woocommerce-Price-currencySymbol\">&#107;&#114;<\/span>&nbsp;1,009<\/bdi><\/span> <span aria-hidden=\"true\">-<\/span> <span class=\"woocommerce-Price-amount amount\" aria-hidden=\"true\"><bdi><span class=\"woocommerce-Price-currencySymbol\">&#107;&#114;<\/span>&nbsp;1,137<\/bdi><\/span><span class=\"screen-reader-text\">Prisinterval: &#107;&#114;&nbsp;1,009 til &#107;&#114;&nbsp;1,137<\/span> pr. m\u00b2 <small class=\"woocommerce-price-suffix\">ink.mva<\/small><\/span><\/span>\n<\/a><a href=\"https:\/\/www.akustikksenter.no\/da\/butikk\/direkte-monterte-absorbenter-vegg-og-tak\/eira-40mm-lyddempende-plate\/\" aria-describedby=\"woocommerce_loop_add_to_cart_link_describedby_1727\" data-quantity=\"1\" class=\"button product_type_variable add_to_cart_button\" data-product_id=\"1727\" data-product_sku=\"\" aria-label=\"V\u00e6lg indstillinger for &quot;Eira\u2122 40mm Svart - lyddempende plate&quot;\" rel=\"nofollow\">V\u00e6lg indstillinger<\/a>\t<span id=\"woocommerce_loop_add_to_cart_link_describedby_1727\" class=\"screen-reader-text\">\n\t\tDette produkt har flere varianter. Valgmulighederne kan v\u00e6lges p\u00e5 produktsiden\t<\/span>\n\t\t\t<input type=\"hidden\" class=\"pmwProductId\" data-id=\"1727\">\n\t\t\t\t\t<script>\n\t\t\t(window.pmwDataLayer = window.pmwDataLayer || {}).products                = window.pmwDataLayer.products || {};\n\t\t\twindow.pmwDataLayer.products[1727] = {\"id\":\"1727\",\"sku\":\"\",\"price\":1009.38,\"brand\":\"\",\"quantity\":1,\"dyn_r_ids\":{\"post_id\":\"1727\",\"sku\":1727,\"gpf\":\"woocommerce_gpf_1727\",\"gla\":\"gla_1727\"},\"is_variable\":true,\"type\":\"variable\",\"name\":\"Eira\u2122 40mm Svart - lyddempende plate\",\"category\":[\"Tak- og veggplater\"],\"is_variation\":false};\n\t\t\t\t\twindow.pmw_product_position = window.pmw_product_position || 1;\n\t\twindow.pmwDataLayer.products[1727]['position'] = window.pmw_product_position++;\n\t\t\t\t<\/script>\n\t\t<\/li>\n<li class=\"product type-product post-4654 status-publish first instock product_cat-direkte-monterte-absorbenter-vegg-og-tak product_tag-direktemontert product_tag-hotell-restaurant-og-uteliv product_tag-idrettshaller-og-treningssenter product_tag-industri-kjopesenter-og-butikk product_tag-privat-bolig product_tag-skoler-og-barnehager product_tag-tak product_tag-vegg has-post-thumbnail taxable shipping-taxable purchasable product-type-variable\">\n\t<a href=\"https:\/\/www.akustikksenter.no\/da\/butikk\/direkte-monterte-absorbenter-vegg-og-tak\/loke-strong-40mm-lyddempende-plate\/\" class=\"woocommerce-LoopProduct-link woocommerce-loop-product__link\"><div class=\"tp-image-wrapper\"><img decoding=\"async\" class=\"tp-image\" src=\"https:\/\/www.akustikksenter.no\/wp-content\/uploads\/2018\/09\/loka-strong-40mm-450x450.jpg\" srcset=\"https:\/\/www.akustikksenter.no\/wp-content\/uploads\/2018\/09\/loka-strong-40mm-450x450.jpg 450w, https:\/\/www.akustikksenter.no\/wp-content\/uploads\/2018\/09\/loka-strong-40mm-100x100.jpg 100w, https:\/\/www.akustikksenter.no\/wp-content\/uploads\/2018\/09\/loka-strong-40mm-150x150.jpg 150w, https:\/\/www.akustikksenter.no\/wp-content\/uploads\/2018\/09\/loka-strong-40mm-80x80.jpg 80w, https:\/\/www.akustikksenter.no\/wp-content\/uploads\/2018\/09\/loka-strong-40mm-300x300.jpg 300w, https:\/\/www.akustikksenter.no\/wp-content\/uploads\/2018\/09\/loka-strong-40mm-500x500.jpg 500w\" sizes=\"(max-width: 360px) 100vw, 360px\" alt=\"Loke\u2122 Strong 40mm lyddempende plate\"><img decoding=\"async\" class=\"tp-image-hover\" src=\"https:\/\/www.akustikksenter.no\/wp-content\/uploads\/2018\/09\/image-450x450.jpeg\" srcset=\"https:\/\/www.akustikksenter.no\/wp-content\/uploads\/2018\/09\/image-450x450.jpeg 450w, https:\/\/www.akustikksenter.no\/wp-content\/uploads\/2018\/09\/image-100x100.jpeg 100w, https:\/\/www.akustikksenter.no\/wp-content\/uploads\/2018\/09\/image-300x300.jpeg 300w\" sizes=\"(max-width: 360px) 100vw, 360px\" alt=\"Loke\u2122 Strong 40mm lyddempende plate\"><\/div><h2 class=\"woocommerce-loop-product__title\">Loke\u2122 Strong 40mm lyddempende plate<\/h2>\t<div itemprop=\"description\">\r\n\t\t<p>Absorbenten som motst\u00e5r r\u00f8ff behandling og er slagsikker.<\/p>\n<p>S\u00e6rdeles god lydabsorbsjon \u2013 lyddemping, klasse A. Platen er 40 mm og utviklet til bruk i spesielt utsatte milj\u00f8er. Standardfarger er hvit, gr\u00e5 og svartgr\u00e5.<\/p>\n<p>Gr\u00f8nn produksjon, h\u00f8y kvalitet og lang levetid gj\u00f8r produktet meget b\u00e6rekraftig.<\/p>\n\t<\/div>\r\n\t\n\t<span class=\"price\"><span class=\"wc-measurement-price-calculator-price\"><span class=\"woocommerce-Price-amount amount\"><bdi><span class=\"woocommerce-Price-currencySymbol\">&#107;&#114;<\/span>&nbsp;1,396<\/bdi><\/span> pr. m\u00b2 <small class=\"woocommerce-price-suffix\">ink.mva<\/small><\/span><\/span>\n<\/a><a href=\"https:\/\/www.akustikksenter.no\/da\/butikk\/direkte-monterte-absorbenter-vegg-og-tak\/loke-strong-40mm-lyddempende-plate\/\" aria-describedby=\"woocommerce_loop_add_to_cart_link_describedby_4654\" data-quantity=\"1\" class=\"button product_type_variable add_to_cart_button\" data-product_id=\"4654\" data-product_sku=\"\" aria-label=\"V\u00e6lg indstillinger for &quot;Loke\u2122 Strong 40mm lyddempende plate&quot;\" rel=\"nofollow\">V\u00e6lg indstillinger<\/a>\t<span id=\"woocommerce_loop_add_to_cart_link_describedby_4654\" class=\"screen-reader-text\">\n\t\tDette produkt har flere varianter. Valgmulighederne kan v\u00e6lges p\u00e5 produktsiden\t<\/span>\n\t\t\t<input type=\"hidden\" class=\"pmwProductId\" data-id=\"4654\">\n\t\t\t\t\t<script>\n\t\t\t(window.pmwDataLayer = window.pmwDataLayer || {}).products                = window.pmwDataLayer.products || {};\n\t\t\twindow.pmwDataLayer.products[4654] = {\"id\":\"4654\",\"sku\":\"\",\"price\":1396.3,\"brand\":\"\",\"quantity\":1,\"dyn_r_ids\":{\"post_id\":\"4654\",\"sku\":4654,\"gpf\":\"woocommerce_gpf_4654\",\"gla\":\"gla_4654\"},\"is_variable\":true,\"type\":\"variable\",\"name\":\"Loke\u2122 Strong 40mm lyddempende plate\",\"category\":[\"Tak- og veggplater\"],\"is_variation\":false};\n\t\t\t\t\twindow.pmw_product_position = window.pmw_product_position || 1;\n\t\twindow.pmwDataLayer.products[4654]['position'] = window.pmw_product_position++;\n\t\t\t\t<\/script>\n\t\t<\/li>\n<li class=\"product type-product post-10939 status-publish instock product_cat-dekor-absorbenter-vegg-og-tak product_cat-direkte-monterte-absorbenter-vegg-og-tak product_tag-hotell-restaurant-og-uteliv product_tag-idrettshaller-og-treningssenter product_tag-industri-kjopesenter-og-butikk product_tag-kontor-moterom-og-kantine product_tag-privat-bolig product_tag-skoler-og-barnehager product_tag-tekstiloverflate has-post-thumbnail taxable shipping-taxable purchasable product-type-variable\">\n\t<a href=\"https:\/\/www.akustikksenter.no\/da\/butikk\/direkte-monterte-absorbenter-vegg-og-tak\/frigg-40-circle\/\" class=\"woocommerce-LoopProduct-link woocommerce-loop-product__link\"><div class=\"tp-image-wrapper\"><img decoding=\"async\" class=\"tp-image\" src=\"https:\/\/www.akustikksenter.no\/wp-content\/uploads\/2023\/10\/Circle-beige-2-450x450.jpg\" srcset=\"https:\/\/www.akustikksenter.no\/wp-content\/uploads\/2023\/10\/Circle-beige-2-450x450.jpg 450w, https:\/\/www.akustikksenter.no\/wp-content\/uploads\/2023\/10\/Circle-beige-2-12x12.jpg 12w, https:\/\/www.akustikksenter.no\/wp-content\/uploads\/2023\/10\/Circle-beige-2-100x100.jpg 100w\" sizes=\"(max-width: 360px) 100vw, 360px\" alt=\"Frigg\u2122 40 Circle\"><img decoding=\"async\" class=\"tp-image-hover\" src=\"https:\/\/www.akustikksenter.no\/wp-content\/uploads\/2023\/10\/Sokkeldirektoratet-auditoreum-flutterekko-450x450.jpg\" srcset=\"https:\/\/www.akustikksenter.no\/wp-content\/uploads\/2023\/10\/Sokkeldirektoratet-auditoreum-flutterekko-450x450.jpg 450w, https:\/\/www.akustikksenter.no\/wp-content\/uploads\/2023\/10\/Sokkeldirektoratet-auditoreum-flutterekko-100x100.jpg 100w\" sizes=\"(max-width: 360px) 100vw, 360px\" alt=\"Frigg\u2122 40 Circle\"><\/div><h2 class=\"woocommerce-loop-product__title\">Frigg\u2122 40 Circle<\/h2>\t<div itemprop=\"description\">\r\n\t\t<p><b>Sv\u00e6rt effektive og dekorative lyddempende plater.\u00a0 <\/b>Absorbentene er 40 mm og trukket med tekstil. De f\u00e5s i flere forskjellige farger og st\u00f8rrelser. Overflaten er slagfast og meget robust. Kan ogs\u00e5 brukes som oppslagstavler.<\/p>\n<p>Gr\u00f8nn produksjon, h\u00f8y kvalitet og lang levetid gj\u00f8r produktet meget b\u00e6rekraftig.<\/p>\n\t<\/div>\r\n\t\n\t<span class=\"price\"><span class=\"woocommerce-Price-amount amount\" aria-hidden=\"true\"><bdi><span class=\"woocommerce-Price-currencySymbol\">&#107;&#114;<\/span>&nbsp;809<\/bdi><\/span> <span aria-hidden=\"true\">-<\/span> <span class=\"woocommerce-Price-amount amount\" aria-hidden=\"true\"><bdi><span class=\"woocommerce-Price-currencySymbol\">&#107;&#114;<\/span>&nbsp;3,260<\/bdi><\/span><span class=\"screen-reader-text\">Prisinterval: &#107;&#114;&nbsp;809 til &#107;&#114;&nbsp;3,260<\/span> <small class=\"woocommerce-price-suffix\">ink.mva<\/small><\/span>\n<\/a><a href=\"https:\/\/www.akustikksenter.no\/da\/butikk\/direkte-monterte-absorbenter-vegg-og-tak\/frigg-40-circle\/\" aria-describedby=\"woocommerce_loop_add_to_cart_link_describedby_10939\" data-quantity=\"1\" class=\"button product_type_variable add_to_cart_button\" data-product_id=\"10939\" data-product_sku=\"\" aria-label=\"V\u00e6lg indstillinger for &quot;Frigg\u2122 40 Circle&quot;\" rel=\"nofollow\">V\u00e6lg indstillinger<\/a>\t<span id=\"woocommerce_loop_add_to_cart_link_describedby_10939\" class=\"screen-reader-text\">\n\t\tDette produkt har flere varianter. Valgmulighederne kan v\u00e6lges p\u00e5 produktsiden\t<\/span>\n\t\t\t<input type=\"hidden\" class=\"pmwProductId\" data-id=\"10939\">\n\t\t\t\t\t<script>\n\t\t\t(window.pmwDataLayer = window.pmwDataLayer || {}).products                = window.pmwDataLayer.products || {};\n\t\t\twindow.pmwDataLayer.products[10939] = {\"id\":\"10939\",\"sku\":\"\",\"price\":809.2,\"brand\":\"\",\"quantity\":1,\"dyn_r_ids\":{\"post_id\":\"10939\",\"sku\":10939,\"gpf\":\"woocommerce_gpf_10939\",\"gla\":\"gla_10939\"},\"is_variable\":true,\"type\":\"variable\",\"name\":\"Frigg\u2122 40 Circle\",\"category\":[\"Dekorativ lyddemping\",\"Tak- og veggplater\"],\"is_variation\":false};\n\t\t\t\t\twindow.pmw_product_position = window.pmw_product_position || 1;\n\t\twindow.pmwDataLayer.products[10939]['position'] = window.pmw_product_position++;\n\t\t\t\t<\/script>\n\t\t<\/li>\n<li class=\"product type-product post-8517 status-publish instock product_cat-dekor-absorbenter-vegg-og-tak product_cat-direkte-monterte-absorbenter-vegg-og-tak product_tag-hjemmekino-og-lydstudio product_tag-hotell-restaurant-og-uteliv product_tag-idrettshaller-og-treningssenter product_tag-kontor-moterom-og-kantine product_tag-privat-bolig product_tag-skoler-og-barnehager product_tag-tak product_tag-vegg has-post-thumbnail taxable shipping-taxable purchasable product-type-variable\">\n\t<a href=\"https:\/\/www.akustikksenter.no\/da\/butikk\/direkte-monterte-absorbenter-vegg-og-tak\/frigg-hex-40-mm\/\" class=\"woocommerce-LoopProduct-link woocommerce-loop-product__link\"><div class=\"tp-image-wrapper\"><img decoding=\"async\" class=\"tp-image\" src=\"https:\/\/www.akustikksenter.no\/wp-content\/uploads\/2024\/09\/IMG_20240801_114413-450x450.png\" srcset=\"https:\/\/www.akustikksenter.no\/wp-content\/uploads\/2024\/09\/IMG_20240801_114413-450x450.png 450w, https:\/\/www.akustikksenter.no\/wp-content\/uploads\/2024\/09\/IMG_20240801_114413-100x100.png 100w\" sizes=\"(max-width: 360px) 100vw, 360px\" alt=\"Frigg\u2122 Hex 40 mm lyddempende plate\"><img decoding=\"async\" class=\"tp-image-hover\" src=\"https:\/\/www.akustikksenter.no\/wp-content\/uploads\/2022\/07\/20250321_113721-1-450x450.jpg\" srcset=\"https:\/\/www.akustikksenter.no\/wp-content\/uploads\/2022\/07\/20250321_113721-1-450x450.jpg 450w, https:\/\/www.akustikksenter.no\/wp-content\/uploads\/2022\/07\/20250321_113721-1-100x100.jpg 100w\" sizes=\"(max-width: 360px) 100vw, 360px\" alt=\"Frigg\u2122 Hex 40 mm lyddempende plate\"><\/div><h2 class=\"woocommerce-loop-product__title\">Frigg\u2122 Hex 40 mm lyddempende plate<\/h2>\t<div itemprop=\"description\">\r\n\t\t<p><b>Dekorative og sv\u00e6rt effektive lyddempende absorbenter.\u00a0<\/b><\/p>\n<p>Lydabsorbentene er trukket med tekstil og kommer i dekorativ heksagon form.<br \/>\nSelges som stk eller i esker a 10 stk. Prisen som er oppgitt er pr. stk.<\/p>\n<p>Gr\u00f8nn produksjon, h\u00f8y kvalitet og lang levetid gj\u00f8r produktet meget b\u00e6rekraftig.<\/p>\n<p>St\u00f8rrelse: 600x520x40 mm (0,23 m<sup>2<\/sup>)<\/p>\n\t<\/div>\r\n\t\n\t<span class=\"price\"><span class=\"woocommerce-Price-amount amount\"><bdi><span class=\"woocommerce-Price-currencySymbol\">&#107;&#114;<\/span>&nbsp;672<\/bdi><\/span> <small class=\"woocommerce-price-suffix\">ink.mva<\/small><\/span>\n<\/a><a href=\"https:\/\/www.akustikksenter.no\/da\/butikk\/direkte-monterte-absorbenter-vegg-og-tak\/frigg-hex-40-mm\/\" aria-describedby=\"woocommerce_loop_add_to_cart_link_describedby_8517\" data-quantity=\"1\" class=\"button product_type_variable add_to_cart_button\" data-product_id=\"8517\" data-product_sku=\"\" aria-label=\"V\u00e6lg indstillinger for &quot;Frigg\u2122 Hex 40 mm lyddempende plate&quot;\" rel=\"nofollow\">V\u00e6lg indstillinger<\/a>\t<span id=\"woocommerce_loop_add_to_cart_link_describedby_8517\" class=\"screen-reader-text\">\n\t\tDette produkt har flere varianter. Valgmulighederne kan v\u00e6lges p\u00e5 produktsiden\t<\/span>\n\t\t\t<input type=\"hidden\" class=\"pmwProductId\" data-id=\"8517\">\n\t\t\t\t\t<script>\n\t\t\t(window.pmwDataLayer = window.pmwDataLayer || {}).products                = window.pmwDataLayer.products || {};\n\t\t\twindow.pmwDataLayer.products[8517] = {\"id\":\"8517\",\"sku\":\"\",\"price\":671.5,\"brand\":\"\",\"quantity\":1,\"dyn_r_ids\":{\"post_id\":\"8517\",\"sku\":8517,\"gpf\":\"woocommerce_gpf_8517\",\"gla\":\"gla_8517\"},\"is_variable\":true,\"type\":\"variable\",\"name\":\"Frigg\u2122 Hex 40 mm lyddempende plate\",\"category\":[\"Dekorativ lyddemping\",\"Tak- og veggplater\"],\"is_variation\":false};\n\t\t\t\t\twindow.pmw_product_position = window.pmw_product_position || 1;\n\t\twindow.pmwDataLayer.products[8517]['position'] = window.pmw_product_position++;\n\t\t\t\t<\/script>\n\t\t<\/li>\n<li class=\"product type-product post-164 status-publish instock product_cat-systemhimling product_tag-himlingsplate product_tag-hotell-restaurant-og-uteliv product_tag-idrettshaller-og-treningssenter product_tag-industri-kjopesenter-og-butikk product_tag-kontor-moterom-og-kantine product_tag-skoler-og-barnehager has-post-thumbnail featured taxable shipping-taxable purchasable product-type-variable\">\n\t<a href=\"https:\/\/www.akustikksenter.no\/da\/butikk\/systemhimling\/loke-15\/\" class=\"woocommerce-LoopProduct-link woocommerce-loop-product__link\"><div class=\"tp-image-wrapper\"><img decoding=\"async\" class=\"tp-image\" src=\"https:\/\/www.akustikksenter.no\/wp-content\/uploads\/2013\/11\/86054-loke-a-kant-593x593x15-450x450.jpg\" srcset=\"https:\/\/www.akustikksenter.no\/wp-content\/uploads\/2013\/11\/86054-loke-a-kant-593x593x15-450x450.jpg 450w, https:\/\/www.akustikksenter.no\/wp-content\/uploads\/2013\/11\/86054-loke-a-kant-593x593x15-100x100.jpg 100w\" sizes=\"(max-width: 360px) 100vw, 360px\" alt=\"Loke\u2122 Himlingsplate 15mm lyddempende\"><img decoding=\"async\" class=\"tp-image-hover\" src=\"https:\/\/www.akustikksenter.no\/wp-content\/uploads\/2023\/08\/IMG_6424-450x450.jpg\" srcset=\"https:\/\/www.akustikksenter.no\/wp-content\/uploads\/2023\/08\/IMG_6424-450x450.jpg 450w, https:\/\/www.akustikksenter.no\/wp-content\/uploads\/2023\/08\/IMG_6424-100x100.jpg 100w\" sizes=\"(max-width: 360px) 100vw, 360px\" alt=\"Loke\u2122 Himlingsplate 15mm lyddempende\"><\/div><h2 class=\"woocommerce-loop-product__title\">Loke\u2122 Himlingsplate 15mm lyddempende<\/h2>\t<div itemprop=\"description\">\r\n\t\t<p>S\u00e6rdeles god lydabsorbsjon. Lyddemping, klasse A, til systemhimling for optimal akustisk l\u00f8sning. Produktet har utmerkede lydabsorbsjons- og lysrefleksjonsegenskaper.\u00a0Gr\u00f8nn produksjon, h\u00f8y kvalitet og lang levetid gj\u00f8r produktet meget b\u00e6rekraftig.<\/p>\n<div class=\"fl-module fl-module-fl-woo-product-description fl-node-5e4690fcb5e19\" data-node=\"5e4690fcb5e19\">\n<div class=\"fl-module-content fl-node-content\">\n<div class=\"woocommerce-product-details__short-description\">\n<p>Lydabsorbent. A+E kant.<br \/>\n<strong>E-kant er skaffevare.<\/strong><\/p>\n<p><strong>Ved st\u00f8rre bestillinger, be om <a href=\"https:\/\/www.akustikksenter.no\/kontakt\/\">tilbud.<\/a><\/strong><\/p>\n<\/div>\n<\/div>\n<\/div>\n\t<\/div>\r\n\t\n\t<span class=\"price\"><span class=\"wc-measurement-price-calculator-price\"><span class=\"woocommerce-Price-amount amount\" aria-hidden=\"true\"><bdi><span class=\"woocommerce-Price-currencySymbol\">&#107;&#114;<\/span>&nbsp;349<\/bdi><\/span> <span aria-hidden=\"true\">-<\/span> <span class=\"woocommerce-Price-amount amount\" aria-hidden=\"true\"><bdi><span class=\"woocommerce-Price-currencySymbol\">&#107;&#114;<\/span>&nbsp;414<\/bdi><\/span><span class=\"screen-reader-text\">Prisinterval: &#107;&#114;&nbsp;349 til &#107;&#114;&nbsp;414<\/span> pr. m\u00b2 <small class=\"woocommerce-price-suffix\">ink.mva<\/small><\/span><\/span>\n<\/a><a href=\"https:\/\/www.akustikksenter.no\/da\/butikk\/systemhimling\/loke-15\/\" aria-describedby=\"woocommerce_loop_add_to_cart_link_describedby_164\" data-quantity=\"1\" class=\"button product_type_variable add_to_cart_button\" data-product_id=\"164\" data-product_sku=\"\" aria-label=\"V\u00e6lg indstillinger for &quot;Loke\u2122 Himlingsplate 15mm lyddempende&quot;\" rel=\"nofollow\">V\u00e6lg indstillinger<\/a>\t<span id=\"woocommerce_loop_add_to_cart_link_describedby_164\" class=\"screen-reader-text\">\n\t\tDette produkt har flere varianter. Valgmulighederne kan v\u00e6lges p\u00e5 produktsiden\t<\/span>\n\t\t\t<input type=\"hidden\" class=\"pmwProductId\" data-id=\"164\">\n\t\t\t\t\t<script>\n\t\t\t(window.pmwDataLayer = window.pmwDataLayer || {}).products                = window.pmwDataLayer.products || {};\n\t\t\twindow.pmwDataLayer.products[164] = {\"id\":\"164\",\"sku\":\"\",\"price\":413.55,\"brand\":\"\",\"quantity\":1,\"dyn_r_ids\":{\"post_id\":\"164\",\"sku\":164,\"gpf\":\"woocommerce_gpf_164\",\"gla\":\"gla_164\"},\"is_variable\":true,\"type\":\"variable\",\"name\":\"Loke\u2122 Himlingsplate 15mm lyddempende\",\"category\":[\"Systemhimling\"],\"is_variation\":false};\n\t\t\t\t\twindow.pmw_product_position = window.pmw_product_position || 1;\n\t\twindow.pmwDataLayer.products[164]['position'] = window.pmw_product_position++;\n\t\t\t\t<\/script>\n\t\t<\/li>\n<li class=\"product type-product post-10578 status-publish instock product_cat-systemhimling product_tag-bibliotek-og-museum product_tag-hotell-restaurant-og-uteliv product_tag-idrettshaller-og-treningssenter product_tag-industri-kjopesenter-og-butikk product_tag-kontor-moterom-og-kantine product_tag-skoler-og-barnehager product_tag-tak has-post-thumbnail taxable shipping-taxable purchasable product-type-variable\">\n\t<a href=\"https:\/\/www.akustikksenter.no\/da\/butikk\/systemhimling\/komplett-systemhimling\/\" class=\"woocommerce-LoopProduct-link woocommerce-loop-product__link\"><div class=\"tp-image-wrapper\"><img decoding=\"async\" class=\"tp-image\" src=\"https:\/\/www.akustikksenter.no\/wp-content\/uploads\/2023\/08\/Komplett-systemhimling-MED-himlingsplater-450x450.png\" srcset=\"https:\/\/www.akustikksenter.no\/wp-content\/uploads\/2023\/08\/Komplett-systemhimling-MED-himlingsplater-450x450.png 450w, https:\/\/www.akustikksenter.no\/wp-content\/uploads\/2023\/08\/Komplett-systemhimling-MED-himlingsplater-100x100.png 100w\" sizes=\"(max-width: 360px) 100vw, 360px\" alt=\"Komplett systemhimling MED himlingsplater\"><img decoding=\"async\" class=\"tp-image-hover\" src=\"https:\/\/www.akustikksenter.no\/wp-content\/uploads\/2024\/02\/Eira-15-i-system-450x450.jpg\" srcset=\"https:\/\/www.akustikksenter.no\/wp-content\/uploads\/2024\/02\/Eira-15-i-system-450x450.jpg 450w, https:\/\/www.akustikksenter.no\/wp-content\/uploads\/2024\/02\/Eira-15-i-system-100x100.jpg 100w\" sizes=\"(max-width: 360px) 100vw, 360px\" alt=\"Komplett systemhimling MED himlingsplater\"><\/div><h2 class=\"woocommerce-loop-product__title\">Komplett systemhimling MED himlingsplater<\/h2>\t<div itemprop=\"description\">\r\n\t\t<p>Komplett systemhimling. CE godkjent<br \/>\nMatt hvit eller svart utf\u00f8relse, lydabsorbsjonsklasse A, brannklasse A, T-24 skinnesystem, standard 60\/60 l\u00f8sning.<\/p>\n\t<\/div>\r\n\t\n\t<span class=\"price\"><span class=\"wc-measurement-price-calculator-price\"><span class=\"woocommerce-Price-amount amount\" aria-hidden=\"true\"><bdi><span class=\"woocommerce-Price-currencySymbol\">&#107;&#114;<\/span>&nbsp;487<\/bdi><\/span> <span aria-hidden=\"true\">-<\/span> <span class=\"woocommerce-Price-amount amount\" aria-hidden=\"true\"><bdi><span class=\"woocommerce-Price-currencySymbol\">&#107;&#114;<\/span>&nbsp;530<\/bdi><\/span><span class=\"screen-reader-text\">Prisinterval: &#107;&#114;&nbsp;487 til &#107;&#114;&nbsp;530<\/span> pr. m\u00b2 <small class=\"woocommerce-price-suffix\">ink.mva<\/small><\/span><\/span>\n<\/a><a href=\"https:\/\/www.akustikksenter.no\/da\/butikk\/systemhimling\/komplett-systemhimling\/\" aria-describedby=\"woocommerce_loop_add_to_cart_link_describedby_10578\" data-quantity=\"1\" class=\"button product_type_variable add_to_cart_button\" data-product_id=\"10578\" data-product_sku=\"\" aria-label=\"V\u00e6lg indstillinger for &quot;Komplett systemhimling MED himlingsplater&quot;\" rel=\"nofollow\">V\u00e6lg indstillinger<\/a>\t<span id=\"woocommerce_loop_add_to_cart_link_describedby_10578\" class=\"screen-reader-text\">\n\t\tDette produkt har flere varianter. Valgmulighederne kan v\u00e6lges p\u00e5 produktsiden\t<\/span>\n\t\t\t<input type=\"hidden\" class=\"pmwProductId\" data-id=\"10578\">\n\t\t\t\t\t<script>\n\t\t\t(window.pmwDataLayer = window.pmwDataLayer || {}).products                = window.pmwDataLayer.products || {};\n\t\t\twindow.pmwDataLayer.products[10578] = {\"id\":\"10578\",\"sku\":\"\",\"price\":530.42,\"brand\":\"\",\"quantity\":1,\"dyn_r_ids\":{\"post_id\":\"10578\",\"sku\":10578,\"gpf\":\"woocommerce_gpf_10578\",\"gla\":\"gla_10578\"},\"is_variable\":true,\"type\":\"variable\",\"name\":\"Komplett systemhimling MED himlingsplater\",\"category\":[\"Systemhimling\"],\"is_variation\":false};\n\t\t\t\t\twindow.pmw_product_position = window.pmw_product_position || 1;\n\t\twindow.pmwDataLayer.products[10578]['position'] = window.pmw_product_position++;\n\t\t\t\t<\/script>\n\t\t<\/li>\n<li class=\"product type-product post-869 status-publish last instock product_cat-systemhimling product_tag-bibliotek-og-museum product_tag-himlingsplate product_tag-hotell-restaurant-og-uteliv product_tag-idrettshaller-og-treningssenter product_tag-industri-kjopesenter-og-butikk product_tag-kontor-moterom-og-kantine product_tag-skoler-og-barnehager has-post-thumbnail taxable shipping-taxable purchasable product-type-variable has-default-attributes\">\n\t<a href=\"https:\/\/www.akustikksenter.no\/da\/butikk\/systemhimling\/eira-15-himlingsplate\/\" class=\"woocommerce-LoopProduct-link woocommerce-loop-product__link\"><div class=\"tp-image-wrapper\"><img decoding=\"async\" class=\"tp-image\" src=\"https:\/\/www.akustikksenter.no\/wp-content\/uploads\/2014\/03\/86060-eira-a-kant-593x593x15-450x450.jpg\" srcset=\"https:\/\/www.akustikksenter.no\/wp-content\/uploads\/2014\/03\/86060-eira-a-kant-593x593x15-450x450.jpg 450w, https:\/\/www.akustikksenter.no\/wp-content\/uploads\/2014\/03\/86060-eira-a-kant-593x593x15-100x100.jpg 100w, https:\/\/www.akustikksenter.no\/wp-content\/uploads\/2014\/03\/86060-eira-a-kant-593x593x15-300x300.jpg 300w\" sizes=\"(max-width: 360px) 100vw, 360px\" alt=\"Eira\u2122 Himlingsplate 15mm hvit lyddempende\"><img decoding=\"async\" class=\"tp-image-hover\" src=\"https:\/\/www.akustikksenter.no\/wp-content\/uploads\/2015\/03\/IMG_3713-450x450.jpg\" srcset=\"https:\/\/www.akustikksenter.no\/wp-content\/uploads\/2015\/03\/IMG_3713-450x450.jpg 450w, https:\/\/www.akustikksenter.no\/wp-content\/uploads\/2015\/03\/IMG_3713-100x100.jpg 100w\" sizes=\"(max-width: 360px) 100vw, 360px\" alt=\"Eira\u2122 Himlingsplate 15mm hvit lyddempende\"><\/div><h2 class=\"woocommerce-loop-product__title\">Eira\u2122 Himlingsplate 15mm hvit lyddempende<\/h2>\t<div itemprop=\"description\">\r\n\t\t<p>S\u00e6rdeles god lydabsorbsjon. Lyddemping, klasse A.\u00a0 15 mm absorbent til systemhimling for optimal akustisk l\u00f8sning. Gr\u00f8nn produksjon, h\u00f8y kvalitet og lang levetid gj\u00f8r produktet meget b\u00e6rekraftig.<\/p>\n<p>Lydabsorbent. A+E kant.<br \/>\n<strong>E-kant er skaffevare.<\/strong><\/p>\n<h4><\/h4>\n\t<\/div>\r\n\t\n\t<span class=\"price\"><span class=\"wc-measurement-price-calculator-price\"><span class=\"woocommerce-Price-amount amount\" aria-hidden=\"true\"><bdi><span class=\"woocommerce-Price-currencySymbol\">&#107;&#114;<\/span>&nbsp;375<\/bdi><\/span> <span aria-hidden=\"true\">-<\/span> <span class=\"woocommerce-Price-amount amount\" aria-hidden=\"true\"><bdi><span class=\"woocommerce-Price-currencySymbol\">&#107;&#114;<\/span>&nbsp;420<\/bdi><\/span><span class=\"screen-reader-text\">Prisinterval: &#107;&#114;&nbsp;375 til &#107;&#114;&nbsp;420<\/span> pr. m\u00b2 <small class=\"woocommerce-price-suffix\">ink.mva<\/small><\/span><\/span>\n<\/a><a href=\"https:\/\/www.akustikksenter.no\/da\/butikk\/systemhimling\/eira-15-himlingsplate\/\" aria-describedby=\"woocommerce_loop_add_to_cart_link_describedby_869\" data-quantity=\"1\" class=\"button product_type_variable add_to_cart_button\" data-product_id=\"869\" data-product_sku=\"\" aria-label=\"V\u00e6lg indstillinger for &quot;Eira\u2122 Himlingsplate 15mm hvit lyddempende&quot;\" rel=\"nofollow\">V\u00e6lg indstillinger<\/a>\t<span id=\"woocommerce_loop_add_to_cart_link_describedby_869\" class=\"screen-reader-text\">\n\t\tDette produkt har flere varianter. Valgmulighederne kan v\u00e6lges p\u00e5 produktsiden\t<\/span>\n\t\t\t<input type=\"hidden\" class=\"pmwProductId\" data-id=\"869\">\n\t\t\t\t\t<script>\n\t\t\t(window.pmwDataLayer = window.pmwDataLayer || {}).products                = window.pmwDataLayer.products || {};\n\t\t\twindow.pmwDataLayer.products[869] = {\"id\":\"869\",\"sku\":\"\",\"price\":420.28,\"brand\":\"\",\"quantity\":1,\"dyn_r_ids\":{\"post_id\":\"869\",\"sku\":869,\"gpf\":\"woocommerce_gpf_869\",\"gla\":\"gla_869\"},\"is_variable\":true,\"type\":\"variable\",\"name\":\"Eira\u2122 Himlingsplate 15mm hvit lyddempende\",\"category\":[\"Systemhimling\"],\"is_variation\":false};\n\t\t\t\t\twindow.pmw_product_position = window.pmw_product_position || 1;\n\t\twindow.pmwDataLayer.products[869]['position'] = window.pmw_product_position++;\n\t\t\t\t<\/script>\n\t\t<\/li>\n<\/ul>\n<\/div><h3>\n\t\tFl\u00e5ter og Baffler\n\t<\/h3>\n<div class=\"woocommerce columns-4 \"><ul class=\"products columns-4\">\n<li class=\"product type-product post-6383 status-publish first instock product_cat-dekor-absorbenter-vegg-og-tak product_cat-flater-og-baffler product_tag-baffel product_tag-spesialabsorbent product_tag-tak product_tag-vegg has-post-thumbnail taxable shipping-taxable purchasable product-type-variable has-default-attributes\">\n\t<a href=\"https:\/\/www.akustikksenter.no\/da\/butikk\/flater-og-baffler\/eira40mm-svart-sirkel\/\" class=\"woocommerce-LoopProduct-link woocommerce-loop-product__link\"><div class=\"tp-image-wrapper\"><img decoding=\"async\" class=\"tp-image\" src=\"https:\/\/www.akustikksenter.no\/wp-content\/uploads\/2019\/10\/EiraTM40mm-Svart-450x450.jpg\" srcset=\"https:\/\/www.akustikksenter.no\/wp-content\/uploads\/2019\/10\/EiraTM40mm-Svart-450x450.jpg 450w, https:\/\/www.akustikksenter.no\/wp-content\/uploads\/2019\/10\/EiraTM40mm-Svart-100x100.jpg 100w, https:\/\/www.akustikksenter.no\/wp-content\/uploads\/2019\/10\/EiraTM40mm-Svart-300x300.jpg 300w\" sizes=\"(max-width: 360px) 100vw, 360px\" alt=\"Eira\u2122 40mm Svart lyddempende sirkel\"><img decoding=\"async\" class=\"tp-image-hover\" src=\"https:\/\/www.akustikksenter.no\/wp-content\/uploads\/2016\/01\/1.jpg\" srcset=\"https:\/\/www.akustikksenter.no\/wp-content\/uploads\/2016\/01\/1.jpg 366w, https:\/\/www.akustikksenter.no\/wp-content\/uploads\/2016\/01\/1-100x100.jpg 100w, https:\/\/www.akustikksenter.no\/wp-content\/uploads\/2016\/01\/1-350x350.jpg 350w, https:\/\/www.akustikksenter.no\/wp-content\/uploads\/2016\/01\/1-300x300.jpg 300w, https:\/\/www.akustikksenter.no\/wp-content\/uploads\/2016\/01\/1-150x150.jpg 150w, https:\/\/www.akustikksenter.no\/wp-content\/uploads\/2016\/01\/1-80x80.jpg 80w, https:\/\/www.akustikksenter.no\/wp-content\/uploads\/2016\/01\/1-250x250.jpg 250w\" sizes=\"(max-width: 360px) 100vw, 360px\" alt=\"Eira\u2122 40mm Svart lyddempende sirkel\"><\/div><h2 class=\"woocommerce-loop-product__title\">Eira\u2122 40mm Svart lyddempende sirkel<\/h2>\t<div itemprop=\"description\">\r\n\t\t<p>Baffel og fl\u00e5te. S\u00e6rdeles god lydabsorbsjon \u2013 lyddemping, klasse A.\u00a0 Platen er 40 mm tykk. Kan monteres med oppheng\u00a0 i tak eller limes direkte p\u00e5 vegg\/tak.<\/p>\n<p>Gr\u00f8nn produksjon, h\u00f8y kvalitet og lang levetid gj\u00f8r produktet meget b\u00e6rekraftig.<\/p>\n<p>&nbsp;<\/p>\n<p>&nbsp;<\/p>\n\t<\/div>\r\n\t\n\t<span class=\"price\"><span class=\"wc-measurement-price-calculator-price\"><span class=\"woocommerce-Price-amount amount\" aria-hidden=\"true\"><bdi><span class=\"woocommerce-Price-currencySymbol\">&#107;&#114;<\/span>&nbsp;2,675<\/bdi><\/span> <span aria-hidden=\"true\">-<\/span> <span class=\"woocommerce-Price-amount amount\" aria-hidden=\"true\"><bdi><span class=\"woocommerce-Price-currencySymbol\">&#107;&#114;<\/span>&nbsp;3,160<\/bdi><\/span><span class=\"screen-reader-text\">Prisinterval: &#107;&#114;&nbsp;2,675 til &#107;&#114;&nbsp;3,160<\/span> pr. m\u00b2 <small class=\"woocommerce-price-suffix\">ink.mva<\/small><\/span><\/span>\n<\/a><a href=\"https:\/\/www.akustikksenter.no\/da\/butikk\/flater-og-baffler\/eira40mm-svart-sirkel\/\" aria-describedby=\"woocommerce_loop_add_to_cart_link_describedby_6383\" data-quantity=\"1\" class=\"button product_type_variable add_to_cart_button\" data-product_id=\"6383\" data-product_sku=\"\" aria-label=\"V\u00e6lg indstillinger for &quot;Eira\u2122 40mm Svart lyddempende sirkel&quot;\" rel=\"nofollow\">V\u00e6lg indstillinger<\/a>\t<span id=\"woocommerce_loop_add_to_cart_link_describedby_6383\" class=\"screen-reader-text\">\n\t\tDette produkt har flere varianter. Valgmulighederne kan v\u00e6lges p\u00e5 produktsiden\t<\/span>\n\t\t\t<input type=\"hidden\" class=\"pmwProductId\" data-id=\"6383\">\n\t\t\t\t\t<script>\n\t\t\t(window.pmwDataLayer = window.pmwDataLayer || {}).products                = window.pmwDataLayer.products || {};\n\t\t\twindow.pmwDataLayer.products[6383] = {\"id\":\"6383\",\"sku\":\"\",\"price\":3159.94,\"brand\":\"\",\"quantity\":1,\"dyn_r_ids\":{\"post_id\":\"6383\",\"sku\":6383,\"gpf\":\"woocommerce_gpf_6383\",\"gla\":\"gla_6383\"},\"is_variable\":true,\"type\":\"variable\",\"name\":\"Eira\u2122 40mm Svart lyddempende sirkel\",\"category\":[\"Dekorativ lyddemping\",\"Fl\u00e5ter og baffler\"],\"is_variation\":false};\n\t\t\t\t\twindow.pmw_product_position = window.pmw_product_position || 1;\n\t\twindow.pmwDataLayer.products[6383]['position'] = window.pmw_product_position++;\n\t\t\t\t<\/script>\n\t\t<\/li>\n<li class=\"product type-product post-1137 status-publish instock product_cat-dekor-absorbenter-vegg-og-tak product_cat-flater-og-baffler product_tag-baffel product_tag-spesialabsorbent product_tag-tak product_tag-vegg has-post-thumbnail taxable shipping-taxable purchasable product-type-variable\">\n\t<a href=\"https:\/\/www.akustikksenter.no\/da\/butikk\/flater-og-baffler\/circle\/\" class=\"woocommerce-LoopProduct-link woocommerce-loop-product__link\"><div class=\"tp-image-wrapper\"><img decoding=\"async\" class=\"tp-image\" src=\"https:\/\/www.akustikksenter.no\/wp-content\/uploads\/2014\/08\/8594-circle-600x40-450x450.jpg\" srcset=\"https:\/\/www.akustikksenter.no\/wp-content\/uploads\/2014\/08\/8594-circle-600x40-450x450.jpg 450w, https:\/\/www.akustikksenter.no\/wp-content\/uploads\/2014\/08\/8594-circle-600x40-100x100.jpg 100w, https:\/\/www.akustikksenter.no\/wp-content\/uploads\/2014\/08\/8594-circle-600x40-300x300.jpg 300w\" sizes=\"(max-width: 360px) 100vw, 360px\" alt=\"bilde av Loke\u2122 40mm lyddempende sirkel\"><img decoding=\"async\" class=\"tp-image-hover\" src=\"https:\/\/www.akustikksenter.no\/wp-content\/uploads\/2020\/02\/Hvit-sirkel-Loke-40-2-450x450.jpg\" srcset=\"https:\/\/www.akustikksenter.no\/wp-content\/uploads\/2020\/02\/Hvit-sirkel-Loke-40-2-450x450.jpg 450w, https:\/\/www.akustikksenter.no\/wp-content\/uploads\/2020\/02\/Hvit-sirkel-Loke-40-2-100x100.jpg 100w, https:\/\/www.akustikksenter.no\/wp-content\/uploads\/2020\/02\/Hvit-sirkel-Loke-40-2-200x200.jpg 200w, https:\/\/www.akustikksenter.no\/wp-content\/uploads\/2020\/02\/Hvit-sirkel-Loke-40-2-300x300.jpg 300w\" sizes=\"(max-width: 360px) 100vw, 360px\" alt=\"bilde av Loke\u2122 40mm lyddempende sirkel\"><\/div><h2 class=\"woocommerce-loop-product__title\">Loke\u2122 40mm lyddempende sirkel<\/h2>\t<div itemprop=\"description\">\r\n\t\t<p>Baffel og fl\u00e5te. S\u00e6rdeles god lydabsorbsjon \u2013 lyddemping, klasse A.\u00a0 Platen er 40 mm tykk. Kan monteres med oppheng\u00a0 i tak eller limes direkte p\u00e5 vegg\/tak.<\/p>\n<p>Gr\u00f8nn produksjon, h\u00f8y kvalitet og lang levetid gj\u00f8r produktet meget b\u00e6rekraftig.<\/p>\n\t<\/div>\r\n\t\n\t<span class=\"price\"><span class=\"wc-measurement-price-calculator-price\"><span class=\"woocommerce-Price-amount amount\" aria-hidden=\"true\"><bdi><span class=\"woocommerce-Price-currencySymbol\">&#107;&#114;<\/span>&nbsp;2,585<\/bdi><\/span> <span aria-hidden=\"true\">-<\/span> <span class=\"woocommerce-Price-amount amount\" aria-hidden=\"true\"><bdi><span class=\"woocommerce-Price-currencySymbol\">&#107;&#114;<\/span>&nbsp;3,100<\/bdi><\/span><span class=\"screen-reader-text\">Prisinterval: &#107;&#114;&nbsp;2,585 til &#107;&#114;&nbsp;3,100<\/span> pr. m\u00b2 <small class=\"woocommerce-price-suffix\">ink.mva<\/small><\/span><\/span>\n<\/a><a href=\"https:\/\/www.akustikksenter.no\/da\/butikk\/flater-og-baffler\/circle\/\" aria-describedby=\"woocommerce_loop_add_to_cart_link_describedby_1137\" data-quantity=\"1\" class=\"button product_type_variable add_to_cart_button\" data-product_id=\"1137\" data-product_sku=\"\" aria-label=\"V\u00e6lg indstillinger for &quot;Loke\u2122 40mm lyddempende sirkel&quot;\" rel=\"nofollow\">V\u00e6lg indstillinger<\/a>\t<span id=\"woocommerce_loop_add_to_cart_link_describedby_1137\" class=\"screen-reader-text\">\n\t\tDette produkt har flere varianter. Valgmulighederne kan v\u00e6lges p\u00e5 produktsiden\t<\/span>\n\t\t\t<input type=\"hidden\" class=\"pmwProductId\" data-id=\"1137\">\n\t\t\t\t\t<script>\n\t\t\t(window.pmwDataLayer = window.pmwDataLayer || {}).products                = window.pmwDataLayer.products || {};\n\t\t\twindow.pmwDataLayer.products[1137] = {\"id\":\"1137\",\"sku\":\"\",\"price\":2859.91,\"brand\":\"\",\"quantity\":1,\"dyn_r_ids\":{\"post_id\":\"1137\",\"sku\":1137,\"gpf\":\"woocommerce_gpf_1137\",\"gla\":\"gla_1137\"},\"is_variable\":true,\"type\":\"variable\",\"name\":\"Loke\u2122 40mm lyddempende sirkel\",\"category\":[\"Dekorativ lyddemping\",\"Fl\u00e5ter og baffler\"],\"is_variation\":false};\n\t\t\t\t\twindow.pmw_product_position = window.pmw_product_position || 1;\n\t\twindow.pmwDataLayer.products[1137]['position'] = window.pmw_product_position++;\n\t\t\t\t<\/script>\n\t\t<\/li>\n<li class=\"product type-product post-380 status-publish instock product_cat-dekor-absorbenter-vegg-og-tak product_cat-flater-og-baffler product_tag-flate product_tag-tak has-post-thumbnail featured taxable shipping-taxable purchasable product-type-variable\">\n\t<a href=\"https:\/\/www.akustikksenter.no\/da\/butikk\/flater-og-baffler\/flate\/\" class=\"woocommerce-LoopProduct-link woocommerce-loop-product__link\"><div class=\"tp-image-wrapper\"><img decoding=\"async\" class=\"tp-image\" src=\"https:\/\/www.akustikksenter.no\/wp-content\/uploads\/2014\/02\/Flater-ulike-storrelser-450x423.jpg\" srcset=\"\" sizes=\"(max-width: 360px) 100vw, 360px\" alt=\"Loke\u2122 40mm Lyddempende fl\u00e5te\"><img decoding=\"async\" class=\"tp-image-hover\" src=\"https:\/\/www.akustikksenter.no\/wp-content\/uploads\/2014\/02\/flater-Loke-scaled-450x450.jpg\" srcset=\"https:\/\/www.akustikksenter.no\/wp-content\/uploads\/2014\/02\/flater-Loke-scaled-450x450.jpg 450w, https:\/\/www.akustikksenter.no\/wp-content\/uploads\/2014\/02\/flater-Loke-scaled-100x100.jpg 100w\" sizes=\"(max-width: 360px) 100vw, 360px\" alt=\"Loke\u2122 40mm Lyddempende fl\u00e5te\"><\/div><h2 class=\"woocommerce-loop-product__title\">Loke\u2122 40mm Lyddempende fl\u00e5te<\/h2>\t<div itemprop=\"description\">\r\n\t\t<p>Fl\u00e5te med s\u00e6rdeles god lydabsorbsjon. Lyddemping, klasse A.\u00a0 Platen er 40 mm tykk. Monteres med wire i tak.<\/p>\n<p>Gr\u00f8nn produksjon, h\u00f8y kvalitet og lang levetid gj\u00f8r produktet meget b\u00e6rekraftig.<\/p>\n<p>&nbsp;<\/p>\n\t<\/div>\r\n\t\n\t<span class=\"price\"><span class=\"wc-measurement-price-calculator-price\"><span class=\"woocommerce-Price-amount amount\" aria-hidden=\"true\"><bdi><span class=\"woocommerce-Price-currencySymbol\">&#107;&#114;<\/span>&nbsp;1,253<\/bdi><\/span> <span aria-hidden=\"true\">-<\/span> <span class=\"woocommerce-Price-amount amount\" aria-hidden=\"true\"><bdi><span class=\"woocommerce-Price-currencySymbol\">&#107;&#114;<\/span>&nbsp;1,631<\/bdi><\/span><span class=\"screen-reader-text\">Prisinterval: &#107;&#114;&nbsp;1,253 til &#107;&#114;&nbsp;1,631<\/span> pr. m\u00b2 <small class=\"woocommerce-price-suffix\">ink.mva<\/small><\/span><\/span>\n<\/a><a href=\"https:\/\/www.akustikksenter.no\/da\/butikk\/flater-og-baffler\/flate\/\" aria-describedby=\"woocommerce_loop_add_to_cart_link_describedby_380\" data-quantity=\"1\" class=\"button product_type_variable add_to_cart_button\" data-product_id=\"380\" data-product_sku=\"\" aria-label=\"V\u00e6lg indstillinger for &quot;Loke\u2122 40mm Lyddempende fl\u00e5te&quot;\" rel=\"nofollow\">V\u00e6lg indstillinger<\/a>\t<span id=\"woocommerce_loop_add_to_cart_link_describedby_380\" class=\"screen-reader-text\">\n\t\tDette produkt har flere varianter. Valgmulighederne kan v\u00e6lges p\u00e5 produktsiden\t<\/span>\n\t\t\t<input type=\"hidden\" class=\"pmwProductId\" data-id=\"380\">\n\t\t\t\t\t<script>\n\t\t\t(window.pmwDataLayer = window.pmwDataLayer || {}).products                = window.pmwDataLayer.products || {};\n\t\t\twindow.pmwDataLayer.products[380] = {\"id\":\"380\",\"sku\":\"\",\"price\":1630.5,\"brand\":\"\",\"quantity\":1,\"dyn_r_ids\":{\"post_id\":\"380\",\"sku\":380,\"gpf\":\"woocommerce_gpf_380\",\"gla\":\"gla_380\"},\"is_variable\":true,\"type\":\"variable\",\"name\":\"Loke\u2122 40mm Lyddempende fl\u00e5te\",\"category\":[\"Dekorativ lyddemping\",\"Fl\u00e5ter og baffler\"],\"is_variation\":false};\n\t\t\t\t\twindow.pmw_product_position = window.pmw_product_position || 1;\n\t\twindow.pmwDataLayer.products[380]['position'] = window.pmw_product_position++;\n\t\t\t\t<\/script>\n\t\t<\/li>\n<li class=\"product type-product post-369 status-publish last instock product_cat-flater-og-baffler product_tag-baffel product_tag-spesialabsorbent product_tag-tak has-post-thumbnail taxable shipping-taxable purchasable product-type-variable has-default-attributes\">\n\t<a href=\"https:\/\/www.akustikksenter.no\/da\/butikk\/flater-og-baffler\/vertikal-lyddemper\/\" class=\"woocommerce-LoopProduct-link woocommerce-loop-product__link\"><div class=\"tp-image-wrapper\"><img decoding=\"async\" class=\"tp-image\" src=\"https:\/\/www.akustikksenter.no\/wp-content\/uploads\/2014\/03\/eira-40-450x450.jpg\" srcset=\"https:\/\/www.akustikksenter.no\/wp-content\/uploads\/2014\/03\/eira-40-450x450.jpg 450w, https:\/\/www.akustikksenter.no\/wp-content\/uploads\/2014\/03\/eira-40-100x100.jpg 100w, https:\/\/www.akustikksenter.no\/wp-content\/uploads\/2014\/03\/eira-40-150x150.jpg 150w, https:\/\/www.akustikksenter.no\/wp-content\/uploads\/2014\/03\/eira-40-80x80.jpg 80w, https:\/\/www.akustikksenter.no\/wp-content\/uploads\/2014\/03\/eira-40-300x300.jpg 300w, https:\/\/www.akustikksenter.no\/wp-content\/uploads\/2014\/03\/eira-40-500x500.jpg 500w\" sizes=\"(max-width: 360px) 100vw, 360px\" alt=\"Loke\u2122 40mm  Vertikal lyddempende baffel\"><img decoding=\"async\" class=\"tp-image-hover\" src=\"https:\/\/www.akustikksenter.no\/wp-content\/uploads\/2022\/06\/Baffer-flyplass-scaled-450x450.jpg\" srcset=\"https:\/\/www.akustikksenter.no\/wp-content\/uploads\/2022\/06\/Baffer-flyplass-scaled-450x450.jpg 450w, https:\/\/www.akustikksenter.no\/wp-content\/uploads\/2022\/06\/Baffer-flyplass-100x100.jpg 100w, https:\/\/www.akustikksenter.no\/wp-content\/uploads\/2022\/06\/Baffer-flyplass-300x300.jpg 300w\" sizes=\"(max-width: 360px) 100vw, 360px\" alt=\"Loke\u2122 40mm  Vertikal lyddempende baffel\"><\/div><h2 class=\"woocommerce-loop-product__title\">Loke\u2122 40mm  Vertikal lyddempende baffel<\/h2>\t<div itemprop=\"description\">\r\n\t\t<p>Baffel. S\u00e6rdeles god lydabsorbsjon \u2013 lyddemping, klasse A.\u00a0 Platen er 40 mm tykk. Monteres med wire i tak.<\/p>\n<p>Pris pr. eske.<\/p>\n<p>&nbsp;<\/p>\n\t<\/div>\r\n\t\n\t<span class=\"price\"><span class=\"wc-measurement-price-calculator-price\"><span class=\"woocommerce-Price-amount amount\"><bdi><span class=\"woocommerce-Price-currencySymbol\">&#107;&#114;<\/span>&nbsp;1,040<\/bdi><\/span> pr. m\u00b2 <small class=\"woocommerce-price-suffix\">ink.mva<\/small><\/span><\/span>\n<\/a><a href=\"https:\/\/www.akustikksenter.no\/da\/butikk\/flater-og-baffler\/vertikal-lyddemper\/\" aria-describedby=\"woocommerce_loop_add_to_cart_link_describedby_369\" data-quantity=\"1\" class=\"button product_type_variable add_to_cart_button\" data-product_id=\"369\" data-product_sku=\"\" aria-label=\"V\u00e6lg indstillinger for &quot;Loke\u2122 40mm  Vertikal lyddempende baffel&quot;\" rel=\"nofollow\">V\u00e6lg indstillinger<\/a>\t<span id=\"woocommerce_loop_add_to_cart_link_describedby_369\" class=\"screen-reader-text\">\n\t\tDette produkt har flere varianter. Valgmulighederne kan v\u00e6lges p\u00e5 produktsiden\t<\/span>\n\t\t\t<input type=\"hidden\" class=\"pmwProductId\" data-id=\"369\">\n\t\t\t\t\t<script>\n\t\t\t(window.pmwDataLayer = window.pmwDataLayer || {}).products                = window.pmwDataLayer.products || {};\n\t\t\twindow.pmwDataLayer.products[369] = {\"id\":\"369\",\"sku\":\"\",\"price\":1040.07,\"brand\":\"\",\"quantity\":1,\"dyn_r_ids\":{\"post_id\":\"369\",\"sku\":369,\"gpf\":\"woocommerce_gpf_369\",\"gla\":\"gla_369\"},\"is_variable\":true,\"type\":\"variable\",\"name\":\"Loke\u2122 40mm  Vertikal lyddempende baffel\",\"category\":[\"Fl\u00e5ter og baffler\"],\"is_variation\":false};\n\t\t\t\t\twindow.pmw_product_position = window.pmw_product_position || 1;\n\t\twindow.pmwDataLayer.products[369]['position'] = window.pmw_product_position++;\n\t\t\t\t<\/script>\n\t\t<\/li>\n<li class=\"product type-product post-3105 status-publish first instock product_cat-dekor-absorbenter-vegg-og-tak product_cat-flater-og-baffler product_tag-tak has-post-thumbnail featured taxable shipping-taxable purchasable product-type-variable has-default-attributes\">\n\t<a href=\"https:\/\/www.akustikksenter.no\/da\/butikk\/flater-og-baffler\/loke-oval-flate-hvit-40mm\/\" class=\"woocommerce-LoopProduct-link woocommerce-loop-product__link\"><div class=\"tp-image-wrapper\"><img decoding=\"async\" class=\"tp-image\" src=\"https:\/\/www.akustikksenter.no\/wp-content\/uploads\/2017\/06\/Oval-naerbilde-450x450.jpg\" srcset=\"https:\/\/www.akustikksenter.no\/wp-content\/uploads\/2017\/06\/Oval-naerbilde-450x450.jpg 450w, https:\/\/www.akustikksenter.no\/wp-content\/uploads\/2017\/06\/Oval-naerbilde-100x100.jpg 100w\" sizes=\"(max-width: 360px) 100vw, 360px\" alt=\"Loke\u2122 Oval lyddempende fl\u00e5te 40mm\"><img decoding=\"async\" class=\"tp-image-hover\" src=\"https:\/\/www.akustikksenter.no\/wp-content\/uploads\/2017\/06\/Loke-40-flater-oval-2-scaled-450x450.jpg\" srcset=\"https:\/\/www.akustikksenter.no\/wp-content\/uploads\/2017\/06\/Loke-40-flater-oval-2-scaled-450x450.jpg 450w, https:\/\/www.akustikksenter.no\/wp-content\/uploads\/2017\/06\/Loke-40-flater-oval-2-scaled-100x100.jpg 100w\" sizes=\"(max-width: 360px) 100vw, 360px\" alt=\"Loke\u2122 Oval lyddempende fl\u00e5te 40mm\"><\/div><h2 class=\"woocommerce-loop-product__title\">Loke\u2122 Oval lyddempende fl\u00e5te 40mm<\/h2>\t<div itemprop=\"description\">\r\n\t\t<p>Fl\u00e5te. S\u00e6rdeles god lydabsorbsjon \u2013 lyddemping, klasse A.\u00a0 Platen er 1100x2100mm og 40 mm tykk. Kan monteres med oppheng\u00a0 i tak eller limes direkte p\u00e5 vegg\/tak.<\/p>\n<p>Gr\u00f8nn produksjon, h\u00f8y kvalitet og lang levetid gj\u00f8r produktet meget b\u00e6rekraftig.<\/p>\n\t<\/div>\r\n\t\n\t<span class=\"price\"><span class=\"wc-measurement-price-calculator-price\"><span class=\"woocommerce-Price-amount amount\" aria-hidden=\"true\"><bdi><span class=\"woocommerce-Price-currencySymbol\">&#107;&#114;<\/span>&nbsp;2,159<\/bdi><\/span> <span aria-hidden=\"true\">-<\/span> <span class=\"woocommerce-Price-amount amount\" aria-hidden=\"true\"><bdi><span class=\"woocommerce-Price-currencySymbol\">&#107;&#114;<\/span>&nbsp;2,528<\/bdi><\/span><span class=\"screen-reader-text\">Prisinterval: &#107;&#114;&nbsp;2,159 til &#107;&#114;&nbsp;2,528<\/span> pr. m\u00b2 <small class=\"woocommerce-price-suffix\">ink.mva<\/small><\/span><\/span>\n<\/a><a href=\"https:\/\/www.akustikksenter.no\/da\/butikk\/flater-og-baffler\/loke-oval-flate-hvit-40mm\/\" aria-describedby=\"woocommerce_loop_add_to_cart_link_describedby_3105\" data-quantity=\"1\" class=\"button product_type_variable add_to_cart_button\" data-product_id=\"3105\" data-product_sku=\"86009\" aria-label=\"V\u00e6lg indstillinger for &quot;Loke\u2122 Oval lyddempende fl\u00e5te 40mm&quot;\" rel=\"nofollow\">V\u00e6lg indstillinger<\/a>\t<span id=\"woocommerce_loop_add_to_cart_link_describedby_3105\" class=\"screen-reader-text\">\n\t\tDette produkt har flere varianter. Valgmulighederne kan v\u00e6lges p\u00e5 produktsiden\t<\/span>\n\t\t\t<input type=\"hidden\" class=\"pmwProductId\" data-id=\"3105\">\n\t\t\t\t\t<script>\n\t\t\t(window.pmwDataLayer = window.pmwDataLayer || {}).products                = window.pmwDataLayer.products || {};\n\t\t\twindow.pmwDataLayer.products[3105] = {\"id\":\"3105\",\"sku\":\"86009\",\"price\":2528.05,\"brand\":\"\",\"quantity\":1,\"dyn_r_ids\":{\"post_id\":\"3105\",\"sku\":\"86009\",\"gpf\":\"woocommerce_gpf_3105\",\"gla\":\"gla_3105\"},\"is_variable\":true,\"type\":\"variable\",\"name\":\"Loke\u2122 Oval lyddempende fl\u00e5te 40mm\",\"category\":[\"Dekorativ lyddemping\",\"Fl\u00e5ter og baffler\"],\"is_variation\":false};\n\t\t\t\t\twindow.pmw_product_position = window.pmw_product_position || 1;\n\t\twindow.pmwDataLayer.products[3105]['position'] = window.pmw_product_position++;\n\t\t\t\t<\/script>\n\t\t<\/li>\n<li class=\"product type-product post-1149 status-publish instock product_cat-dekor-absorbenter-vegg-og-tak product_cat-flater-og-baffler product_tag-skoler-og-barnehager product_tag-spesialabsorbent product_tag-vegg has-post-thumbnail taxable shipping-taxable purchasable product-type-variable has-default-attributes\">\n\t<a href=\"https:\/\/www.akustikksenter.no\/da\/butikk\/flater-og-baffler\/dolphin\/\" class=\"woocommerce-LoopProduct-link woocommerce-loop-product__link\"><div class=\"tp-image-wrapper\"><img decoding=\"async\" class=\"tp-image\" src=\"https:\/\/www.akustikksenter.no\/wp-content\/uploads\/2014\/08\/86089-dolpin-440x900x401-450x450.jpg\" srcset=\"https:\/\/www.akustikksenter.no\/wp-content\/uploads\/2014\/08\/86089-dolpin-440x900x401-450x450.jpg 450w, https:\/\/www.akustikksenter.no\/wp-content\/uploads\/2014\/08\/86089-dolpin-440x900x401-100x100.jpg 100w, https:\/\/www.akustikksenter.no\/wp-content\/uploads\/2014\/08\/86089-dolpin-440x900x401-150x150.jpg 150w, https:\/\/www.akustikksenter.no\/wp-content\/uploads\/2014\/08\/86089-dolpin-440x900x401-80x80.jpg 80w, https:\/\/www.akustikksenter.no\/wp-content\/uploads\/2014\/08\/86089-dolpin-440x900x401-300x300.jpg 300w, https:\/\/www.akustikksenter.no\/wp-content\/uploads\/2014\/08\/86089-dolpin-440x900x401-500x500.jpg 500w\" sizes=\"(max-width: 360px) 100vw, 360px\" alt=\"Loke\u2122 40mm lyddempende Delfin\"><img decoding=\"async\" class=\"tp-image-hover\" src=\"https:\/\/www.akustikksenter.no\/wp-content\/uploads\/2013\/08\/IMG_1704-450x450.jpg\" srcset=\"https:\/\/www.akustikksenter.no\/wp-content\/uploads\/2013\/08\/IMG_1704-450x450.jpg 450w, https:\/\/www.akustikksenter.no\/wp-content\/uploads\/2013\/08\/IMG_1704-100x100.jpg 100w\" sizes=\"(max-width: 360px) 100vw, 360px\" alt=\"Loke\u2122 40mm lyddempende Delfin\"><\/div><h2 class=\"woocommerce-loop-product__title\">Loke\u2122 40mm lyddempende Delfin<\/h2>\t<div itemprop=\"description\">\r\n\t\t<p>Baffel og fl\u00e5te. S\u00e6rdeles god lydabsorbsjon. Lyddemping, klasse A.\u00a0 Platen er 40 mm tykk. Kan monteres med oppheng\u00a0 i tak eller limes direkte p\u00e5 vegg\/tak.<\/p>\n<p>Gr\u00f8nn produksjon, h\u00f8y kvalitet og lang levetid gj\u00f8r produktet meget b\u00e6rekraftig.<\/p>\n<p>&nbsp;<\/p>\n\t<\/div>\r\n\t\n\t<span class=\"price\"><span class=\"wc-measurement-price-calculator-price\"><span class=\"woocommerce-Price-amount amount\"><bdi><span class=\"woocommerce-Price-currencySymbol\">&#107;&#114;<\/span>&nbsp;2,991<\/bdi><\/span> pr. m\u00b2 <small class=\"woocommerce-price-suffix\">ink.mva<\/small><\/span><\/span>\n<\/a><a href=\"https:\/\/www.akustikksenter.no\/da\/butikk\/flater-og-baffler\/dolphin\/\" aria-describedby=\"woocommerce_loop_add_to_cart_link_describedby_1149\" data-quantity=\"1\" class=\"button product_type_variable add_to_cart_button\" data-product_id=\"1149\" data-product_sku=\"\" aria-label=\"V\u00e6lg indstillinger for &quot;Loke\u2122 40mm lyddempende Delfin&quot;\" rel=\"nofollow\">V\u00e6lg indstillinger<\/a>\t<span id=\"woocommerce_loop_add_to_cart_link_describedby_1149\" class=\"screen-reader-text\">\n\t\tDette produkt har flere varianter. Valgmulighederne kan v\u00e6lges p\u00e5 produktsiden\t<\/span>\n\t\t\t<input type=\"hidden\" class=\"pmwProductId\" data-id=\"1149\">\n\t\t\t\t\t<script>\n\t\t\t(window.pmwDataLayer = window.pmwDataLayer || {}).products                = window.pmwDataLayer.products || {};\n\t\t\twindow.pmwDataLayer.products[1149] = {\"id\":\"1149\",\"sku\":\"\",\"price\":2990.59,\"brand\":\"\",\"quantity\":1,\"dyn_r_ids\":{\"post_id\":\"1149\",\"sku\":1149,\"gpf\":\"woocommerce_gpf_1149\",\"gla\":\"gla_1149\"},\"is_variable\":true,\"type\":\"variable\",\"name\":\"Loke\u2122 40mm lyddempende Delfin\",\"category\":[\"Dekorativ lyddemping\",\"Fl\u00e5ter og baffler\"],\"is_variation\":false};\n\t\t\t\t\twindow.pmw_product_position = window.pmw_product_position || 1;\n\t\twindow.pmwDataLayer.products[1149]['position'] = window.pmw_product_position++;\n\t\t\t\t<\/script>\n\t\t<\/li>\n<li class=\"product type-product post-2179 status-publish instock product_cat-dekor-absorbenter-vegg-og-tak product_cat-flater-og-baffler product_tag-hotell-restaurant-og-uteliv product_tag-idrettshaller-og-treningssenter product_tag-industri-kjopesenter-og-butikk product_tag-kontor-moterom-og-kantine product_tag-privat-bolig product_tag-skoler-og-barnehager product_tag-spesialabsorbent product_tag-tak product_tag-vegg has-post-thumbnail taxable shipping-taxable purchasable product-type-variable has-default-attributes\">\n\t<a href=\"https:\/\/www.akustikksenter.no\/da\/butikk\/flater-og-baffler\/loke-40mm-sky\/\" class=\"woocommerce-LoopProduct-link woocommerce-loop-product__link\"><div class=\"tp-image-wrapper\"><img decoding=\"async\" class=\"tp-image\" src=\"https:\/\/www.akustikksenter.no\/wp-content\/uploads\/2014\/08\/85090-cloud-hvit-600x900x40-450x450.jpg\" srcset=\"https:\/\/www.akustikksenter.no\/wp-content\/uploads\/2014\/08\/85090-cloud-hvit-600x900x40-450x450.jpg 450w, https:\/\/www.akustikksenter.no\/wp-content\/uploads\/2014\/08\/85090-cloud-hvit-600x900x40-100x100.jpg 100w\" sizes=\"(max-width: 360px) 100vw, 360px\" alt=\"Loke\u2122 40mm lyddempende Sky\"><img decoding=\"async\" class=\"tp-image-hover\" src=\"https:\/\/www.akustikksenter.no\/wp-content\/uploads\/2013\/01\/image-450x450.jpeg\" srcset=\"https:\/\/www.akustikksenter.no\/wp-content\/uploads\/2013\/01\/image-450x450.jpeg 450w, https:\/\/www.akustikksenter.no\/wp-content\/uploads\/2013\/01\/image-100x100.jpeg 100w, https:\/\/www.akustikksenter.no\/wp-content\/uploads\/2013\/01\/image-300x300.jpeg 300w\" sizes=\"(max-width: 360px) 100vw, 360px\" alt=\"Loke\u2122 40mm lyddempende Sky\"><\/div><h2 class=\"woocommerce-loop-product__title\">Loke\u2122 40mm lyddempende Sky<\/h2>\t<div itemprop=\"description\">\r\n\t\t<h4>BESTILLINGSVARE<\/h4>\n<p>Baffel og fl\u00e5te. S\u00e6rdeles god lydabsorbsjon. Lyddemping, klasse A.\u00a0 Platen er 40 mm tykk. Kan monteres med oppheng\u00a0 i tak eller limes direkte p\u00e5 vegg\/tak.<\/p>\n<p>Gr\u00f8nn produksjon, h\u00f8y kvalitet og lang levetid gj\u00f8r produktet meget b\u00e6rekraftig.<\/p>\n<p>&nbsp;<\/p>\n\t<\/div>\r\n\t\n\t<span class=\"price\"><span class=\"wc-measurement-price-calculator-price\"><span class=\"woocommerce-Price-amount amount\"><bdi><span class=\"woocommerce-Price-currencySymbol\">&#107;&#114;<\/span>&nbsp;1,856<\/bdi><\/span> pr. m\u00b2 <small class=\"woocommerce-price-suffix\">ink.mva<\/small><\/span><\/span>\n<\/a><a href=\"https:\/\/www.akustikksenter.no\/da\/butikk\/flater-og-baffler\/loke-40mm-sky\/\" aria-describedby=\"woocommerce_loop_add_to_cart_link_describedby_2179\" data-quantity=\"1\" class=\"button product_type_variable add_to_cart_button\" data-product_id=\"2179\" data-product_sku=\"\" aria-label=\"V\u00e6lg indstillinger for &quot;Loke\u2122 40mm lyddempende Sky&quot;\" rel=\"nofollow\">V\u00e6lg indstillinger<\/a>\t<span id=\"woocommerce_loop_add_to_cart_link_describedby_2179\" class=\"screen-reader-text\">\n\t\tDette produkt har flere varianter. Valgmulighederne kan v\u00e6lges p\u00e5 produktsiden\t<\/span>\n\t\t\t<input type=\"hidden\" class=\"pmwProductId\" data-id=\"2179\">\n\t\t\t\t\t<script>\n\t\t\t(window.pmwDataLayer = window.pmwDataLayer || {}).products                = window.pmwDataLayer.products || {};\n\t\t\twindow.pmwDataLayer.products[2179] = {\"id\":\"2179\",\"sku\":\"\",\"price\":1855.84,\"brand\":\"\",\"quantity\":1,\"dyn_r_ids\":{\"post_id\":\"2179\",\"sku\":2179,\"gpf\":\"woocommerce_gpf_2179\",\"gla\":\"gla_2179\"},\"is_variable\":true,\"type\":\"variable\",\"name\":\"Loke\u2122 40mm lyddempende Sky\",\"category\":[\"Dekorativ lyddemping\",\"Fl\u00e5ter og baffler\"],\"is_variation\":false};\n\t\t\t\t\twindow.pmw_product_position = window.pmw_product_position || 1;\n\t\twindow.pmwDataLayer.products[2179]['position'] = window.pmw_product_position++;\n\t\t\t\t<\/script>\n\t\t<\/li>\n<\/ul>\n<\/div>\n\t\t\t\t<img decoding=\"async\" src=\"https:\/\/www.akustikksenter.no\/wp-content\/uploads\/2017\/11\/IMG_4018_V2-e1511948125588.jpg\" alt=\"Privatbolig: Loke\u2122i tak. Loke\u2122 med trykk i trappeoppgang.\" itemprop=\"image\" height=\"2413\" width=\"1920\" title=\"IMG_4018_V2\" onerror=\"this.style.display='none'\"  \/>\nditt design<br \/>dekor<br \/>dine foto&#8221;>\n\t<h3>\n\t\t\t\t\tAkustikkbilder: Lyddempende plater med \n\t\t\t\tPreview text\t\t\t\n\t\t\t<\/h3>\n\t<p><strong>\u00d8nsker du \u00e5 ha lyddempende bilder eller dekor p\u00e5 veggene er v\u00e5re akustikkplater meget godt egnet til dette.\u00a0<\/strong><\/p>\n<p>I tillegg til et\u00a0flott resultat\u00a0av trykket bilde\/dekor f\u00e5r du absorbenter av meget h\u00f8y kvalitet, som blir endel av den totale lydreguleringen i rommet.<\/p>\n\t\t\t<a href=\"https:\/\/www.akustikksenter.no\/nettbutikk\/akustikkbilder-lyddempende-plater-med-trykk\/\" target=\"_self\">\n\t\t\t\t\t\t\tLes mer\n\t\t\t<\/a>\n<h3>\n\t\tHimlingsplater til systemhimling\n\t<\/h3>\n<div class=\"woocommerce columns-5 \"><\/div><h3>\n\t\tSystemhimling\n\t<\/h3>\n<div class=\"woocommerce columns-4 \"><ul class=\"products columns-4\">\n<li class=\"product type-product post-164 status-publish first instock product_cat-systemhimling product_tag-himlingsplate product_tag-hotell-restaurant-og-uteliv product_tag-idrettshaller-og-treningssenter product_tag-industri-kjopesenter-og-butikk product_tag-kontor-moterom-og-kantine product_tag-skoler-og-barnehager has-post-thumbnail featured taxable shipping-taxable purchasable product-type-variable\">\n\t<a href=\"https:\/\/www.akustikksenter.no\/da\/butikk\/systemhimling\/loke-15\/\" class=\"woocommerce-LoopProduct-link woocommerce-loop-product__link\"><div class=\"tp-image-wrapper\"><img decoding=\"async\" class=\"tp-image\" src=\"https:\/\/www.akustikksenter.no\/wp-content\/uploads\/2013\/11\/86054-loke-a-kant-593x593x15-450x450.jpg\" srcset=\"https:\/\/www.akustikksenter.no\/wp-content\/uploads\/2013\/11\/86054-loke-a-kant-593x593x15-450x450.jpg 450w, https:\/\/www.akustikksenter.no\/wp-content\/uploads\/2013\/11\/86054-loke-a-kant-593x593x15-100x100.jpg 100w\" sizes=\"(max-width: 360px) 100vw, 360px\" alt=\"Loke\u2122 Himlingsplate 15mm lyddempende\"><img decoding=\"async\" class=\"tp-image-hover\" src=\"https:\/\/www.akustikksenter.no\/wp-content\/uploads\/2023\/08\/IMG_6424-450x450.jpg\" srcset=\"https:\/\/www.akustikksenter.no\/wp-content\/uploads\/2023\/08\/IMG_6424-450x450.jpg 450w, https:\/\/www.akustikksenter.no\/wp-content\/uploads\/2023\/08\/IMG_6424-100x100.jpg 100w\" sizes=\"(max-width: 360px) 100vw, 360px\" alt=\"Loke\u2122 Himlingsplate 15mm lyddempende\"><\/div><h2 class=\"woocommerce-loop-product__title\">Loke\u2122 Himlingsplate 15mm lyddempende<\/h2>\t<div itemprop=\"description\">\r\n\t\t<p>S\u00e6rdeles god lydabsorbsjon. Lyddemping, klasse A, til systemhimling for optimal akustisk l\u00f8sning. Produktet har utmerkede lydabsorbsjons- og lysrefleksjonsegenskaper.\u00a0Gr\u00f8nn produksjon, h\u00f8y kvalitet og lang levetid gj\u00f8r produktet meget b\u00e6rekraftig.<\/p>\n<div class=\"fl-module fl-module-fl-woo-product-description fl-node-5e4690fcb5e19\" data-node=\"5e4690fcb5e19\">\n<div class=\"fl-module-content fl-node-content\">\n<div class=\"woocommerce-product-details__short-description\">\n<p>Lydabsorbent. A+E kant.<br \/>\n<strong>E-kant er skaffevare.<\/strong><\/p>\n<p><strong>Ved st\u00f8rre bestillinger, be om <a href=\"https:\/\/www.akustikksenter.no\/kontakt\/\">tilbud.<\/a><\/strong><\/p>\n<\/div>\n<\/div>\n<\/div>\n\t<\/div>\r\n\t\n\t<span class=\"price\"><span class=\"wc-measurement-price-calculator-price\"><span class=\"woocommerce-Price-amount amount\" aria-hidden=\"true\"><bdi><span class=\"woocommerce-Price-currencySymbol\">&#107;&#114;<\/span>&nbsp;349<\/bdi><\/span> <span aria-hidden=\"true\">-<\/span> <span class=\"woocommerce-Price-amount amount\" aria-hidden=\"true\"><bdi><span class=\"woocommerce-Price-currencySymbol\">&#107;&#114;<\/span>&nbsp;414<\/bdi><\/span><span class=\"screen-reader-text\">Prisinterval: &#107;&#114;&nbsp;349 til &#107;&#114;&nbsp;414<\/span> pr. m\u00b2 <small class=\"woocommerce-price-suffix\">ink.mva<\/small><\/span><\/span>\n<\/a><a href=\"https:\/\/www.akustikksenter.no\/da\/butikk\/systemhimling\/loke-15\/\" aria-describedby=\"woocommerce_loop_add_to_cart_link_describedby_164\" data-quantity=\"1\" class=\"button product_type_variable add_to_cart_button\" data-product_id=\"164\" data-product_sku=\"\" aria-label=\"V\u00e6lg indstillinger for &quot;Loke\u2122 Himlingsplate 15mm lyddempende&quot;\" rel=\"nofollow\">V\u00e6lg indstillinger<\/a>\t<span id=\"woocommerce_loop_add_to_cart_link_describedby_164\" class=\"screen-reader-text\">\n\t\tDette produkt har flere varianter. Valgmulighederne kan v\u00e6lges p\u00e5 produktsiden\t<\/span>\n\t\t\t<input type=\"hidden\" class=\"pmwProductId\" data-id=\"164\">\n\t\t\t\t\t<script>\n\t\t\t(window.pmwDataLayer = window.pmwDataLayer || {}).products                = window.pmwDataLayer.products || {};\n\t\t\twindow.pmwDataLayer.products[164] = {\"id\":\"164\",\"sku\":\"\",\"price\":413.55,\"brand\":\"\",\"quantity\":1,\"dyn_r_ids\":{\"post_id\":\"164\",\"sku\":164,\"gpf\":\"woocommerce_gpf_164\",\"gla\":\"gla_164\"},\"is_variable\":true,\"type\":\"variable\",\"name\":\"Loke\u2122 Himlingsplate 15mm lyddempende\",\"category\":[\"Systemhimling\"],\"is_variation\":false};\n\t\t\t\t\twindow.pmw_product_position = window.pmw_product_position || 1;\n\t\twindow.pmwDataLayer.products[164]['position'] = window.pmw_product_position++;\n\t\t\t\t<\/script>\n\t\t<\/li>\n<li class=\"product type-product post-10578 status-publish instock product_cat-systemhimling product_tag-bibliotek-og-museum product_tag-hotell-restaurant-og-uteliv product_tag-idrettshaller-og-treningssenter product_tag-industri-kjopesenter-og-butikk product_tag-kontor-moterom-og-kantine product_tag-skoler-og-barnehager product_tag-tak has-post-thumbnail taxable shipping-taxable purchasable product-type-variable\">\n\t<a href=\"https:\/\/www.akustikksenter.no\/da\/butikk\/systemhimling\/komplett-systemhimling\/\" class=\"woocommerce-LoopProduct-link woocommerce-loop-product__link\"><div class=\"tp-image-wrapper\"><img decoding=\"async\" class=\"tp-image\" src=\"https:\/\/www.akustikksenter.no\/wp-content\/uploads\/2023\/08\/Komplett-systemhimling-MED-himlingsplater-450x450.png\" srcset=\"https:\/\/www.akustikksenter.no\/wp-content\/uploads\/2023\/08\/Komplett-systemhimling-MED-himlingsplater-450x450.png 450w, https:\/\/www.akustikksenter.no\/wp-content\/uploads\/2023\/08\/Komplett-systemhimling-MED-himlingsplater-100x100.png 100w\" sizes=\"(max-width: 360px) 100vw, 360px\" alt=\"Komplett systemhimling MED himlingsplater\"><img decoding=\"async\" class=\"tp-image-hover\" src=\"https:\/\/www.akustikksenter.no\/wp-content\/uploads\/2024\/02\/Eira-15-i-system-450x450.jpg\" srcset=\"https:\/\/www.akustikksenter.no\/wp-content\/uploads\/2024\/02\/Eira-15-i-system-450x450.jpg 450w, https:\/\/www.akustikksenter.no\/wp-content\/uploads\/2024\/02\/Eira-15-i-system-100x100.jpg 100w\" sizes=\"(max-width: 360px) 100vw, 360px\" alt=\"Komplett systemhimling MED himlingsplater\"><\/div><h2 class=\"woocommerce-loop-product__title\">Komplett systemhimling MED himlingsplater<\/h2>\t<div itemprop=\"description\">\r\n\t\t<p>Komplett systemhimling. CE godkjent<br \/>\nMatt hvit eller svart utf\u00f8relse, lydabsorbsjonsklasse A, brannklasse A, T-24 skinnesystem, standard 60\/60 l\u00f8sning.<\/p>\n\t<\/div>\r\n\t\n\t<span class=\"price\"><span class=\"wc-measurement-price-calculator-price\"><span class=\"woocommerce-Price-amount amount\" aria-hidden=\"true\"><bdi><span class=\"woocommerce-Price-currencySymbol\">&#107;&#114;<\/span>&nbsp;487<\/bdi><\/span> <span aria-hidden=\"true\">-<\/span> <span class=\"woocommerce-Price-amount amount\" aria-hidden=\"true\"><bdi><span class=\"woocommerce-Price-currencySymbol\">&#107;&#114;<\/span>&nbsp;530<\/bdi><\/span><span class=\"screen-reader-text\">Prisinterval: &#107;&#114;&nbsp;487 til &#107;&#114;&nbsp;530<\/span> pr. m\u00b2 <small class=\"woocommerce-price-suffix\">ink.mva<\/small><\/span><\/span>\n<\/a><a href=\"https:\/\/www.akustikksenter.no\/da\/butikk\/systemhimling\/komplett-systemhimling\/\" aria-describedby=\"woocommerce_loop_add_to_cart_link_describedby_10578\" data-quantity=\"1\" class=\"button product_type_variable add_to_cart_button\" data-product_id=\"10578\" data-product_sku=\"\" aria-label=\"V\u00e6lg indstillinger for &quot;Komplett systemhimling MED himlingsplater&quot;\" rel=\"nofollow\">V\u00e6lg indstillinger<\/a>\t<span id=\"woocommerce_loop_add_to_cart_link_describedby_10578\" class=\"screen-reader-text\">\n\t\tDette produkt har flere varianter. Valgmulighederne kan v\u00e6lges p\u00e5 produktsiden\t<\/span>\n\t\t\t<input type=\"hidden\" class=\"pmwProductId\" data-id=\"10578\">\n\t\t\t\t\t<script>\n\t\t\t(window.pmwDataLayer = window.pmwDataLayer || {}).products                = window.pmwDataLayer.products || {};\n\t\t\twindow.pmwDataLayer.products[10578] = {\"id\":\"10578\",\"sku\":\"\",\"price\":530.42,\"brand\":\"\",\"quantity\":1,\"dyn_r_ids\":{\"post_id\":\"10578\",\"sku\":10578,\"gpf\":\"woocommerce_gpf_10578\",\"gla\":\"gla_10578\"},\"is_variable\":true,\"type\":\"variable\",\"name\":\"Komplett systemhimling MED himlingsplater\",\"category\":[\"Systemhimling\"],\"is_variation\":false};\n\t\t\t\t\twindow.pmw_product_position = window.pmw_product_position || 1;\n\t\twindow.pmwDataLayer.products[10578]['position'] = window.pmw_product_position++;\n\t\t\t\t<\/script>\n\t\t<\/li>\n<li class=\"product type-product post-869 status-publish instock product_cat-systemhimling product_tag-bibliotek-og-museum product_tag-himlingsplate product_tag-hotell-restaurant-og-uteliv product_tag-idrettshaller-og-treningssenter product_tag-industri-kjopesenter-og-butikk product_tag-kontor-moterom-og-kantine product_tag-skoler-og-barnehager has-post-thumbnail taxable shipping-taxable purchasable product-type-variable has-default-attributes\">\n\t<a href=\"https:\/\/www.akustikksenter.no\/da\/butikk\/systemhimling\/eira-15-himlingsplate\/\" class=\"woocommerce-LoopProduct-link woocommerce-loop-product__link\"><div class=\"tp-image-wrapper\"><img decoding=\"async\" class=\"tp-image\" src=\"https:\/\/www.akustikksenter.no\/wp-content\/uploads\/2014\/03\/86060-eira-a-kant-593x593x15-450x450.jpg\" srcset=\"https:\/\/www.akustikksenter.no\/wp-content\/uploads\/2014\/03\/86060-eira-a-kant-593x593x15-450x450.jpg 450w, https:\/\/www.akustikksenter.no\/wp-content\/uploads\/2014\/03\/86060-eira-a-kant-593x593x15-100x100.jpg 100w, https:\/\/www.akustikksenter.no\/wp-content\/uploads\/2014\/03\/86060-eira-a-kant-593x593x15-300x300.jpg 300w\" sizes=\"(max-width: 360px) 100vw, 360px\" alt=\"Eira\u2122 Himlingsplate 15mm hvit lyddempende\"><img decoding=\"async\" class=\"tp-image-hover\" src=\"https:\/\/www.akustikksenter.no\/wp-content\/uploads\/2015\/03\/IMG_3713-450x450.jpg\" srcset=\"https:\/\/www.akustikksenter.no\/wp-content\/uploads\/2015\/03\/IMG_3713-450x450.jpg 450w, https:\/\/www.akustikksenter.no\/wp-content\/uploads\/2015\/03\/IMG_3713-100x100.jpg 100w\" sizes=\"(max-width: 360px) 100vw, 360px\" alt=\"Eira\u2122 Himlingsplate 15mm hvit lyddempende\"><\/div><h2 class=\"woocommerce-loop-product__title\">Eira\u2122 Himlingsplate 15mm hvit lyddempende<\/h2>\t<div itemprop=\"description\">\r\n\t\t<p>S\u00e6rdeles god lydabsorbsjon. Lyddemping, klasse A.\u00a0 15 mm absorbent til systemhimling for optimal akustisk l\u00f8sning. Gr\u00f8nn produksjon, h\u00f8y kvalitet og lang levetid gj\u00f8r produktet meget b\u00e6rekraftig.<\/p>\n<p>Lydabsorbent. A+E kant.<br \/>\n<strong>E-kant er skaffevare.<\/strong><\/p>\n<h4><\/h4>\n\t<\/div>\r\n\t\n\t<span class=\"price\"><span class=\"wc-measurement-price-calculator-price\"><span class=\"woocommerce-Price-amount amount\" aria-hidden=\"true\"><bdi><span class=\"woocommerce-Price-currencySymbol\">&#107;&#114;<\/span>&nbsp;375<\/bdi><\/span> <span aria-hidden=\"true\">-<\/span> <span class=\"woocommerce-Price-amount amount\" aria-hidden=\"true\"><bdi><span class=\"woocommerce-Price-currencySymbol\">&#107;&#114;<\/span>&nbsp;420<\/bdi><\/span><span class=\"screen-reader-text\">Prisinterval: &#107;&#114;&nbsp;375 til &#107;&#114;&nbsp;420<\/span> pr. m\u00b2 <small class=\"woocommerce-price-suffix\">ink.mva<\/small><\/span><\/span>\n<\/a><a href=\"https:\/\/www.akustikksenter.no\/da\/butikk\/systemhimling\/eira-15-himlingsplate\/\" aria-describedby=\"woocommerce_loop_add_to_cart_link_describedby_869\" data-quantity=\"1\" class=\"button product_type_variable add_to_cart_button\" data-product_id=\"869\" data-product_sku=\"\" aria-label=\"V\u00e6lg indstillinger for &quot;Eira\u2122 Himlingsplate 15mm hvit lyddempende&quot;\" rel=\"nofollow\">V\u00e6lg indstillinger<\/a>\t<span id=\"woocommerce_loop_add_to_cart_link_describedby_869\" class=\"screen-reader-text\">\n\t\tDette produkt har flere varianter. Valgmulighederne kan v\u00e6lges p\u00e5 produktsiden\t<\/span>\n\t\t\t<input type=\"hidden\" class=\"pmwProductId\" data-id=\"869\">\n\t\t\t\t\t<script>\n\t\t\t(window.pmwDataLayer = window.pmwDataLayer || {}).products                = window.pmwDataLayer.products || {};\n\t\t\twindow.pmwDataLayer.products[869] = {\"id\":\"869\",\"sku\":\"\",\"price\":420.28,\"brand\":\"\",\"quantity\":1,\"dyn_r_ids\":{\"post_id\":\"869\",\"sku\":869,\"gpf\":\"woocommerce_gpf_869\",\"gla\":\"gla_869\"},\"is_variable\":true,\"type\":\"variable\",\"name\":\"Eira\u2122 Himlingsplate 15mm hvit lyddempende\",\"category\":[\"Systemhimling\"],\"is_variation\":false};\n\t\t\t\t\twindow.pmw_product_position = window.pmw_product_position || 1;\n\t\twindow.pmwDataLayer.products[869]['position'] = window.pmw_product_position++;\n\t\t\t\t<\/script>\n\t\t<\/li>\n<li class=\"product type-product post-2058 status-publish last instock product_cat-systemhimling product_tag-himlingsplate product_tag-hotell-restaurant-og-uteliv product_tag-idrettshaller-og-treningssenter product_tag-industri-kjopesenter-og-butikk product_tag-kontor-moterom-og-kantine product_tag-skoler-og-barnehager has-post-thumbnail featured taxable shipping-taxable purchasable product-type-variable has-default-attributes\">\n\t<a href=\"https:\/\/www.akustikksenter.no\/da\/butikk\/systemhimling\/eira-15mm-svart\/\" class=\"woocommerce-LoopProduct-link woocommerce-loop-product__link\"><div class=\"tp-image-wrapper\"><img decoding=\"async\" class=\"tp-image\" src=\"https:\/\/www.akustikksenter.no\/wp-content\/uploads\/2015\/02\/86002blk-450x450.jpg\" srcset=\"https:\/\/www.akustikksenter.no\/wp-content\/uploads\/2015\/02\/86002blk-450x450.jpg 450w, https:\/\/www.akustikksenter.no\/wp-content\/uploads\/2015\/02\/86002blk-100x100.jpg 100w\" sizes=\"(max-width: 360px) 100vw, 360px\" alt=\"Eira\u2122 Himlingsplate 15mm svart lyddempende\"><img decoding=\"async\" class=\"tp-image-hover\" src=\"https:\/\/www.akustikksenter.no\/wp-content\/uploads\/2016\/06\/IMG_8880-450x450.jpeg\" srcset=\"https:\/\/www.akustikksenter.no\/wp-content\/uploads\/2016\/06\/IMG_8880-450x450.jpeg 450w, https:\/\/www.akustikksenter.no\/wp-content\/uploads\/2016\/06\/IMG_8880-100x100.jpeg 100w\" sizes=\"(max-width: 360px) 100vw, 360px\" alt=\"Eira\u2122 Himlingsplate 15mm svart lyddempende\"><\/div><h2 class=\"woocommerce-loop-product__title\">Eira\u2122 Himlingsplate 15mm svart lyddempende<\/h2>\t<div itemprop=\"description\">\r\n\t\t<p>S\u00e6rdeles god lydabsorbsjon. Lyddemping, klasse A.\u00a0 15 mm absorbent til systemhimling for optimal akustisk l\u00f8sning.\u00a0Gr\u00f8nn produksjon, h\u00f8y kvalitet og lang levetid gj\u00f8r produktet meget b\u00e6rekraftig.<\/p>\n<p>Lydabsorbent. A og E kant. <strong>E-kant er skaffevare.<\/strong><\/p>\n\t<\/div>\r\n\t\n\t<span class=\"price\"><span class=\"wc-measurement-price-calculator-price\"><span class=\"woocommerce-Price-amount amount\"><bdi><span class=\"woocommerce-Price-currencySymbol\">&#107;&#114;<\/span>&nbsp;375<\/bdi><\/span> pr. m\u00b2 <small class=\"woocommerce-price-suffix\">ink.mva<\/small><\/span><\/span>\n<\/a><a href=\"https:\/\/www.akustikksenter.no\/da\/butikk\/systemhimling\/eira-15mm-svart\/\" aria-describedby=\"woocommerce_loop_add_to_cart_link_describedby_2058\" data-quantity=\"1\" class=\"button product_type_variable add_to_cart_button\" data-product_id=\"2058\" data-product_sku=\"\" aria-label=\"V\u00e6lg indstillinger for &quot;Eira\u2122 Himlingsplate 15mm svart lyddempende&quot;\" rel=\"nofollow\">V\u00e6lg indstillinger<\/a>\t<span id=\"woocommerce_loop_add_to_cart_link_describedby_2058\" class=\"screen-reader-text\">\n\t\tDette produkt har flere varianter. Valgmulighederne kan v\u00e6lges p\u00e5 produktsiden\t<\/span>\n\t\t\t<input type=\"hidden\" class=\"pmwProductId\" data-id=\"2058\">\n\t\t\t\t\t<script>\n\t\t\t(window.pmwDataLayer = window.pmwDataLayer || {}).products                = window.pmwDataLayer.products || {};\n\t\t\twindow.pmwDataLayer.products[2058] = {\"id\":\"2058\",\"sku\":\"\",\"price\":375.3,\"brand\":\"\",\"quantity\":1,\"dyn_r_ids\":{\"post_id\":\"2058\",\"sku\":2058,\"gpf\":\"woocommerce_gpf_2058\",\"gla\":\"gla_2058\"},\"is_variable\":true,\"type\":\"variable\",\"name\":\"Eira\u2122 Himlingsplate 15mm svart lyddempende\",\"category\":[\"Systemhimling\"],\"is_variation\":false};\n\t\t\t\t\twindow.pmw_product_position = window.pmw_product_position || 1;\n\t\twindow.pmwDataLayer.products[2058]['position'] = window.pmw_product_position++;\n\t\t\t\t<\/script>\n\t\t<\/li>\n<li class=\"product type-product post-11509 status-publish first instock product_cat-systemhimling product_tag-bibliotek-og-museum product_tag-himlingsplate product_tag-hotell-restaurant-og-uteliv product_tag-idrettshaller-og-treningssenter product_tag-industri-kjopesenter-og-butikk product_tag-kontor-moterom-og-kantine product_tag-skoler-og-barnehager product_tag-tak has-post-thumbnail taxable shipping-taxable purchasable product-type-variable has-default-attributes\">\n\t<a href=\"https:\/\/www.akustikksenter.no\/da\/butikk\/systemhimling\/komplett-t-24-system\/\" class=\"woocommerce-LoopProduct-link woocommerce-loop-product__link\"><div class=\"tp-image-wrapper\"><img decoding=\"async\" class=\"tp-image\" src=\"https:\/\/www.akustikksenter.no\/wp-content\/uploads\/2022\/09\/Systemhimling-450x450.png\" srcset=\"https:\/\/www.akustikksenter.no\/wp-content\/uploads\/2022\/09\/Systemhimling-450x450.png 450w, https:\/\/www.akustikksenter.no\/wp-content\/uploads\/2022\/09\/Systemhimling-100x100.png 100w\" sizes=\"(max-width: 360px) 100vw, 360px\" alt=\"Komplett T-24 himlingssystem UTEN himlingsplater\"><img decoding=\"async\" class=\"tp-image-hover\" src=\"https:\/\/www.akustikksenter.no\/wp-content\/uploads\/2024\/02\/click-system-2015-450x450.jpg\" srcset=\"https:\/\/www.akustikksenter.no\/wp-content\/uploads\/2024\/02\/click-system-2015-450x450.jpg 450w, https:\/\/www.akustikksenter.no\/wp-content\/uploads\/2024\/02\/click-system-2015-100x100.jpg 100w\" sizes=\"(max-width: 360px) 100vw, 360px\" alt=\"Komplett T-24 himlingssystem UTEN himlingsplater\"><\/div><h2 class=\"woocommerce-loop-product__title\">Komplett T-24 himlingssystem UTEN himlingsplater<\/h2>\t<div itemprop=\"description\">\r\n\t\t<p>Komplett T-24 skinnesystem Matt hvit eller svart utf\u00f8relse av h\u00f8y kvalitet. Standard 60\/60 l\u00f8sning. CE Godkjent.<\/p>\n<p>Lik pris for 60\/120 l\u00f8sning. \u00d8nsker du andre lengder p\u00e5 <a href=\"https:\/\/www.akustikksenter.no\/butikk\/systemhimling\/opphengspendel-2\/\">opphengspendel,<\/a> ta kontakt s\u00e5 ordner vi det.<\/p>\n\t<\/div>\r\n\t\n\t<span class=\"price\"><span class=\"wc-measurement-price-calculator-price\"><span class=\"woocommerce-Price-amount amount\"><bdi><span class=\"woocommerce-Price-currencySymbol\">&#107;&#114;<\/span>&nbsp;155<\/bdi><\/span> pr. m\u00b2 <small class=\"woocommerce-price-suffix\">ink.mva<\/small><\/span><\/span>\n<\/a><a href=\"https:\/\/www.akustikksenter.no\/da\/butikk\/systemhimling\/komplett-t-24-system\/\" aria-describedby=\"woocommerce_loop_add_to_cart_link_describedby_11509\" data-quantity=\"1\" class=\"button product_type_variable add_to_cart_button\" data-product_id=\"11509\" data-product_sku=\"\" aria-label=\"V\u00e6lg indstillinger for &quot;Komplett T-24 himlingssystem UTEN himlingsplater&quot;\" rel=\"nofollow\">V\u00e6lg indstillinger<\/a>\t<span id=\"woocommerce_loop_add_to_cart_link_describedby_11509\" class=\"screen-reader-text\">\n\t\tDette produkt har flere varianter. Valgmulighederne kan v\u00e6lges p\u00e5 produktsiden\t<\/span>\n\t\t\t<input type=\"hidden\" class=\"pmwProductId\" data-id=\"11509\">\n\t\t\t\t\t<script>\n\t\t\t(window.pmwDataLayer = window.pmwDataLayer || {}).products                = window.pmwDataLayer.products || {};\n\t\t\twindow.pmwDataLayer.products[11509] = {\"id\":\"11509\",\"sku\":\"\",\"price\":154.7,\"brand\":\"\",\"quantity\":1,\"dyn_r_ids\":{\"post_id\":\"11509\",\"sku\":11509,\"gpf\":\"woocommerce_gpf_11509\",\"gla\":\"gla_11509\"},\"is_variable\":true,\"type\":\"variable\",\"name\":\"Komplett T-24 himlingssystem UTEN himlingsplater\",\"category\":[\"Systemhimling\"],\"is_variation\":false};\n\t\t\t\t\twindow.pmw_product_position = window.pmw_product_position || 1;\n\t\twindow.pmwDataLayer.products[11509]['position'] = window.pmw_product_position++;\n\t\t\t\t<\/script>\n\t\t<\/li>\n<li class=\"product type-product post-2232 status-publish instock product_cat-lydblokkerende-og-lyddempende-produkter product_cat-systemhimling product_tag-hotell-restaurant-og-uteliv product_tag-tak product_tag-vegg has-post-thumbnail featured taxable shipping-taxable purchasable product-type-variable\">\n\t<a href=\"https:\/\/www.akustikksenter.no\/da\/butikk\/systemhimling\/loke-db-49mm\/\" class=\"woocommerce-LoopProduct-link woocommerce-loop-product__link\"><div class=\"tp-image-wrapper\"><img decoding=\"async\" class=\"tp-image\" src=\"https:\/\/www.akustikksenter.no\/wp-content\/uploads\/2016\/02\/86002db--e1454879477284-450x450.jpg\" srcset=\"https:\/\/www.akustikksenter.no\/wp-content\/uploads\/2016\/02\/86002db--e1454879477284-450x450.jpg 450w, https:\/\/www.akustikksenter.no\/wp-content\/uploads\/2016\/02\/86002db--e1454879477284-100x100.jpg 100w\" sizes=\"(max-width: 360px) 100vw, 360px\" alt=\"Loke\u2122 dB 49 mm Lydblokkerende plate\"><img decoding=\"async\" class=\"tp-image-hover\" src=\"https:\/\/www.akustikksenter.no\/wp-content\/uploads\/2017\/06\/Hos-Victoria-IMG_0885-450x450.jpg\" srcset=\"https:\/\/www.akustikksenter.no\/wp-content\/uploads\/2017\/06\/Hos-Victoria-IMG_0885-450x450.jpg 450w, https:\/\/www.akustikksenter.no\/wp-content\/uploads\/2017\/06\/Hos-Victoria-IMG_0885-100x100.jpg 100w\" sizes=\"(max-width: 360px) 100vw, 360px\" alt=\"Loke\u2122 dB 49 mm Lydblokkerende plate\"><\/div><h2 class=\"woocommerce-loop-product__title\">Loke\u2122 dB 49 mm Lydblokkerende plate<\/h2>\t<div itemprop=\"description\">\r\n\t\t<p>Trenger du \u00e5 l\u00f8se trinnlyd mellom etasjer eller lyd mellom rom,\u00a0kalt lydgjennomgang? Loke dB er utrolig effektiv.<br \/>\nPlaten har to egenskaper, blokkerer gjennomg\u00e5ende lyd og absorberer etterklang i rommet.<\/p>\n<p>Gr\u00f8nn produksjon, h\u00f8y kvalitet og lang levetid gj\u00f8r produktet meget b\u00e6rekraftig.<\/p>\n<p>&nbsp;<\/p>\n\t<\/div>\r\n\t\n\t<span class=\"price\"><span class=\"wc-measurement-price-calculator-price\"><span class=\"woocommerce-Price-amount amount\"><bdi><span class=\"woocommerce-Price-currencySymbol\">&#107;&#114;<\/span>&nbsp;1,129<\/bdi><\/span> pr. m\u00b2 <small class=\"woocommerce-price-suffix\">ink.mva<\/small><\/span><\/span>\n<\/a><a href=\"https:\/\/www.akustikksenter.no\/da\/butikk\/systemhimling\/loke-db-49mm\/\" aria-describedby=\"woocommerce_loop_add_to_cart_link_describedby_2232\" data-quantity=\"1\" class=\"button product_type_variable add_to_cart_button\" data-product_id=\"2232\" data-product_sku=\"\" aria-label=\"V\u00e6lg indstillinger for &quot;Loke\u2122 dB 49 mm Lydblokkerende plate&quot;\" rel=\"nofollow\">V\u00e6lg indstillinger<\/a>\t<span id=\"woocommerce_loop_add_to_cart_link_describedby_2232\" class=\"screen-reader-text\">\n\t\tDette produkt har flere varianter. Valgmulighederne kan v\u00e6lges p\u00e5 produktsiden\t<\/span>\n\t\t\t<input type=\"hidden\" class=\"pmwProductId\" data-id=\"2232\">\n\t\t\t\t\t<script>\n\t\t\t(window.pmwDataLayer = window.pmwDataLayer || {}).products                = window.pmwDataLayer.products || {};\n\t\t\twindow.pmwDataLayer.products[2232] = {\"id\":\"2232\",\"sku\":\"\",\"price\":1129.2,\"brand\":\"\",\"quantity\":1,\"dyn_r_ids\":{\"post_id\":\"2232\",\"sku\":2232,\"gpf\":\"woocommerce_gpf_2232\",\"gla\":\"gla_2232\"},\"is_variable\":true,\"type\":\"variable\",\"name\":\"Loke\u2122 dB 49 mm Lydblokkerende plate\",\"category\":[\"Lydblokkerende plater\",\"Systemhimling\"],\"is_variation\":false};\n\t\t\t\t\twindow.pmw_product_position = window.pmw_product_position || 1;\n\t\twindow.pmwDataLayer.products[2232]['position'] = window.pmw_product_position++;\n\t\t\t\t<\/script>\n\t\t<\/li>\n<li class=\"product type-product post-3142 status-publish instock product_cat-lydblokkerende-og-lyddempende-produkter product_cat-systemhimling product_tag-hotell-restaurant-og-uteliv has-post-thumbnail taxable shipping-taxable purchasable product-type-variable has-default-attributes\">\n\t<a href=\"https:\/\/www.akustikksenter.no\/da\/butikk\/systemhimling\/eira-db-49mm-svart\/\" class=\"woocommerce-LoopProduct-link woocommerce-loop-product__link\"><div class=\"tp-image-wrapper\"><img decoding=\"async\" class=\"tp-image\" src=\"https:\/\/www.akustikksenter.no\/wp-content\/uploads\/2017\/07\/Eira-DB-49-450x450.jpg\" srcset=\"https:\/\/www.akustikksenter.no\/wp-content\/uploads\/2017\/07\/Eira-DB-49-450x450.jpg 450w, https:\/\/www.akustikksenter.no\/wp-content\/uploads\/2017\/07\/Eira-DB-49-100x100.jpg 100w, https:\/\/www.akustikksenter.no\/wp-content\/uploads\/2017\/07\/Eira-DB-49-150x150.jpg 150w, https:\/\/www.akustikksenter.no\/wp-content\/uploads\/2017\/07\/Eira-DB-49-300x300.jpg 300w, https:\/\/www.akustikksenter.no\/wp-content\/uploads\/2017\/07\/Eira-DB-49-500x500.jpg 500w, https:\/\/www.akustikksenter.no\/wp-content\/uploads\/2017\/07\/Eira-DB-49-80x80.jpg 80w, https:\/\/www.akustikksenter.no\/wp-content\/uploads\/2017\/07\/Eira-DB-49-275x275.jpg 275w\" sizes=\"(max-width: 360px) 100vw, 360px\" alt=\"Eira\u2122 dB 49mm Svart Lydblokkerende plate\"><img decoding=\"async\" class=\"tp-image-hover\" src=\"https:\/\/www.akustikksenter.no\/wp-content\/uploads\/2017\/07\/2016-div-10-03-2016-086-scaled-450x450.jpg\" srcset=\"https:\/\/www.akustikksenter.no\/wp-content\/uploads\/2017\/07\/2016-div-10-03-2016-086-scaled-450x450.jpg 450w, https:\/\/www.akustikksenter.no\/wp-content\/uploads\/2017\/07\/2016-div-10-03-2016-086-scaled-100x100.jpg 100w, https:\/\/www.akustikksenter.no\/wp-content\/uploads\/2017\/07\/2016-div-10-03-2016-086-150x150.jpg 150w, https:\/\/www.akustikksenter.no\/wp-content\/uploads\/2017\/07\/2016-div-10-03-2016-086-500x500.jpg 500w, https:\/\/www.akustikksenter.no\/wp-content\/uploads\/2017\/07\/2016-div-10-03-2016-086-80x80.jpg 80w, https:\/\/www.akustikksenter.no\/wp-content\/uploads\/2017\/07\/2016-div-10-03-2016-086-scaled-300x300.jpg 300w\" sizes=\"(max-width: 360px) 100vw, 360px\" alt=\"Eira\u2122 dB 49mm Svart Lydblokkerende plate\"><\/div><h2 class=\"woocommerce-loop-product__title\">Eira\u2122 dB 49mm Svart Lydblokkerende plate<\/h2>\t<div itemprop=\"description\">\r\n\t\t<p>Trenger du \u00e5 l\u00f8se trinnlyd mellom etasjer eller lyd mellom rom, kalt lydgjennomgang? Eira dB er utrolig effektiv. Platen blokkerer gjennomg\u00e5ende lyd og absorberer etterklang i rommet.<\/p>\n<p>Gr\u00f8nn produksjon, h\u00f8y kvalitet og lang levetid gj\u00f8r produktet meget b\u00e6rekraftig.<\/p>\n\t<\/div>\r\n\t\n\t<span class=\"price\"><span class=\"wc-measurement-price-calculator-price\"><span class=\"woocommerce-Price-amount amount\"><bdi><span class=\"woocommerce-Price-currencySymbol\">&#107;&#114;<\/span>&nbsp;1,223<\/bdi><\/span> pr. m\u00b2 <small class=\"woocommerce-price-suffix\">ink.mva<\/small><\/span><\/span>\n<\/a><a href=\"https:\/\/www.akustikksenter.no\/da\/butikk\/systemhimling\/eira-db-49mm-svart\/\" aria-describedby=\"woocommerce_loop_add_to_cart_link_describedby_3142\" data-quantity=\"1\" class=\"button product_type_variable add_to_cart_button\" data-product_id=\"3142\" data-product_sku=\"\" aria-label=\"V\u00e6lg indstillinger for &quot;Eira\u2122 dB 49mm Svart Lydblokkerende plate&quot;\" rel=\"nofollow\">V\u00e6lg indstillinger<\/a>\t<span id=\"woocommerce_loop_add_to_cart_link_describedby_3142\" class=\"screen-reader-text\">\n\t\tDette produkt har flere varianter. Valgmulighederne kan v\u00e6lges p\u00e5 produktsiden\t<\/span>\n\t\t\t<input type=\"hidden\" class=\"pmwProductId\" data-id=\"3142\">\n\t\t\t\t\t<script>\n\t\t\t(window.pmwDataLayer = window.pmwDataLayer || {}).products                = window.pmwDataLayer.products || {};\n\t\t\twindow.pmwDataLayer.products[3142] = {\"id\":\"3142\",\"sku\":\"\",\"price\":1223.45,\"brand\":\"\",\"quantity\":1,\"dyn_r_ids\":{\"post_id\":\"3142\",\"sku\":3142,\"gpf\":\"woocommerce_gpf_3142\",\"gla\":\"gla_3142\"},\"is_variable\":true,\"type\":\"variable\",\"name\":\"Eira\u2122 dB 49mm Svart Lydblokkerende plate\",\"category\":[\"Lydblokkerende plater\",\"Systemhimling\"],\"is_variation\":false};\n\t\t\t\t\twindow.pmw_product_position = window.pmw_product_position || 1;\n\t\twindow.pmwDataLayer.products[3142]['position'] = window.pmw_product_position++;\n\t\t\t\t<\/script>\n\t\t<\/li>\n<li class=\"product type-product post-2067 status-publish last instock product_cat-systemhimling product_tag-hotell-restaurant-og-uteliv product_tag-hygiene product_tag-idrettshaller-og-treningssenter product_tag-industri-kjopesenter-og-butikk product_tag-kontor-moterom-og-kantine product_tag-skoler-og-barnehager has-post-thumbnail taxable shipping-taxable purchasable product-type-variable\">\n\t<a href=\"https:\/\/www.akustikksenter.no\/da\/butikk\/systemhimling\/loke-hygiene-1540mm\/\" class=\"woocommerce-LoopProduct-link woocommerce-loop-product__link\"><div class=\"tp-image-wrapper\"><img decoding=\"async\" class=\"tp-image\" src=\"https:\/\/www.akustikksenter.no\/wp-content\/uploads\/2015\/12\/86054HYG-e1657109209338-450x450.jpg\" srcset=\"https:\/\/www.akustikksenter.no\/wp-content\/uploads\/2015\/12\/86054HYG-e1657109209338-450x450.jpg 450w, https:\/\/www.akustikksenter.no\/wp-content\/uploads\/2015\/12\/86054HYG-e1657109209338-100x100.jpg 100w, https:\/\/www.akustikksenter.no\/wp-content\/uploads\/2015\/12\/86054HYG-e1657109209338-300x300.jpg 300w\" sizes=\"(max-width: 360px) 100vw, 360px\" alt=\"Loke\u2122 15mm Hygiene Himlingsplate lyddempende\"><img decoding=\"async\" class=\"tp-image-hover\" src=\"https:\/\/www.akustikksenter.no\/wp-content\/uploads\/2016\/06\/deli-de-luca-himlingsplater-450x450.jpg\" srcset=\"https:\/\/www.akustikksenter.no\/wp-content\/uploads\/2016\/06\/deli-de-luca-himlingsplater-450x450.jpg 450w, https:\/\/www.akustikksenter.no\/wp-content\/uploads\/2016\/06\/deli-de-luca-himlingsplater-100x100.jpg 100w, https:\/\/www.akustikksenter.no\/wp-content\/uploads\/2016\/06\/deli-de-luca-himlingsplater-150x150.jpg 150w, https:\/\/www.akustikksenter.no\/wp-content\/uploads\/2016\/06\/deli-de-luca-himlingsplater-300x300.jpg 300w, https:\/\/www.akustikksenter.no\/wp-content\/uploads\/2016\/06\/deli-de-luca-himlingsplater-250x251.jpg 250w, https:\/\/www.akustikksenter.no\/wp-content\/uploads\/2016\/06\/deli-de-luca-himlingsplater-500x500.jpg 500w, https:\/\/www.akustikksenter.no\/wp-content\/uploads\/2016\/06\/deli-de-luca-himlingsplater-80x80.jpg 80w\" sizes=\"(max-width: 360px) 100vw, 360px\" alt=\"Loke\u2122 15mm Hygiene Himlingsplate lyddempende\"><\/div><h2 class=\"woocommerce-loop-product__title\">Loke\u2122 15mm Hygiene Himlingsplate lyddempende<\/h2>\t<div itemprop=\"description\">\r\n\t\t<p>Hygiene plate. S\u00e6rdeles god lydabsorbsjon. Lyddemping, klasse A.\u00a0 15 mm absorbent til systemhimling for optimal akustisk l\u00f8sning.\u00a0Gr\u00f8nn produksjon, h\u00f8y kvalitet og lang levetid gj\u00f8r produktet meget b\u00e6rekraftig.<\/p>\n<p>Lydabsorbent. A+E kant.<br \/>\n<strong>E-kant er skaffevare.<\/strong><\/p>\n<h4><\/h4>\n\t<\/div>\r\n\t\n\t<span class=\"price\"><span class=\"wc-measurement-price-calculator-price\"><span class=\"woocommerce-Price-amount amount\"><bdi><span class=\"woocommerce-Price-currencySymbol\">&#107;&#114;<\/span>&nbsp;564<\/bdi><\/span> pr. m\u00b2 <small class=\"woocommerce-price-suffix\">ink.mva<\/small><\/span><\/span>\n<\/a><a href=\"https:\/\/www.akustikksenter.no\/da\/butikk\/systemhimling\/loke-hygiene-1540mm\/\" aria-describedby=\"woocommerce_loop_add_to_cart_link_describedby_2067\" data-quantity=\"1\" class=\"button product_type_variable add_to_cart_button\" data-product_id=\"2067\" data-product_sku=\"\" aria-label=\"V\u00e6lg indstillinger for &quot;Loke\u2122 15mm Hygiene Himlingsplate lyddempende&quot;\" rel=\"nofollow\">V\u00e6lg indstillinger<\/a>\t<span id=\"woocommerce_loop_add_to_cart_link_describedby_2067\" class=\"screen-reader-text\">\n\t\tDette produkt har flere varianter. Valgmulighederne kan v\u00e6lges p\u00e5 produktsiden\t<\/span>\n\t\t\t<input type=\"hidden\" class=\"pmwProductId\" data-id=\"2067\">\n\t\t\t\t\t<script>\n\t\t\t(window.pmwDataLayer = window.pmwDataLayer || {}).products                = window.pmwDataLayer.products || {};\n\t\t\twindow.pmwDataLayer.products[2067] = {\"id\":\"2067\",\"sku\":\"\",\"price\":563.71,\"brand\":\"\",\"quantity\":1,\"dyn_r_ids\":{\"post_id\":\"2067\",\"sku\":2067,\"gpf\":\"woocommerce_gpf_2067\",\"gla\":\"gla_2067\"},\"is_variable\":true,\"type\":\"variable\",\"name\":\"Loke\u2122 15mm Hygiene Himlingsplate lyddempende\",\"category\":[\"Systemhimling\"],\"is_variation\":false};\n\t\t\t\t\twindow.pmw_product_position = window.pmw_product_position || 1;\n\t\twindow.pmwDataLayer.products[2067]['position'] = window.pmw_product_position++;\n\t\t\t\t<\/script>\n\t\t<\/li>\n<li class=\"product type-product post-1725 status-publish first instock product_cat-systemhimling product_tag-himlingsplate product_tag-hotell-restaurant-og-uteliv product_tag-idrettshaller-og-treningssenter product_tag-industri-kjopesenter-og-butikk product_tag-kontor-moterom-og-kantine product_tag-skoler-og-barnehager product_tag-tak has-post-thumbnail featured taxable shipping-taxable purchasable product-type-variable\">\n\t<a href=\"https:\/\/www.akustikksenter.no\/da\/butikk\/systemhimling\/balder-40mm\/\" class=\"woocommerce-LoopProduct-link woocommerce-loop-product__link\"><div class=\"tp-image-wrapper\"><img decoding=\"async\" class=\"tp-image\" src=\"https:\/\/www.akustikksenter.no\/wp-content\/uploads\/2015\/02\/86090LD-450x450.jpg\" srcset=\"https:\/\/www.akustikksenter.no\/wp-content\/uploads\/2015\/02\/86090LD-450x450.jpg 450w, https:\/\/www.akustikksenter.no\/wp-content\/uploads\/2015\/02\/86090LD-100x100.jpg 100w, https:\/\/www.akustikksenter.no\/wp-content\/uploads\/2015\/02\/86090LD-150x150.jpg 150w, https:\/\/www.akustikksenter.no\/wp-content\/uploads\/2015\/02\/86090LD-300x300.jpg 300w, https:\/\/www.akustikksenter.no\/wp-content\/uploads\/2015\/02\/86090LD-500x500.jpg 500w, https:\/\/www.akustikksenter.no\/wp-content\/uploads\/2015\/02\/86090LD-80x80.jpg 80w\" sizes=\"(max-width: 360px) 100vw, 360px\" alt=\"lyddempende himlingsplate\"><img decoding=\"async\" class=\"tp-image-hover\" src=\"https:\/\/www.akustikksenter.no\/wp-content\/uploads\/2015\/02\/coloseum-klinikken-himling-450x450.jpg\" srcset=\"https:\/\/www.akustikksenter.no\/wp-content\/uploads\/2015\/02\/coloseum-klinikken-himling-450x450.jpg 450w, https:\/\/www.akustikksenter.no\/wp-content\/uploads\/2015\/02\/coloseum-klinikken-himling-100x100.jpg 100w, https:\/\/www.akustikksenter.no\/wp-content\/uploads\/2015\/02\/coloseum-klinikken-himling-150x150.jpg 150w, https:\/\/www.akustikksenter.no\/wp-content\/uploads\/2015\/02\/coloseum-klinikken-himling-300x300.jpg 300w, https:\/\/www.akustikksenter.no\/wp-content\/uploads\/2015\/02\/coloseum-klinikken-himling-500x500.jpg 500w, https:\/\/www.akustikksenter.no\/wp-content\/uploads\/2015\/02\/coloseum-klinikken-himling-80x80.jpg 80w\" sizes=\"(max-width: 360px) 100vw, 360px\" alt=\"lyddempende himlingsplate\"><\/div><h2 class=\"woocommerce-loop-product__title\">Balder\u2122 40mm Himlingsplate lyddempende<\/h2>\t<div itemprop=\"description\">\r\n\t\t<p>S\u00e6rdeles god lydabsorbsjon. Lyddemping, klasse A.\u00a0 40 mm absorbent til systemhimling for optimal akustisk l\u00f8sning. Produktet har utmerkede lydabsorbsjons- og lysrefleksjonsegenskaper. Gr\u00f8nn produksjon, h\u00f8y kvalitet og lang levetid gj\u00f8r produktet meget b\u00e6rekraftig.<\/p>\n<p>Lydabsorbent. A kant.<\/p>\n<h4><\/h4>\n\t<\/div>\r\n\t\n\t<span class=\"price\"><span class=\"wc-measurement-price-calculator-price\"><span class=\"woocommerce-Price-amount amount\"><bdi><span class=\"woocommerce-Price-currencySymbol\">&#107;&#114;<\/span>&nbsp;827<\/bdi><\/span> pr. m\u00b2 <small class=\"woocommerce-price-suffix\">ink.mva<\/small><\/span><\/span>\n<\/a><a href=\"https:\/\/www.akustikksenter.no\/da\/butikk\/systemhimling\/balder-40mm\/\" aria-describedby=\"woocommerce_loop_add_to_cart_link_describedby_1725\" data-quantity=\"1\" class=\"button product_type_variable add_to_cart_button\" data-product_id=\"1725\" data-product_sku=\"\" aria-label=\"V\u00e6lg indstillinger for &quot;Balder\u2122 40mm Himlingsplate lyddempende&quot;\" rel=\"nofollow\">V\u00e6lg indstillinger<\/a>\t<span id=\"woocommerce_loop_add_to_cart_link_describedby_1725\" class=\"screen-reader-text\">\n\t\tDette produkt har flere varianter. Valgmulighederne kan v\u00e6lges p\u00e5 produktsiden\t<\/span>\n\t\t\t<input type=\"hidden\" class=\"pmwProductId\" data-id=\"1725\">\n\t\t\t\t\t<script>\n\t\t\t(window.pmwDataLayer = window.pmwDataLayer || {}).products                = window.pmwDataLayer.products || {};\n\t\t\twindow.pmwDataLayer.products[1725] = {\"id\":\"1725\",\"sku\":\"\",\"price\":826.79,\"brand\":\"\",\"quantity\":1,\"dyn_r_ids\":{\"post_id\":\"1725\",\"sku\":1725,\"gpf\":\"woocommerce_gpf_1725\",\"gla\":\"gla_1725\"},\"is_variable\":true,\"type\":\"variable\",\"name\":\"Balder\u2122 40mm Himlingsplate lyddempende\",\"category\":[\"Systemhimling\"],\"is_variation\":false};\n\t\t\t\t\twindow.pmw_product_position = window.pmw_product_position || 1;\n\t\twindow.pmwDataLayer.products[1725]['position'] = window.pmw_product_position++;\n\t\t\t\t<\/script>\n\t\t<\/li>\n<li class=\"product type-product post-7474 status-publish instock product_cat-systemhimling has-post-thumbnail taxable shipping-taxable purchasable product-type-variable\">\n\t<a href=\"https:\/\/www.akustikksenter.no\/da\/butikk\/systemhimling\/opphengspendel-2\/\" class=\"woocommerce-LoopProduct-link woocommerce-loop-product__link\"><div class=\"tp-image-wrapper\"><img decoding=\"async\" class=\"image\" src=\"https:\/\/www.akustikksenter.no\/wp-content\/uploads\/2014\/02\/TG00010-opphengspendel-450x450.jpg\" srcset=\"https:\/\/www.akustikksenter.no\/wp-content\/uploads\/2014\/02\/TG00010-opphengspendel-450x450.jpg 450w, https:\/\/www.akustikksenter.no\/wp-content\/uploads\/2014\/02\/TG00010-opphengspendel-100x100.jpg 100w, https:\/\/www.akustikksenter.no\/wp-content\/uploads\/2014\/02\/TG00010-opphengspendel-150x150.jpg 150w, https:\/\/www.akustikksenter.no\/wp-content\/uploads\/2014\/02\/TG00010-opphengspendel-80x80.jpg 80w, https:\/\/www.akustikksenter.no\/wp-content\/uploads\/2014\/02\/TG00010-opphengspendel-300x300.jpg 300w, https:\/\/www.akustikksenter.no\/wp-content\/uploads\/2014\/02\/TG00010-opphengspendel-500x500.jpg 500w, https:\/\/www.akustikksenter.no\/wp-content\/uploads\/2014\/02\/TG00010-opphengspendel-275x275.jpg 275w\" sizes=\"(max-width: 360px) 100vw, 360px\" alt=\"Opphengspendel\"><\/div><h2 class=\"woocommerce-loop-product__title\">Opphengspendel<\/h2>\t<div itemprop=\"description\">\r\n\t\t<p>Pris pr stk.<br \/>\nJusterbar opphengspendel for systemhimlinger.<\/p>\n\t<\/div>\r\n\t\n\t<span class=\"price\"><span class=\"woocommerce-Price-amount amount\" aria-hidden=\"true\"><bdi><span class=\"woocommerce-Price-currencySymbol\">&#107;&#114;<\/span>&nbsp;34<\/bdi><\/span> <span aria-hidden=\"true\">-<\/span> <span class=\"woocommerce-Price-amount amount\" aria-hidden=\"true\"><bdi><span class=\"woocommerce-Price-currencySymbol\">&#107;&#114;<\/span>&nbsp;60<\/bdi><\/span><span class=\"screen-reader-text\">Prisinterval: &#107;&#114;&nbsp;34 til &#107;&#114;&nbsp;60<\/span> <small class=\"woocommerce-price-suffix\">ink.mva<\/small><\/span>\n<\/a><a href=\"https:\/\/www.akustikksenter.no\/da\/butikk\/systemhimling\/opphengspendel-2\/\" aria-describedby=\"woocommerce_loop_add_to_cart_link_describedby_7474\" data-quantity=\"1\" class=\"button product_type_variable add_to_cart_button\" data-product_id=\"7474\" data-product_sku=\"\" aria-label=\"V\u00e6lg indstillinger for &quot;Opphengspendel&quot;\" rel=\"nofollow\">V\u00e6lg indstillinger<\/a>\t<span id=\"woocommerce_loop_add_to_cart_link_describedby_7474\" class=\"screen-reader-text\">\n\t\tDette produkt har flere varianter. Valgmulighederne kan v\u00e6lges p\u00e5 produktsiden\t<\/span>\n\t\t\t<input type=\"hidden\" class=\"pmwProductId\" data-id=\"7474\">\n\t\t\t\t\t<script>\n\t\t\t(window.pmwDataLayer = window.pmwDataLayer || {}).products                = window.pmwDataLayer.products || {};\n\t\t\twindow.pmwDataLayer.products[7474] = {\"id\":\"7474\",\"sku\":\"\",\"price\":34,\"brand\":\"\",\"quantity\":1,\"dyn_r_ids\":{\"post_id\":\"7474\",\"sku\":7474,\"gpf\":\"woocommerce_gpf_7474\",\"gla\":\"gla_7474\"},\"is_variable\":true,\"type\":\"variable\",\"name\":\"Opphengspendel\",\"category\":[\"Systemhimling\"],\"is_variation\":false};\n\t\t\t\t\twindow.pmw_product_position = window.pmw_product_position || 1;\n\t\twindow.pmwDataLayer.products[7474]['position'] = window.pmw_product_position++;\n\t\t\t\t<\/script>\n\t\t<\/li>\n<li class=\"product type-product post-7466 status-publish instock product_cat-systemhimling has-post-thumbnail taxable shipping-taxable purchasable product-type-variable\">\n\t<a href=\"https:\/\/www.akustikksenter.no\/da\/butikk\/systemhimling\/tverrprofil-l600-h-38-b24mm-tykkelse-03-mm\/\" class=\"woocommerce-LoopProduct-link woocommerce-loop-product__link\"><div class=\"tp-image-wrapper\"><img decoding=\"async\" class=\"image\" src=\"https:\/\/www.akustikksenter.no\/wp-content\/uploads\/2015\/03\/TG00007-Main-runnerT-system13-450x450.jpg\" srcset=\"https:\/\/www.akustikksenter.no\/wp-content\/uploads\/2015\/03\/TG00007-Main-runnerT-system13-450x450.jpg 450w, https:\/\/www.akustikksenter.no\/wp-content\/uploads\/2015\/03\/TG00007-Main-runnerT-system13-100x100.jpg 100w, https:\/\/www.akustikksenter.no\/wp-content\/uploads\/2015\/03\/TG00007-Main-runnerT-system13-150x150.jpg 150w, https:\/\/www.akustikksenter.no\/wp-content\/uploads\/2015\/03\/TG00007-Main-runnerT-system13-300x300.jpg 300w, https:\/\/www.akustikksenter.no\/wp-content\/uploads\/2015\/03\/TG00007-Main-runnerT-system13-500x500.jpg 500w, https:\/\/www.akustikksenter.no\/wp-content\/uploads\/2015\/03\/TG00007-Main-runnerT-system13-80x80.jpg 80w\" sizes=\"(max-width: 360px) 100vw, 360px\" alt=\"Tverrprofil. Lengde 600 mm\"><\/div><h2 class=\"woocommerce-loop-product__title\">Tverrprofil. Lengde 600 mm<\/h2>\t<div itemprop=\"description\">\r\n\t\t<p>Til t-system, himlingssystem.<\/p>\n<p>L:600, H: 38, B:24mm. Tykkelse: 0,3 mm<\/p>\n<p>&nbsp;<\/p>\n<p>&nbsp;<\/p>\n\t<\/div>\r\n\t\n\t<span class=\"price\"><span class=\"woocommerce-Price-amount amount\"><bdi><span class=\"woocommerce-Price-currencySymbol\">&#107;&#114;<\/span>&nbsp;25<\/bdi><\/span> <small class=\"woocommerce-price-suffix\">ink.mva<\/small><\/span>\n<\/a><a href=\"https:\/\/www.akustikksenter.no\/da\/butikk\/systemhimling\/tverrprofil-l600-h-38-b24mm-tykkelse-03-mm\/\" aria-describedby=\"woocommerce_loop_add_to_cart_link_describedby_7466\" data-quantity=\"1\" class=\"button product_type_variable add_to_cart_button\" data-product_id=\"7466\" data-product_sku=\"\" aria-label=\"V\u00e6lg indstillinger for &quot;Tverrprofil. Lengde 600 mm&quot;\" rel=\"nofollow\">V\u00e6lg indstillinger<\/a>\t<span id=\"woocommerce_loop_add_to_cart_link_describedby_7466\" class=\"screen-reader-text\">\n\t\tDette produkt har flere varianter. Valgmulighederne kan v\u00e6lges p\u00e5 produktsiden\t<\/span>\n\t\t\t<input type=\"hidden\" class=\"pmwProductId\" data-id=\"7466\">\n\t\t\t\t\t<script>\n\t\t\t(window.pmwDataLayer = window.pmwDataLayer || {}).products                = window.pmwDataLayer.products || {};\n\t\t\twindow.pmwDataLayer.products[7466] = {\"id\":\"7466\",\"sku\":\"\",\"price\":24.65,\"brand\":\"\",\"quantity\":1,\"dyn_r_ids\":{\"post_id\":\"7466\",\"sku\":7466,\"gpf\":\"woocommerce_gpf_7466\",\"gla\":\"gla_7466\"},\"is_variable\":true,\"type\":\"variable\",\"name\":\"Tverrprofil. Lengde 600 mm\",\"category\":[\"Systemhimling\"],\"is_variation\":false};\n\t\t\t\t\twindow.pmw_product_position = window.pmw_product_position || 1;\n\t\twindow.pmwDataLayer.products[7466]['position'] = window.pmw_product_position++;\n\t\t\t\t<\/script>\n\t\t<\/li>\n<li class=\"product type-product post-7463 status-publish last instock product_cat-systemhimling has-post-thumbnail taxable shipping-taxable purchasable product-type-variable\">\n\t<a href=\"https:\/\/www.akustikksenter.no\/da\/butikk\/systemhimling\/tverrprofil-l1200-h38-b24mm\/\" class=\"woocommerce-LoopProduct-link woocommerce-loop-product__link\"><div class=\"tp-image-wrapper\"><img decoding=\"async\" class=\"image\" src=\"https:\/\/www.akustikksenter.no\/wp-content\/uploads\/2015\/03\/TG00007-Main-runnerT-system13-450x450.jpg\" srcset=\"https:\/\/www.akustikksenter.no\/wp-content\/uploads\/2015\/03\/TG00007-Main-runnerT-system13-450x450.jpg 450w, https:\/\/www.akustikksenter.no\/wp-content\/uploads\/2015\/03\/TG00007-Main-runnerT-system13-100x100.jpg 100w, https:\/\/www.akustikksenter.no\/wp-content\/uploads\/2015\/03\/TG00007-Main-runnerT-system13-150x150.jpg 150w, https:\/\/www.akustikksenter.no\/wp-content\/uploads\/2015\/03\/TG00007-Main-runnerT-system13-300x300.jpg 300w, https:\/\/www.akustikksenter.no\/wp-content\/uploads\/2015\/03\/TG00007-Main-runnerT-system13-500x500.jpg 500w, https:\/\/www.akustikksenter.no\/wp-content\/uploads\/2015\/03\/TG00007-Main-runnerT-system13-80x80.jpg 80w\" sizes=\"(max-width: 360px) 100vw, 360px\" alt=\"Tverrprofil. Lengde 1200 mm\"><\/div><h2 class=\"woocommerce-loop-product__title\">Tverrprofil. Lengde 1200 mm<\/h2>\t<div itemprop=\"description\">\r\n\t\t<p>Til t-system, himlingssystem.<\/p>\n<p>L:1200, H:38, B:24mm. Tykkelse: 0,3mm<\/p>\n\t<\/div>\r\n\t\n\t<span class=\"price\"><span class=\"woocommerce-Price-amount amount\"><bdi><span class=\"woocommerce-Price-currencySymbol\">&#107;&#114;<\/span>&nbsp;36<\/bdi><\/span> <small class=\"woocommerce-price-suffix\">ink.mva<\/small><\/span>\n<\/a><a href=\"https:\/\/www.akustikksenter.no\/da\/butikk\/systemhimling\/tverrprofil-l1200-h38-b24mm\/\" aria-describedby=\"woocommerce_loop_add_to_cart_link_describedby_7463\" data-quantity=\"1\" class=\"button product_type_variable add_to_cart_button\" data-product_id=\"7463\" data-product_sku=\"\" aria-label=\"V\u00e6lg indstillinger for &quot;Tverrprofil. Lengde 1200 mm&quot;\" rel=\"nofollow\">V\u00e6lg indstillinger<\/a>\t<span id=\"woocommerce_loop_add_to_cart_link_describedby_7463\" class=\"screen-reader-text\">\n\t\tDette produkt har flere varianter. Valgmulighederne kan v\u00e6lges p\u00e5 produktsiden\t<\/span>\n\t\t\t<input type=\"hidden\" class=\"pmwProductId\" data-id=\"7463\">\n\t\t\t\t\t<script>\n\t\t\t(window.pmwDataLayer = window.pmwDataLayer || {}).products                = window.pmwDataLayer.products || {};\n\t\t\twindow.pmwDataLayer.products[7463] = {\"id\":\"7463\",\"sku\":\"\",\"price\":35.7,\"brand\":\"\",\"quantity\":1,\"dyn_r_ids\":{\"post_id\":\"7463\",\"sku\":7463,\"gpf\":\"woocommerce_gpf_7463\",\"gla\":\"gla_7463\"},\"is_variable\":true,\"type\":\"variable\",\"name\":\"Tverrprofil. Lengde 1200 mm\",\"category\":[\"Systemhimling\"],\"is_variation\":false};\n\t\t\t\t\twindow.pmw_product_position = window.pmw_product_position || 1;\n\t\twindow.pmwDataLayer.products[7463]['position'] = window.pmw_product_position++;\n\t\t\t\t<\/script>\n\t\t<\/li>\n<\/ul>\n<\/div><h3>\n\t\tSkillevegger\n\t<\/h3>\n<div class=\"woocommerce columns-4 \"><ul class=\"products columns-4\">\n<li class=\"product type-product post-2891 status-publish first instock product_cat-skillevegger-og-bordskjermer has-post-thumbnail featured taxable shipping-taxable purchasable product-type-variable\">\n\t<a href=\"https:\/\/www.akustikksenter.no\/da\/butikk\/skillevegger-og-bordskjermer\/hugin-bordskjerm\/\" class=\"woocommerce-LoopProduct-link woocommerce-loop-product__link\"><div class=\"tp-image-wrapper\"><img decoding=\"async\" class=\"tp-image\" src=\"https:\/\/www.akustikksenter.no\/wp-content\/uploads\/2025\/03\/Hugin-beige-bordskjerm-450x450.jpg\" srcset=\"https:\/\/www.akustikksenter.no\/wp-content\/uploads\/2025\/03\/Hugin-beige-bordskjerm-450x450.jpg 450w, https:\/\/www.akustikksenter.no\/wp-content\/uploads\/2025\/03\/Hugin-beige-bordskjerm-100x100.jpg 100w\" sizes=\"(max-width: 360px) 100vw, 360px\" alt=\"Hugin\u2122 lyddempende bordskjerm\"><img decoding=\"async\" class=\"tp-image-hover\" src=\"https:\/\/www.akustikksenter.no\/wp-content\/uploads\/2017\/03\/IMG_20211129_221345-scaled-450x450.jpg\" srcset=\"https:\/\/www.akustikksenter.no\/wp-content\/uploads\/2017\/03\/IMG_20211129_221345-scaled-450x450.jpg 450w, https:\/\/www.akustikksenter.no\/wp-content\/uploads\/2017\/03\/IMG_20211129_221345-scaled-100x100.jpg 100w\" sizes=\"(max-width: 360px) 100vw, 360px\" alt=\"Hugin\u2122 lyddempende bordskjerm\"><\/div><h2 class=\"woocommerce-loop-product__title\">Hugin\u2122 lyddempende bordskjerm<\/h2>\t<div itemprop=\"description\">\r\n\t\t<p><strong>Akustikk bordskjerm med fenomenal lyddemping i h\u00f8yeste lydklasse A.\u00a0 <\/strong>Hugin bordskjerm demper lyd slik at du f\u00e5r en behagelig arbeidsdag p\u00e5 kontoret. Kombiner gjerne med Hugin akustikk skillevegger&#8221;.\u00a0Gr\u00f8nn produksjon, h\u00f8y kvalitet og lang levetid gj\u00f8r produktet meget b\u00e6rekraftig.<\/p>\n\t<\/div>\r\n\t\n\t<span class=\"price\"><span class=\"woocommerce-Price-amount amount\" aria-hidden=\"true\"><bdi><span class=\"woocommerce-Price-currencySymbol\">&#107;&#114;<\/span>&nbsp;1,717<\/bdi><\/span> <span aria-hidden=\"true\">-<\/span> <span class=\"woocommerce-Price-amount amount\" aria-hidden=\"true\"><bdi><span class=\"woocommerce-Price-currencySymbol\">&#107;&#114;<\/span>&nbsp;4,136<\/bdi><\/span><span class=\"screen-reader-text\">Prisinterval: &#107;&#114;&nbsp;1,717 til &#107;&#114;&nbsp;4,136<\/span> <small class=\"woocommerce-price-suffix\">ink.mva<\/small><\/span>\n<\/a><a href=\"https:\/\/www.akustikksenter.no\/da\/butikk\/skillevegger-og-bordskjermer\/hugin-bordskjerm\/\" aria-describedby=\"woocommerce_loop_add_to_cart_link_describedby_2891\" data-quantity=\"1\" class=\"button product_type_variable add_to_cart_button\" data-product_id=\"2891\" data-product_sku=\"\" aria-label=\"V\u00e6lg indstillinger for &quot;Hugin\u2122 lyddempende bordskjerm&quot;\" rel=\"nofollow\">V\u00e6lg indstillinger<\/a>\t<span id=\"woocommerce_loop_add_to_cart_link_describedby_2891\" class=\"screen-reader-text\">\n\t\tDette produkt har flere varianter. Valgmulighederne kan v\u00e6lges p\u00e5 produktsiden\t<\/span>\n\t\t\t<input type=\"hidden\" class=\"pmwProductId\" data-id=\"2891\">\n\t\t\t\t\t<script>\n\t\t\t(window.pmwDataLayer = window.pmwDataLayer || {}).products                = window.pmwDataLayer.products || {};\n\t\t\twindow.pmwDataLayer.products[2891] = {\"id\":\"2891\",\"sku\":\"\",\"price\":1716.5,\"brand\":\"\",\"quantity\":1,\"dyn_r_ids\":{\"post_id\":\"2891\",\"sku\":2891,\"gpf\":\"woocommerce_gpf_2891\",\"gla\":\"gla_2891\"},\"is_variable\":true,\"type\":\"variable\",\"name\":\"Hugin\u2122 lyddempende bordskjerm\",\"category\":[\"Bordskjermer - skillevegger\"],\"is_variation\":false};\n\t\t\t\t\twindow.pmw_product_position = window.pmw_product_position || 1;\n\t\twindow.pmwDataLayer.products[2891]['position'] = window.pmw_product_position++;\n\t\t\t\t<\/script>\n\t\t<\/li>\n<li class=\"product type-product post-781 status-publish instock product_cat-skillevegger-og-bordskjermer has-post-thumbnail featured taxable shipping-taxable purchasable product-type-variable\">\n\t<a href=\"https:\/\/www.akustikksenter.no\/da\/butikk\/skillevegger-og-bordskjermer\/hugin-skillevegg\/\" class=\"woocommerce-LoopProduct-link woocommerce-loop-product__link\"><div class=\"tp-image-wrapper\"><img decoding=\"async\" class=\"tp-image\" src=\"https:\/\/www.akustikksenter.no\/wp-content\/uploads\/2016\/06\/Hugin\u2122-lyddempende-skillevegg-Beige-450x450.jpg\" srcset=\"https:\/\/www.akustikksenter.no\/wp-content\/uploads\/2016\/06\/Hugin\u2122-lyddempende-skillevegg-Beige-450x450.jpg 450w, https:\/\/www.akustikksenter.no\/wp-content\/uploads\/2016\/06\/Hugin\u2122-lyddempende-skillevegg-Beige-12x12.jpg 12w, https:\/\/www.akustikksenter.no\/wp-content\/uploads\/2016\/06\/Hugin\u2122-lyddempende-skillevegg-Beige-100x100.jpg 100w\" sizes=\"(max-width: 360px) 100vw, 360px\" alt=\"Hugin\u2122 lyddempende skillevegg\"><img decoding=\"async\" class=\"tp-image-hover\" src=\"https:\/\/www.akustikksenter.no\/wp-content\/uploads\/2016\/06\/IMG_13211-450x450.jpg\" srcset=\"https:\/\/www.akustikksenter.no\/wp-content\/uploads\/2016\/06\/IMG_13211-450x450.jpg 450w, https:\/\/www.akustikksenter.no\/wp-content\/uploads\/2016\/06\/IMG_13211-100x100.jpg 100w\" sizes=\"(max-width: 360px) 100vw, 360px\" alt=\"Hugin\u2122 lyddempende skillevegg\"><\/div><h2 class=\"woocommerce-loop-product__title\">Hugin\u2122 lyddempende skillevegg<\/h2>\t<div itemprop=\"description\">\r\n\t\t<p>Akustikk skillevegg med fenomenal lyddemping i h\u00f8yeste klasse (klasse A). Hugin skillevegg demper lyd slik at du f\u00e5r en behagelig arbeidsdag p\u00e5 kontoret. Kombiner gjerne med Hugin akustikk bordskjermer. Gr\u00f8nn produksjon, h\u00f8y kvalitet og lang levetid gj\u00f8r produktet meget b\u00e6rekraftig.<\/p>\n\t<\/div>\r\n\t\n\t<span class=\"price\"><span class=\"woocommerce-Price-amount amount\"><bdi><span class=\"woocommerce-Price-currencySymbol\">&#107;&#114;<\/span>&nbsp;8,985<\/bdi><\/span> <small class=\"woocommerce-price-suffix\">ink.mva<\/small><\/span>\n<\/a><a href=\"https:\/\/www.akustikksenter.no\/da\/butikk\/skillevegger-og-bordskjermer\/hugin-skillevegg\/\" aria-describedby=\"woocommerce_loop_add_to_cart_link_describedby_781\" data-quantity=\"1\" class=\"button product_type_variable add_to_cart_button\" data-product_id=\"781\" data-product_sku=\"\" aria-label=\"V\u00e6lg indstillinger for &quot;Hugin\u2122 lyddempende skillevegg&quot;\" rel=\"nofollow\">V\u00e6lg indstillinger<\/a>\t<span id=\"woocommerce_loop_add_to_cart_link_describedby_781\" class=\"screen-reader-text\">\n\t\tDette produkt har flere varianter. Valgmulighederne kan v\u00e6lges p\u00e5 produktsiden\t<\/span>\n\t\t\t<input type=\"hidden\" class=\"pmwProductId\" data-id=\"781\">\n\t\t\t\t\t<script>\n\t\t\t(window.pmwDataLayer = window.pmwDataLayer || {}).products                = window.pmwDataLayer.products || {};\n\t\t\twindow.pmwDataLayer.products[781] = {\"id\":\"781\",\"sku\":\"\",\"price\":8984.5,\"brand\":\"\",\"quantity\":1,\"dyn_r_ids\":{\"post_id\":\"781\",\"sku\":781,\"gpf\":\"woocommerce_gpf_781\",\"gla\":\"gla_781\"},\"is_variable\":true,\"type\":\"variable\",\"name\":\"Hugin\u2122 lyddempende skillevegg\",\"category\":[\"Bordskjermer - skillevegger\"],\"is_variation\":false};\n\t\t\t\t\twindow.pmw_product_position = window.pmw_product_position || 1;\n\t\twindow.pmwDataLayer.products[781]['position'] = window.pmw_product_position++;\n\t\t\t\t<\/script>\n\t\t<\/li>\n<li class=\"product type-product post-2198 status-publish instock product_cat-skillevegger-og-bordskjermer has-post-thumbnail taxable shipping-taxable purchasable product-type-variable\">\n\t<a href=\"https:\/\/www.akustikksenter.no\/da\/butikk\/skillevegger-og-bordskjermer\/fot-skillevegg\/\" class=\"woocommerce-LoopProduct-link woocommerce-loop-product__link\"><div class=\"tp-image-wrapper\"><img decoding=\"async\" class=\"tp-image\" src=\"https:\/\/www.akustikksenter.no\/wp-content\/uploads\/2016\/06\/grey-1-3-450x450.jpg\" srcset=\"https:\/\/www.akustikksenter.no\/wp-content\/uploads\/2016\/06\/grey-1-3-450x450.jpg 450w, https:\/\/www.akustikksenter.no\/wp-content\/uploads\/2016\/06\/grey-1-3-13x12.jpg 13w, https:\/\/www.akustikksenter.no\/wp-content\/uploads\/2016\/06\/grey-1-3-100x100.jpg 100w\" sizes=\"(max-width: 360px) 100vw, 360px\" alt=\"Fot til lyddempende skillevegg\"><img decoding=\"async\" class=\"tp-image-hover\" src=\"https:\/\/www.akustikksenter.no\/wp-content\/uploads\/2016\/06\/coal-1-4-450x450.jpg\" srcset=\"https:\/\/www.akustikksenter.no\/wp-content\/uploads\/2016\/06\/coal-1-4-450x450.jpg 450w, https:\/\/www.akustikksenter.no\/wp-content\/uploads\/2016\/06\/coal-1-4-100x100.jpg 100w\" sizes=\"(max-width: 360px) 100vw, 360px\" alt=\"Fot til lyddempende skillevegg\"><\/div><h2 class=\"woocommerce-loop-product__title\">Fot til lyddempende skillevegg<\/h2>\t<div itemprop=\"description\">\r\n\t\t<p>Meget st\u00f8dig fot i matt svart og gr\u00e5. 7kg, pulverlakkert st\u00e5l til Hugin\u2122 lyddempende skillevegg.<\/p>\n\t<\/div>\r\n\t\n\t<span class=\"price\"><span class=\"woocommerce-Price-amount amount\"><bdi><span class=\"woocommerce-Price-currencySymbol\">&#107;&#114;<\/span>&nbsp;1,368<\/bdi><\/span> <small class=\"woocommerce-price-suffix\">ink.mva<\/small><\/span>\n<\/a><a href=\"https:\/\/www.akustikksenter.no\/da\/butikk\/skillevegger-og-bordskjermer\/fot-skillevegg\/\" aria-describedby=\"woocommerce_loop_add_to_cart_link_describedby_2198\" data-quantity=\"1\" class=\"button product_type_variable add_to_cart_button\" data-product_id=\"2198\" data-product_sku=\"86017\" aria-label=\"V\u00e6lg indstillinger for &quot;Fot til lyddempende skillevegg&quot;\" rel=\"nofollow\">V\u00e6lg indstillinger<\/a>\t<span id=\"woocommerce_loop_add_to_cart_link_describedby_2198\" class=\"screen-reader-text\">\n\t\tDette produkt har flere varianter. Valgmulighederne kan v\u00e6lges p\u00e5 produktsiden\t<\/span>\n\t\t\t<input type=\"hidden\" class=\"pmwProductId\" data-id=\"2198\">\n\t\t\t\t\t<script>\n\t\t\t(window.pmwDataLayer = window.pmwDataLayer || {}).products                = window.pmwDataLayer.products || {};\n\t\t\twindow.pmwDataLayer.products[2198] = {\"id\":\"2198\",\"sku\":\"86017\",\"price\":1367.65,\"brand\":\"\",\"quantity\":1,\"dyn_r_ids\":{\"post_id\":\"2198\",\"sku\":\"86017\",\"gpf\":\"woocommerce_gpf_2198\",\"gla\":\"gla_2198\"},\"is_variable\":true,\"type\":\"variable\",\"name\":\"Fot til lyddempende skillevegg\",\"category\":[\"Bordskjermer - skillevegger\"],\"is_variation\":false};\n\t\t\t\t\twindow.pmw_product_position = window.pmw_product_position || 1;\n\t\twindow.pmwDataLayer.products[2198]['position'] = window.pmw_product_position++;\n\t\t\t\t<\/script>\n\t\t<\/li>\n<li class=\"product type-product post-2186 status-publish last instock product_cat-skillevegger-og-bordskjermer has-post-thumbnail taxable shipping-taxable purchasable product-type-variable\">\n\t<a href=\"https:\/\/www.akustikksenter.no\/da\/butikk\/skillevegger-og-bordskjermer\/tilbehor-skillevegg-tekstiloverflate\/\" class=\"woocommerce-LoopProduct-link woocommerce-loop-product__link\"><div class=\"tp-image-wrapper\"><img decoding=\"async\" class=\"tp-image\" src=\"https:\/\/www.akustikksenter.no\/wp-content\/uploads\/2011\/01\/Topplist-til-skillevegg-gr\u00e5-copy-e1525351911408-450x450.jpg\" srcset=\"https:\/\/www.akustikksenter.no\/wp-content\/uploads\/2011\/01\/Topplist-til-skillevegg-gr\u00e5-copy-e1525351911408-450x450.jpg 450w, https:\/\/www.akustikksenter.no\/wp-content\/uploads\/2011\/01\/Topplist-til-skillevegg-gr\u00e5-copy-e1525351911408-100x100.jpg 100w, https:\/\/www.akustikksenter.no\/wp-content\/uploads\/2011\/01\/Topplist-til-skillevegg-gr\u00e5-copy-e1525351911408-300x300.jpg 300w, https:\/\/www.akustikksenter.no\/wp-content\/uploads\/2011\/01\/Topplist-til-skillevegg-gr\u00e5-copy-e1525351911408-275x275.jpg 275w\" sizes=\"(max-width: 360px) 100vw, 360px\" alt=\"Topplist til lyddempende skillevegg\"><img decoding=\"async\" class=\"tp-image-hover\" src=\"https:\/\/www.akustikksenter.no\/wp-content\/uploads\/2011\/01\/Topplist-til-skillevegg-matt-svart-montert-\u2013-Kopi-copy-e1525352008659-450x450.jpg\" srcset=\"https:\/\/www.akustikksenter.no\/wp-content\/uploads\/2011\/01\/Topplist-til-skillevegg-matt-svart-montert-\u2013-Kopi-copy-e1525352008659-450x450.jpg 450w, https:\/\/www.akustikksenter.no\/wp-content\/uploads\/2011\/01\/Topplist-til-skillevegg-matt-svart-montert-\u2013-Kopi-copy-e1525352008659-100x100.jpg 100w, https:\/\/www.akustikksenter.no\/wp-content\/uploads\/2011\/01\/Topplist-til-skillevegg-matt-svart-montert-\u2013-Kopi-copy-e1525352008659-300x300.jpg 300w\" sizes=\"(max-width: 360px) 100vw, 360px\" alt=\"Topplist til lyddempende skillevegg\"><\/div><h2 class=\"woocommerce-loop-product__title\">Topplist til lyddempende skillevegg<\/h2>\t<div itemprop=\"description\">\r\n\t\t<p>Topplist til skillevegg. Pulverlakkert st\u00e5l i gr\u00e5 og matt svart. Pris pr. stk.<\/p>\n\t<\/div>\r\n\t\n\t<span class=\"price\"><span class=\"woocommerce-Price-amount amount\" aria-hidden=\"true\"><bdi><span class=\"woocommerce-Price-currencySymbol\">&#107;&#114;<\/span>&nbsp;388<\/bdi><\/span> <span aria-hidden=\"true\">-<\/span> <span class=\"woocommerce-Price-amount amount\" aria-hidden=\"true\"><bdi><span class=\"woocommerce-Price-currencySymbol\">&#107;&#114;<\/span>&nbsp;535<\/bdi><\/span><span class=\"screen-reader-text\">Prisinterval: &#107;&#114;&nbsp;388 til &#107;&#114;&nbsp;535<\/span> <small class=\"woocommerce-price-suffix\">ink.mva<\/small><\/span>\n<\/a><a href=\"https:\/\/www.akustikksenter.no\/da\/butikk\/skillevegger-og-bordskjermer\/tilbehor-skillevegg-tekstiloverflate\/\" aria-describedby=\"woocommerce_loop_add_to_cart_link_describedby_2186\" data-quantity=\"1\" class=\"button product_type_variable add_to_cart_button\" data-product_id=\"2186\" data-product_sku=\"\" aria-label=\"V\u00e6lg indstillinger for &quot;Topplist til lyddempende skillevegg&quot;\" rel=\"nofollow\">V\u00e6lg indstillinger<\/a>\t<span id=\"woocommerce_loop_add_to_cart_link_describedby_2186\" class=\"screen-reader-text\">\n\t\tDette produkt har flere varianter. Valgmulighederne kan v\u00e6lges p\u00e5 produktsiden\t<\/span>\n\t\t\t<input type=\"hidden\" class=\"pmwProductId\" data-id=\"2186\">\n\t\t\t\t\t<script>\n\t\t\t(window.pmwDataLayer = window.pmwDataLayer || {}).products                = window.pmwDataLayer.products || {};\n\t\t\twindow.pmwDataLayer.products[2186] = {\"id\":\"2186\",\"sku\":\"\",\"price\":387.6,\"brand\":\"\",\"quantity\":1,\"dyn_r_ids\":{\"post_id\":\"2186\",\"sku\":2186,\"gpf\":\"woocommerce_gpf_2186\",\"gla\":\"gla_2186\"},\"is_variable\":true,\"type\":\"variable\",\"name\":\"Topplist til lyddempende skillevegg\",\"category\":[\"Bordskjermer - skillevegger\"],\"is_variation\":false};\n\t\t\t\t\twindow.pmw_product_position = window.pmw_product_position || 1;\n\t\twindow.pmwDataLayer.products[2186]['position'] = window.pmw_product_position++;\n\t\t\t\t<\/script>\n\t\t<\/li>\n<li class=\"product type-product post-4673 status-publish first instock product_cat-skillevegger-og-bordskjermer has-post-thumbnail taxable shipping-taxable purchasable product-type-variable\">\n\t<a href=\"https:\/\/www.akustikksenter.no\/da\/butikk\/skillevegger-og-bordskjermer\/festeskinne-til-skillevegg-og-oppslagstavle\/\" class=\"woocommerce-LoopProduct-link woocommerce-loop-product__link\"><div class=\"tp-image-wrapper\"><img decoding=\"async\" class=\"tp-image\" src=\"https:\/\/www.akustikksenter.no\/wp-content\/uploads\/2018\/09\/Festeskinne-festet-copy.jpg\" srcset=\"https:\/\/www.akustikksenter.no\/wp-content\/uploads\/2018\/09\/Festeskinne-festet-copy.jpg 402w, https:\/\/www.akustikksenter.no\/wp-content\/uploads\/2018\/09\/Festeskinne-festet-copy-100x100.jpg 100w, https:\/\/www.akustikksenter.no\/wp-content\/uploads\/2018\/09\/Festeskinne-festet-copy-350x350.jpg 350w, https:\/\/www.akustikksenter.no\/wp-content\/uploads\/2018\/09\/Festeskinne-festet-copy-300x300.jpg 300w, https:\/\/www.akustikksenter.no\/wp-content\/uploads\/2018\/09\/Festeskinne-festet-copy-150x150.jpg 150w, https:\/\/www.akustikksenter.no\/wp-content\/uploads\/2018\/09\/Festeskinne-festet-copy-80x80.jpg 80w, https:\/\/www.akustikksenter.no\/wp-content\/uploads\/2018\/09\/Festeskinne-festet-copy-250x250.jpg 250w\" sizes=\"(max-width: 360px) 100vw, 360px\" alt=\"Festeskinne til skillevegg og oppslagstavle\"><img decoding=\"async\" class=\"tp-image-hover\" src=\"https:\/\/www.akustikksenter.no\/wp-content\/uploads\/2018\/09\/IMG_8400-copy-450x450.jpg\" srcset=\"https:\/\/www.akustikksenter.no\/wp-content\/uploads\/2018\/09\/IMG_8400-copy-450x450.jpg 450w, https:\/\/www.akustikksenter.no\/wp-content\/uploads\/2018\/09\/IMG_8400-copy-100x100.jpg 100w, https:\/\/www.akustikksenter.no\/wp-content\/uploads\/2018\/09\/IMG_8400-copy-800x800.jpg 800w, https:\/\/www.akustikksenter.no\/wp-content\/uploads\/2018\/09\/IMG_8400-copy-150x150.jpg 150w, https:\/\/www.akustikksenter.no\/wp-content\/uploads\/2018\/09\/IMG_8400-copy-300x300.jpg 300w, https:\/\/www.akustikksenter.no\/wp-content\/uploads\/2018\/09\/IMG_8400-copy-768x768.jpg 768w, https:\/\/www.akustikksenter.no\/wp-content\/uploads\/2018\/09\/IMG_8400-copy-1024x1024.jpg 1024w, https:\/\/www.akustikksenter.no\/wp-content\/uploads\/2018\/09\/IMG_8400-copy-80x80.jpg 80w, https:\/\/www.akustikksenter.no\/wp-content\/uploads\/2018\/09\/IMG_8400-copy-250x250.jpg 250w, https:\/\/www.akustikksenter.no\/wp-content\/uploads\/2018\/09\/IMG_8400-copy-500x500.jpg 500w, https:\/\/www.akustikksenter.no\/wp-content\/uploads\/2018\/09\/IMG_8400-copy.jpg 1394w\" sizes=\"(max-width: 360px) 100vw, 360px\" alt=\"Festeskinne til skillevegg og oppslagstavle\"><\/div><h2 class=\"woocommerce-loop-product__title\">Festeskinne til skillevegg og oppslagstavle<\/h2>\t<div itemprop=\"description\">\r\n\t\t<p>Festeskinne i matt svart pulverlakkert st\u00e5l til Hugin\u2122akustikk skillevegg eller Frigg\u2122 lyddempende oppslagstavle.<br \/>\nPris pr. stk.<\/p>\n\t<\/div>\r\n\t\n\t<span class=\"price\"><span class=\"woocommerce-Price-amount amount\" aria-hidden=\"true\"><bdi><span class=\"woocommerce-Price-currencySymbol\">&#107;&#114;<\/span>&nbsp;268<\/bdi><\/span> <span aria-hidden=\"true\">-<\/span> <span class=\"woocommerce-Price-amount amount\" aria-hidden=\"true\"><bdi><span class=\"woocommerce-Price-currencySymbol\">&#107;&#114;<\/span>&nbsp;607<\/bdi><\/span><span class=\"screen-reader-text\">Prisinterval: &#107;&#114;&nbsp;268 til &#107;&#114;&nbsp;607<\/span> <small class=\"woocommerce-price-suffix\">ink.mva<\/small><\/span>\n<\/a><a href=\"https:\/\/www.akustikksenter.no\/da\/butikk\/skillevegger-og-bordskjermer\/festeskinne-til-skillevegg-og-oppslagstavle\/\" aria-describedby=\"woocommerce_loop_add_to_cart_link_describedby_4673\" data-quantity=\"1\" class=\"button product_type_variable add_to_cart_button\" data-product_id=\"4673\" data-product_sku=\"\" aria-label=\"V\u00e6lg indstillinger for &quot;Festeskinne til skillevegg og oppslagstavle&quot;\" rel=\"nofollow\">V\u00e6lg indstillinger<\/a>\t<span id=\"woocommerce_loop_add_to_cart_link_describedby_4673\" class=\"screen-reader-text\">\n\t\tDette produkt har flere varianter. Valgmulighederne kan v\u00e6lges p\u00e5 produktsiden\t<\/span>\n\t\t\t<input type=\"hidden\" class=\"pmwProductId\" data-id=\"4673\">\n\t\t\t\t\t<script>\n\t\t\t(window.pmwDataLayer = window.pmwDataLayer || {}).products                = window.pmwDataLayer.products || {};\n\t\t\twindow.pmwDataLayer.products[4673] = {\"id\":\"4673\",\"sku\":\"\",\"price\":267.75,\"brand\":\"\",\"quantity\":1,\"dyn_r_ids\":{\"post_id\":\"4673\",\"sku\":4673,\"gpf\":\"woocommerce_gpf_4673\",\"gla\":\"gla_4673\"},\"is_variable\":true,\"type\":\"variable\",\"name\":\"Festeskinne til skillevegg og oppslagstavle\",\"category\":[\"Bordskjermer - skillevegger\"],\"is_variation\":false};\n\t\t\t\t\twindow.pmw_product_position = window.pmw_product_position || 1;\n\t\twindow.pmwDataLayer.products[4673]['position'] = window.pmw_product_position++;\n\t\t\t\t<\/script>\n\t\t<\/li>\n<li class=\"product type-product post-3928 status-publish instock product_cat-skillevegger-og-bordskjermer has-post-thumbnail taxable shipping-taxable purchasable product-type-variable\">\n\t<a href=\"https:\/\/www.akustikksenter.no\/da\/butikk\/skillevegger-og-bordskjermer\/skjotestykke-til-skillevegg-20-cm\/\" class=\"woocommerce-LoopProduct-link woocommerce-loop-product__link\"><div class=\"tp-image-wrapper\"><img decoding=\"async\" class=\"image\" src=\"https:\/\/www.akustikksenter.no\/wp-content\/uploads\/2014\/03\/Skj\u00f8testykke-til-skillevegger-20-cm-gra\u030a_copy-e1525791894318-450x450.jpg\" srcset=\"https:\/\/www.akustikksenter.no\/wp-content\/uploads\/2014\/03\/Skj\u00f8testykke-til-skillevegger-20-cm-gra\u030a_copy-e1525791894318-450x450.jpg 450w, https:\/\/www.akustikksenter.no\/wp-content\/uploads\/2014\/03\/Skj\u00f8testykke-til-skillevegger-20-cm-gra\u030a_copy-e1525791894318-100x100.jpg 100w, https:\/\/www.akustikksenter.no\/wp-content\/uploads\/2014\/03\/Skj\u00f8testykke-til-skillevegger-20-cm-gra\u030a_copy-e1525791894318-300x300.jpg 300w\" sizes=\"(max-width: 360px) 100vw, 360px\" alt=\"Skj\u00f8testykke til lyddempende skillevegg\"><\/div><h2 class=\"woocommerce-loop-product__title\">Skj\u00f8testykke til lyddempende skillevegg<\/h2>\t<div itemprop=\"description\">\r\n\t\t<p>20 cm. Gr\u00e5 og matt svart skj\u00f8testykke til Hugin lyddempende skillevegg. Pulverlakkert st\u00e5l.<\/p>\n\t<\/div>\r\n\t\n\t<span class=\"price\"><span class=\"woocommerce-Price-amount amount\"><bdi><span class=\"woocommerce-Price-currencySymbol\">&#107;&#114;<\/span>&nbsp;257<\/bdi><\/span> <small class=\"woocommerce-price-suffix\">ink.mva<\/small><\/span>\n<\/a><a href=\"https:\/\/www.akustikksenter.no\/da\/butikk\/skillevegger-og-bordskjermer\/skjotestykke-til-skillevegg-20-cm\/\" aria-describedby=\"woocommerce_loop_add_to_cart_link_describedby_3928\" data-quantity=\"1\" class=\"button product_type_variable add_to_cart_button\" data-product_id=\"3928\" data-product_sku=\"\" aria-label=\"V\u00e6lg indstillinger for &quot;Skj\u00f8testykke til lyddempende skillevegg&quot;\" rel=\"nofollow\">V\u00e6lg indstillinger<\/a>\t<span id=\"woocommerce_loop_add_to_cart_link_describedby_3928\" class=\"screen-reader-text\">\n\t\tDette produkt har flere varianter. Valgmulighederne kan v\u00e6lges p\u00e5 produktsiden\t<\/span>\n\t\t\t<input type=\"hidden\" class=\"pmwProductId\" data-id=\"3928\">\n\t\t\t\t\t<script>\n\t\t\t(window.pmwDataLayer = window.pmwDataLayer || {}).products                = window.pmwDataLayer.products || {};\n\t\t\twindow.pmwDataLayer.products[3928] = {\"id\":\"3928\",\"sku\":\"\",\"price\":256.7,\"brand\":\"\",\"quantity\":1,\"dyn_r_ids\":{\"post_id\":\"3928\",\"sku\":3928,\"gpf\":\"woocommerce_gpf_3928\",\"gla\":\"gla_3928\"},\"is_variable\":true,\"type\":\"variable\",\"name\":\"Skj\u00f8testykke til lyddempende skillevegg\",\"category\":[\"Bordskjermer - skillevegger\"],\"is_variation\":false};\n\t\t\t\t\twindow.pmw_product_position = window.pmw_product_position || 1;\n\t\twindow.pmwDataLayer.products[3928]['position'] = window.pmw_product_position++;\n\t\t\t\t<\/script>\n\t\t<\/li>\n<li class=\"product type-product post-2918 status-publish instock product_cat-skillevegger-og-bordskjermer product_cat-montasje-og-feste has-post-thumbnail sale taxable shipping-taxable purchasable product-type-simple\">\n\t<a href=\"https:\/\/www.akustikksenter.no\/da\/butikk\/montasje-og-feste\/hugin-festebraketter\/\" class=\"woocommerce-LoopProduct-link woocommerce-loop-product__link\"><div class=\"tp-image-wrapper\"><img decoding=\"async\" class=\"tp-image\" src=\"https:\/\/www.akustikksenter.no\/wp-content\/uploads\/2017\/03\/Hugin_feste-450x450.jpg\" srcset=\"https:\/\/www.akustikksenter.no\/wp-content\/uploads\/2017\/03\/Hugin_feste-450x450.jpg 450w, https:\/\/www.akustikksenter.no\/wp-content\/uploads\/2017\/03\/Hugin_feste-100x100.jpg 100w, https:\/\/www.akustikksenter.no\/wp-content\/uploads\/2017\/03\/Hugin_feste-150x150.jpg 150w, https:\/\/www.akustikksenter.no\/wp-content\/uploads\/2017\/03\/Hugin_feste-300x300.jpg 300w, https:\/\/www.akustikksenter.no\/wp-content\/uploads\/2017\/03\/Hugin_feste-500x500.jpg 500w, https:\/\/www.akustikksenter.no\/wp-content\/uploads\/2017\/03\/Hugin_feste-80x80.jpg 80w, https:\/\/www.akustikksenter.no\/wp-content\/uploads\/2017\/03\/Hugin_feste-275x275.jpg 275w\" sizes=\"(max-width: 360px) 100vw, 360px\" alt=\"Festebrakett til Hugin bordskjerm, foto\"><img decoding=\"async\" class=\"tp-image-hover\" src=\"https:\/\/www.akustikksenter.no\/wp-content\/uploads\/2017\/03\/Hugin_sort-450x450.jpg\" srcset=\"https:\/\/www.akustikksenter.no\/wp-content\/uploads\/2017\/03\/Hugin_sort-450x450.jpg 450w, https:\/\/www.akustikksenter.no\/wp-content\/uploads\/2017\/03\/Hugin_sort-100x100.jpg 100w, https:\/\/www.akustikksenter.no\/wp-content\/uploads\/2017\/03\/Hugin_sort-150x150.jpg 150w, https:\/\/www.akustikksenter.no\/wp-content\/uploads\/2017\/03\/Hugin_sort-300x300.jpg 300w, https:\/\/www.akustikksenter.no\/wp-content\/uploads\/2017\/03\/Hugin_sort-500x500.jpg 500w, https:\/\/www.akustikksenter.no\/wp-content\/uploads\/2017\/03\/Hugin_sort-80x80.jpg 80w\" sizes=\"(max-width: 360px) 100vw, 360px\" alt=\"Hugin bordskjerming sort, foto\"><\/div>\n\t<span class=\"onsale\">Tilbud<\/span>\n\t<h2 class=\"woocommerce-loop-product__title\">Hugin\u2122 bordskjerm festebrakett<\/h2>\t<div itemprop=\"description\">\r\n\t\t<p>Festebrakett til Hugin bordskjerm. Egenutviklede fester i svart pulverlakkert st\u00e5l. Meget solide og enkle og montere. Pris pr. stk.<\/p>\n\t<\/div>\r\n\t\n\t<span class=\"price\"><span class=\"woocommerce-Price-amount amount\"><bdi><span class=\"woocommerce-Price-currencySymbol\">&#107;&#114;<\/span>&nbsp;300<\/bdi><\/span> <small class=\"woocommerce-price-suffix\">ink.mva<\/small><\/span>\n<\/a><a href=\"\/da\/wp-json\/wp\/v2\/pages\/5911?add-to-cart=2918\" aria-describedby=\"woocommerce_loop_add_to_cart_link_describedby_2918\" data-quantity=\"1\" class=\"button product_type_simple add_to_cart_button ajax_add_to_cart\" data-product_id=\"2918\" data-product_sku=\"90013\" aria-label=\"L\u00e6g i kurv: &quot;Hugin\u2122 bordskjerm festebrakett&quot;\" rel=\"nofollow\" data-success_message=\"&quot;Hugin\u2122 bordskjerm festebrakett&quot; er blevet tilf\u00f8jet til din kurv.\">Tilf\u00f8j til kurv<\/a>\t<span id=\"woocommerce_loop_add_to_cart_link_describedby_2918\" class=\"screen-reader-text\">\n\t\t\t<\/span>\n\t\t\t<input type=\"hidden\" class=\"pmwProductId\" data-id=\"2918\">\n\t\t\t\t\t<script>\n\t\t\t(window.pmwDataLayer = window.pmwDataLayer || {}).products                = window.pmwDataLayer.products || {};\n\t\t\twindow.pmwDataLayer.products[2918] = {\"id\":\"2918\",\"sku\":\"90013\",\"price\":300.05,\"brand\":\"\",\"quantity\":1,\"dyn_r_ids\":{\"post_id\":\"2918\",\"sku\":\"90013\",\"gpf\":\"woocommerce_gpf_2918\",\"gla\":\"gla_2918\"},\"is_variable\":false,\"type\":\"simple\",\"name\":\"Hugin\u2122 bordskjerm festebrakett\",\"category\":[\"Bordskjermer - skillevegger\",\"Festemiddel og tilbeh\u00f8r\"],\"is_variation\":false};\n\t\t\t\t\twindow.pmw_product_position = window.pmw_product_position || 1;\n\t\twindow.pmwDataLayer.products[2918]['position'] = window.pmw_product_position++;\n\t\t\t\t<\/script>\n\t\t<\/li>\n<\/ul>\n<\/div><h3>\n\t\tMontasje og feste\n\t<\/h3>\n<div class=\"woocommerce columns-6 \"><ul class=\"products columns-6\">\n<li class=\"product type-product post-782 status-publish first instock product_cat-montasje-og-feste has-post-thumbnail taxable shipping-taxable purchasable product-type-variable\">\n\t<a href=\"https:\/\/www.akustikksenter.no\/da\/butikk\/montasje-og-feste\/high-tack-montasjelim\/\" class=\"woocommerce-LoopProduct-link woocommerce-loop-product__link\"><div class=\"tp-image-wrapper\"><img decoding=\"async\" class=\"tp-image\" src=\"https:\/\/www.akustikksenter.no\/wp-content\/uploads\/2016\/06\/High-Tack-450x450.jpg\" srcset=\"https:\/\/www.akustikksenter.no\/wp-content\/uploads\/2016\/06\/High-Tack-450x450.jpg 450w, https:\/\/www.akustikksenter.no\/wp-content\/uploads\/2016\/06\/High-Tack-100x100.jpg 100w\" sizes=\"(max-width: 360px) 100vw, 360px\" alt=\"Soudal Fix ALL High tack montasjelim. Tak\"><img decoding=\"async\" class=\"tp-image-hover\" src=\"https:\/\/www.akustikksenter.no\/wp-content\/uploads\/2022\/03\/Montasje-450x450.png\" srcset=\"https:\/\/www.akustikksenter.no\/wp-content\/uploads\/2022\/03\/Montasje-450x450.png 450w, https:\/\/www.akustikksenter.no\/wp-content\/uploads\/2022\/03\/Montasje-100x100.png 100w, https:\/\/www.akustikksenter.no\/wp-content\/uploads\/2022\/03\/Montasje-300x300.png 300w\" sizes=\"(max-width: 360px) 100vw, 360px\" alt=\"Soudal Fix ALL High tack montasjelim. Tak\"><\/div><h2 class=\"woocommerce-loop-product__title\">Soudal Fix ALL High tack montasjelim. Tak<\/h2>\t<div itemprop=\"description\">\r\n\t\t<p>Til tak og horisontale flater.<\/p>\n<p>Soudal Fix All High Tack er en fleksibel h\u00f8ystyrke fugelim for umiddelbar heft.<\/p>\n<p>290ml. Pris pr. stk.<\/p>\n<p><strong>Du m\u00e5 ha 1 limpatron til 2m\u00b2 absorbent.\u00a0<\/strong><\/p>\n\t<\/div>\r\n\t\n\t<span class=\"price\"><span class=\"woocommerce-Price-amount amount\"><bdi><span class=\"woocommerce-Price-currencySymbol\">&#107;&#114;<\/span>&nbsp;187<\/bdi><\/span> <small class=\"woocommerce-price-suffix\">ink.mva<\/small><\/span>\n<\/a><a href=\"https:\/\/www.akustikksenter.no\/da\/butikk\/montasje-og-feste\/high-tack-montasjelim\/\" aria-describedby=\"woocommerce_loop_add_to_cart_link_describedby_782\" data-quantity=\"1\" class=\"button product_type_variable add_to_cart_button\" data-product_id=\"782\" data-product_sku=\"8647\" aria-label=\"V\u00e6lg indstillinger for &quot;Soudal Fix ALL High tack montasjelim. Tak&quot;\" rel=\"nofollow\">V\u00e6lg indstillinger<\/a>\t<span id=\"woocommerce_loop_add_to_cart_link_describedby_782\" class=\"screen-reader-text\">\n\t\tDette produkt har flere varianter. Valgmulighederne kan v\u00e6lges p\u00e5 produktsiden\t<\/span>\n\t\t\t<input type=\"hidden\" class=\"pmwProductId\" data-id=\"782\">\n\t\t\t\t\t<script>\n\t\t\t(window.pmwDataLayer = window.pmwDataLayer || {}).products                = window.pmwDataLayer.products || {};\n\t\t\twindow.pmwDataLayer.products[782] = {\"id\":\"782\",\"sku\":\"8647\",\"price\":187,\"brand\":\"\",\"quantity\":1,\"dyn_r_ids\":{\"post_id\":\"782\",\"sku\":\"8647\",\"gpf\":\"woocommerce_gpf_782\",\"gla\":\"gla_782\"},\"is_variable\":true,\"type\":\"variable\",\"name\":\"Soudal Fix ALL High tack montasjelim. Tak\",\"category\":[\"Festemiddel og tilbeh\u00f8r\"],\"is_variation\":false};\n\t\t\t\t\twindow.pmw_product_position = window.pmw_product_position || 1;\n\t\twindow.pmwDataLayer.products[782]['position'] = window.pmw_product_position++;\n\t\t\t\t<\/script>\n\t\t<\/li>\n<li class=\"product type-product post-1461 status-publish instock product_cat-montasje-og-feste has-post-thumbnail sale taxable shipping-taxable purchasable product-type-simple\">\n\t<a href=\"https:\/\/www.akustikksenter.no\/da\/butikk\/montasje-og-feste\/fix-all-x-treme\/\" class=\"woocommerce-LoopProduct-link woocommerce-loop-product__link\"><div class=\"tp-image-wrapper\"><img decoding=\"async\" class=\"tp-image\" src=\"https:\/\/www.akustikksenter.no\/wp-content\/uploads\/2016\/06\/x-treme-450x450.jpg\" srcset=\"https:\/\/www.akustikksenter.no\/wp-content\/uploads\/2016\/06\/x-treme-450x450.jpg 450w, https:\/\/www.akustikksenter.no\/wp-content\/uploads\/2016\/06\/x-treme-100x100.jpg 100w\" sizes=\"(max-width: 360px) 100vw, 360px\" alt=\"Soudal Fix All X-Treme Power. Vegg og skr\u00e5tak\"><img decoding=\"async\" class=\"tp-image-hover\" src=\"https:\/\/www.akustikksenter.no\/wp-content\/uploads\/2016\/06\/montering-vegg-Frigg-450x450.jpg\" srcset=\"https:\/\/www.akustikksenter.no\/wp-content\/uploads\/2016\/06\/montering-vegg-Frigg-450x450.jpg 450w, https:\/\/www.akustikksenter.no\/wp-content\/uploads\/2016\/06\/montering-vegg-Frigg-100x100.jpg 100w\" sizes=\"(max-width: 360px) 100vw, 360px\" alt=\"Soudal Fix All X-Treme Power. Vegg og skr\u00e5tak\"><\/div>\n\t<span class=\"onsale\">Tilbud<\/span>\n\t<h2 class=\"woocommerce-loop-product__title\">Soudal Fix All X-Treme Power. Vegg og skr\u00e5tak<\/h2>\t<div itemprop=\"description\">\r\n\t\t<p>Til skr\u00e5tak, vegg og loddrette flater.<\/p>\n<p>Soudal Fix All X-Treme Power er en h\u00f8ykvalitets 1-komponent kraftlim med ekstremt h\u00f8y umiddelbar heftevne.<\/p>\n<p>280ml. Pris pr. stk.<\/p>\n<p><strong>Du m\u00e5 ha 1 limpatron til 2m\u00b2 absorbent.\u00a0<\/strong><\/p>\n\t<\/div>\r\n\t\n\t<span class=\"price\"><span class=\"woocommerce-Price-amount amount\"><bdi><span class=\"woocommerce-Price-currencySymbol\">&#107;&#114;<\/span>&nbsp;247<\/bdi><\/span> <small class=\"woocommerce-price-suffix\">ink.mva<\/small><\/span>\n<\/a><a href=\"\/da\/wp-json\/wp\/v2\/pages\/5911?add-to-cart=1461\" aria-describedby=\"woocommerce_loop_add_to_cart_link_describedby_1461\" data-quantity=\"1\" class=\"button product_type_simple add_to_cart_button ajax_add_to_cart\" data-product_id=\"1461\" data-product_sku=\"8645\" aria-label=\"L\u00e6g i kurv: &quot;Soudal Fix All X-Treme Power. Vegg og skr\u00e5tak&quot;\" rel=\"nofollow\" data-success_message=\"&quot;Soudal Fix All X-Treme Power. Vegg og skr\u00e5tak&quot; er blevet tilf\u00f8jet til din kurv.\">Tilf\u00f8j til kurv<\/a>\t<span id=\"woocommerce_loop_add_to_cart_link_describedby_1461\" class=\"screen-reader-text\">\n\t\t\t<\/span>\n\t\t\t<input type=\"hidden\" class=\"pmwProductId\" data-id=\"1461\">\n\t\t\t\t\t<script>\n\t\t\t(window.pmwDataLayer = window.pmwDataLayer || {}).products                = window.pmwDataLayer.products || {};\n\t\t\twindow.pmwDataLayer.products[1461] = {\"id\":\"1461\",\"sku\":\"8645\",\"price\":246.5,\"brand\":\"\",\"quantity\":1,\"dyn_r_ids\":{\"post_id\":\"1461\",\"sku\":\"8645\",\"gpf\":\"woocommerce_gpf_1461\",\"gla\":\"gla_1461\"},\"is_variable\":false,\"type\":\"simple\",\"name\":\"Soudal Fix All X-Treme Power. Vegg og skr\u00e5tak\",\"category\":[\"Festemiddel og tilbeh\u00f8r\"],\"is_variation\":false};\n\t\t\t\t\twindow.pmw_product_position = window.pmw_product_position || 1;\n\t\twindow.pmwDataLayer.products[1461]['position'] = window.pmw_product_position++;\n\t\t\t\t<\/script>\n\t\t<\/li>\n<li class=\"product type-product post-1818 status-publish instock product_cat-montasje-og-feste has-post-thumbnail taxable shipping-taxable purchasable product-type-variable\">\n\t<a href=\"https:\/\/www.akustikksenter.no\/da\/butikk\/montasje-og-feste\/festeskrue-med-dekorkopp\/\" class=\"woocommerce-LoopProduct-link woocommerce-loop-product__link\"><div class=\"tp-image-wrapper\"><img decoding=\"async\" class=\"tp-image\" src=\"https:\/\/www.akustikksenter.no\/wp-content\/uploads\/2015\/03\/86023-festeskrue-vegg-450x450.jpg\" srcset=\"https:\/\/www.akustikksenter.no\/wp-content\/uploads\/2015\/03\/86023-festeskrue-vegg-450x450.jpg 450w, https:\/\/www.akustikksenter.no\/wp-content\/uploads\/2015\/03\/86023-festeskrue-vegg-100x100.jpg 100w\" sizes=\"(max-width: 360px) 100vw, 360px\" alt=\"Dekorkopp for skrue\"><img decoding=\"async\" class=\"tp-image-hover\" src=\"https:\/\/www.akustikksenter.no\/wp-content\/uploads\/2017\/09\/kopi-1-e1506082367213-450x450.jpg\" srcset=\"https:\/\/www.akustikksenter.no\/wp-content\/uploads\/2017\/09\/kopi-1-e1506082367213-450x450.jpg 450w, https:\/\/www.akustikksenter.no\/wp-content\/uploads\/2017\/09\/kopi-1-e1506082367213-100x100.jpg 100w, https:\/\/www.akustikksenter.no\/wp-content\/uploads\/2017\/09\/kopi-1-e1506082367213-300x300.jpg 300w\" sizes=\"(max-width: 360px) 100vw, 360px\" alt=\"Dekorkopp for skrue\"><\/div><h2 class=\"woocommerce-loop-product__title\">Dekorkopp for skrue<\/h2>\t<div itemprop=\"description\">\r\n\t\t<p>Feste for montering av akustikkplater til vegg eller tak. F\u00e5s i polert aluminium, matt svart, hvit og beige. Best\u00e5r av 2 deler. Selges i pakker av 4 stk. Pris pr. pakke.<br \/>\nDiameter p\u00e5 skruehodet kan v\u00e6re mellom 6 &#8211; 9 mm.Selve skruen for feste i vegg eller tak medf\u00f8lger ikke.<\/p>\n\t<\/div>\r\n\t\n\t<span class=\"price\"><span class=\"woocommerce-Price-amount amount\"><bdi><span class=\"woocommerce-Price-currencySymbol\">&#107;&#114;<\/span>&nbsp;121<\/bdi><\/span> <small class=\"woocommerce-price-suffix\">ink.mva<\/small><\/span>\n<\/a><a href=\"https:\/\/www.akustikksenter.no\/da\/butikk\/montasje-og-feste\/festeskrue-med-dekorkopp\/\" aria-describedby=\"woocommerce_loop_add_to_cart_link_describedby_1818\" data-quantity=\"1\" class=\"button product_type_variable add_to_cart_button\" data-product_id=\"1818\" data-product_sku=\"\" aria-label=\"V\u00e6lg indstillinger for &quot;Dekorkopp for skrue&quot;\" rel=\"nofollow\">V\u00e6lg indstillinger<\/a>\t<span id=\"woocommerce_loop_add_to_cart_link_describedby_1818\" class=\"screen-reader-text\">\n\t\tDette produkt har flere varianter. Valgmulighederne kan v\u00e6lges p\u00e5 produktsiden\t<\/span>\n\t\t\t<input type=\"hidden\" class=\"pmwProductId\" data-id=\"1818\">\n\t\t\t\t\t<script>\n\t\t\t(window.pmwDataLayer = window.pmwDataLayer || {}).products                = window.pmwDataLayer.products || {};\n\t\t\twindow.pmwDataLayer.products[1818] = {\"id\":\"1818\",\"sku\":\"\",\"price\":120.7,\"brand\":\"\",\"quantity\":1,\"dyn_r_ids\":{\"post_id\":\"1818\",\"sku\":1818,\"gpf\":\"woocommerce_gpf_1818\",\"gla\":\"gla_1818\"},\"is_variable\":true,\"type\":\"variable\",\"name\":\"Dekorkopp for skrue\",\"category\":[\"Festemiddel og tilbeh\u00f8r\"],\"is_variation\":false};\n\t\t\t\t\twindow.pmw_product_position = window.pmw_product_position || 1;\n\t\twindow.pmwDataLayer.products[1818]['position'] = window.pmw_product_position++;\n\t\t\t\t<\/script>\n\t\t<\/li>\n<li class=\"product type-product post-2521 status-publish instock product_cat-montasje-og-feste has-post-thumbnail taxable shipping-taxable purchasable product-type-variable\">\n\t<a href=\"https:\/\/www.akustikksenter.no\/da\/butikk\/montasje-og-feste\/metallplate-oppheng-akustikkplate\/\" class=\"woocommerce-LoopProduct-link woocommerce-loop-product__link\"><div class=\"tp-image-wrapper\"><img decoding=\"async\" class=\"tp-image\" src=\"https:\/\/www.akustikksenter.no\/wp-content\/uploads\/2016\/09\/86105-06-beslag-450x450.jpg\" srcset=\"https:\/\/www.akustikksenter.no\/wp-content\/uploads\/2016\/09\/86105-06-beslag-450x450.jpg 450w, https:\/\/www.akustikksenter.no\/wp-content\/uploads\/2016\/09\/86105-06-beslag-100x100.jpg 100w, https:\/\/www.akustikksenter.no\/wp-content\/uploads\/2016\/09\/86105-06-beslag-150x150.jpg 150w, https:\/\/www.akustikksenter.no\/wp-content\/uploads\/2016\/09\/86105-06-beslag-300x300.jpg 300w, https:\/\/www.akustikksenter.no\/wp-content\/uploads\/2016\/09\/86105-06-beslag-500x500.jpg 500w, https:\/\/www.akustikksenter.no\/wp-content\/uploads\/2016\/09\/86105-06-beslag-80x80.jpg 80w, https:\/\/www.akustikksenter.no\/wp-content\/uploads\/2016\/09\/86105-06-beslag-275x275.jpg 275w\" sizes=\"(max-width: 360px) 100vw, 360px\" alt=\"Metallplate til oppheng av akustikkplate\"><img decoding=\"async\" class=\"tp-image-hover\" src=\"https:\/\/www.akustikksenter.no\/wp-content\/uploads\/2017\/09\/IMG_0588-e1505137085980-450x450.jpg\" srcset=\"https:\/\/www.akustikksenter.no\/wp-content\/uploads\/2017\/09\/IMG_0588-e1505137085980-450x450.jpg 450w, https:\/\/www.akustikksenter.no\/wp-content\/uploads\/2017\/09\/IMG_0588-e1505137085980-100x100.jpg 100w, https:\/\/www.akustikksenter.no\/wp-content\/uploads\/2017\/09\/IMG_0588-e1505137085980-300x300.jpg 300w\" sizes=\"(max-width: 360px) 100vw, 360px\" alt=\"Metallplate til oppheng av akustikkplate\"><\/div><h2 class=\"woocommerce-loop-product__title\">Metallplate til oppheng av akustikkplate<\/h2>\t<div itemprop=\"description\">\r\n\t\t<p>Fester platene p\u00e5 bare en skrue!\u00a0Smart metallplate med b\u00f8yd kant som monteres bak p\u00e5 akustikkplaten.<\/p>\n<p>Pris pr. stk.<\/p>\n\t<\/div>\r\n\t\n\t<span class=\"price\"><span class=\"woocommerce-Price-amount amount\" aria-hidden=\"true\"><bdi><span class=\"woocommerce-Price-currencySymbol\">&#107;&#114;<\/span>&nbsp;112<\/bdi><\/span> <span aria-hidden=\"true\">-<\/span> <span class=\"woocommerce-Price-amount amount\" aria-hidden=\"true\"><bdi><span class=\"woocommerce-Price-currencySymbol\">&#107;&#114;<\/span>&nbsp;151<\/bdi><\/span><span class=\"screen-reader-text\">Prisinterval: &#107;&#114;&nbsp;112 til &#107;&#114;&nbsp;151<\/span> <small class=\"woocommerce-price-suffix\">ink.mva<\/small><\/span>\n<\/a><a href=\"https:\/\/www.akustikksenter.no\/da\/butikk\/montasje-og-feste\/metallplate-oppheng-akustikkplate\/\" aria-describedby=\"woocommerce_loop_add_to_cart_link_describedby_2521\" data-quantity=\"1\" class=\"button product_type_variable add_to_cart_button\" data-product_id=\"2521\" data-product_sku=\"\" aria-label=\"V\u00e6lg indstillinger for &quot;Metallplate til oppheng av akustikkplate&quot;\" rel=\"nofollow\">V\u00e6lg indstillinger<\/a>\t<span id=\"woocommerce_loop_add_to_cart_link_describedby_2521\" class=\"screen-reader-text\">\n\t\tDette produkt har flere varianter. Valgmulighederne kan v\u00e6lges p\u00e5 produktsiden\t<\/span>\n\t\t\t<input type=\"hidden\" class=\"pmwProductId\" data-id=\"2521\">\n\t\t\t\t\t<script>\n\t\t\t(window.pmwDataLayer = window.pmwDataLayer || {}).products                = window.pmwDataLayer.products || {};\n\t\t\twindow.pmwDataLayer.products[2521] = {\"id\":\"2521\",\"sku\":\"\",\"price\":112.2,\"brand\":\"\",\"quantity\":1,\"dyn_r_ids\":{\"post_id\":\"2521\",\"sku\":2521,\"gpf\":\"woocommerce_gpf_2521\",\"gla\":\"gla_2521\"},\"is_variable\":true,\"type\":\"variable\",\"name\":\"Metallplate til oppheng av akustikkplate\",\"category\":[\"Festemiddel og tilbeh\u00f8r\"],\"is_variation\":false};\n\t\t\t\t\twindow.pmw_product_position = window.pmw_product_position || 1;\n\t\twindow.pmwDataLayer.products[2521]['position'] = window.pmw_product_position++;\n\t\t\t\t<\/script>\n\t\t<\/li>\n<li class=\"product type-product post-474 status-publish instock product_cat-montasje-og-feste has-post-thumbnail sale taxable shipping-taxable purchasable product-type-simple\">\n\t<a href=\"https:\/\/www.akustikksenter.no\/da\/butikk\/montasje-og-feste\/montasjehanske\/\" class=\"woocommerce-LoopProduct-link woocommerce-loop-product__link\"><div class=\"tp-image-wrapper\"><img decoding=\"async\" class=\"tp-image\" src=\"https:\/\/www.akustikksenter.no\/wp-content\/uploads\/2014\/02\/86012-monasjehanske-10pack1-450x450.jpg\" srcset=\"https:\/\/www.akustikksenter.no\/wp-content\/uploads\/2014\/02\/86012-monasjehanske-10pack1-450x450.jpg 450w, https:\/\/www.akustikksenter.no\/wp-content\/uploads\/2014\/02\/86012-monasjehanske-10pack1-100x100.jpg 100w\" sizes=\"(max-width: 360px) 100vw, 360px\" alt=\"Montasjehanske, 10 pakning\"><img decoding=\"async\" class=\"tp-image-hover\" src=\"https:\/\/www.akustikksenter.no\/wp-content\/uploads\/2016\/06\/8-450x450.jpg\" srcset=\"https:\/\/www.akustikksenter.no\/wp-content\/uploads\/2016\/06\/8-450x450.jpg 450w, https:\/\/www.akustikksenter.no\/wp-content\/uploads\/2016\/06\/8-100x100.jpg 100w, https:\/\/www.akustikksenter.no\/wp-content\/uploads\/2016\/06\/8-150x150.jpg 150w, https:\/\/www.akustikksenter.no\/wp-content\/uploads\/2016\/06\/8-500x500.jpg 500w, https:\/\/www.akustikksenter.no\/wp-content\/uploads\/2016\/06\/8-80x80.jpg 80w, https:\/\/www.akustikksenter.no\/wp-content\/uploads\/2016\/06\/8-300x300.jpg 300w\" sizes=\"(max-width: 360px) 100vw, 360px\" alt=\"Montasjehanske, 10 pakning\"><\/div>\n\t<span class=\"onsale\">Tilbud<\/span>\n\t<h2 class=\"woocommerce-loop-product__title\">Montasjehanske, 10 pakning<\/h2>\t<div itemprop=\"description\">\r\n\t\t<p>Montasjehanske, hvit bomull. Til montasje av absorbenter.<\/p>\n<p>One-size str. 9\/10. 10 par i hver pakke.<\/p>\n\t<\/div>\r\n\t\n\t<span class=\"price\"><span class=\"woocommerce-Price-amount amount\"><bdi><span class=\"woocommerce-Price-currencySymbol\">&#107;&#114;<\/span>&nbsp;220<\/bdi><\/span> <small class=\"woocommerce-price-suffix\">ink.mva<\/small><\/span>\n<\/a><a href=\"\/da\/wp-json\/wp\/v2\/pages\/5911?add-to-cart=474\" aria-describedby=\"woocommerce_loop_add_to_cart_link_describedby_474\" data-quantity=\"1\" class=\"button product_type_simple add_to_cart_button ajax_add_to_cart\" data-product_id=\"474\" data-product_sku=\"86012\" aria-label=\"L\u00e6g i kurv: &quot;Montasjehanske, 10 pakning&quot;\" rel=\"nofollow\" data-success_message=\"&quot;Montasjehanske, 10 pakning&quot; er blevet tilf\u00f8jet til din kurv.\">Tilf\u00f8j til kurv<\/a>\t<span id=\"woocommerce_loop_add_to_cart_link_describedby_474\" class=\"screen-reader-text\">\n\t\t\t<\/span>\n\t\t\t<input type=\"hidden\" class=\"pmwProductId\" data-id=\"474\">\n\t\t\t\t\t<script>\n\t\t\t(window.pmwDataLayer = window.pmwDataLayer || {}).products                = window.pmwDataLayer.products || {};\n\t\t\twindow.pmwDataLayer.products[474] = {\"id\":\"474\",\"sku\":\"86012\",\"price\":220.15,\"brand\":\"\",\"quantity\":1,\"dyn_r_ids\":{\"post_id\":\"474\",\"sku\":\"86012\",\"gpf\":\"woocommerce_gpf_474\",\"gla\":\"gla_474\"},\"is_variable\":false,\"type\":\"simple\",\"name\":\"Montasjehanske, 10 pakning\",\"category\":[\"Festemiddel og tilbeh\u00f8r\"],\"is_variation\":false};\n\t\t\t\t\twindow.pmw_product_position = window.pmw_product_position || 1;\n\t\twindow.pmwDataLayer.products[474]['position'] = window.pmw_product_position++;\n\t\t\t\t<\/script>\n\t\t<\/li>\n<li class=\"product type-product post-10000 status-publish last instock product_cat-montasje-og-feste has-post-thumbnail sale taxable shipping-taxable purchasable product-type-simple\">\n\t<a href=\"https:\/\/www.akustikksenter.no\/da\/butikk\/montasje-og-feste\/wireoppheng-flater\/\" class=\"woocommerce-LoopProduct-link woocommerce-loop-product__link\"><div class=\"tp-image-wrapper\"><img decoding=\"async\" class=\"tp-image\" src=\"https:\/\/www.akustikksenter.no\/wp-content\/uploads\/2022\/08\/flate2-e1661421919359-450x445.jpg\" srcset=\"https:\/\/www.akustikksenter.no\/wp-content\/uploads\/2022\/08\/flate2-e1661421919359-450x445.jpg 450w, https:\/\/www.akustikksenter.no\/wp-content\/uploads\/2022\/08\/flate2-e1661421919359-100x100.jpg 100w\" sizes=\"(max-width: 360px) 100vw, 360px\" alt=\"Wireoppheng fl\u00e5ter\"><img decoding=\"async\" class=\"tp-image-hover\" src=\"https:\/\/www.akustikksenter.no\/wp-content\/uploads\/2014\/02\/wireoppheng-v2-450x450.jpg\" srcset=\"https:\/\/www.akustikksenter.no\/wp-content\/uploads\/2014\/02\/wireoppheng-v2-450x450.jpg 450w, https:\/\/www.akustikksenter.no\/wp-content\/uploads\/2014\/02\/wireoppheng-v2-100x100.jpg 100w, https:\/\/www.akustikksenter.no\/wp-content\/uploads\/2014\/02\/wireoppheng-v2-150x150.jpg 150w, https:\/\/www.akustikksenter.no\/wp-content\/uploads\/2014\/02\/wireoppheng-v2-80x80.jpg 80w, https:\/\/www.akustikksenter.no\/wp-content\/uploads\/2014\/02\/wireoppheng-v2-300x300.jpg 300w, https:\/\/www.akustikksenter.no\/wp-content\/uploads\/2014\/02\/wireoppheng-v2-500x500.jpg 500w\" sizes=\"(max-width: 360px) 100vw, 360px\" alt=\"Wireoppheng fl\u00e5ter\"><\/div>\n\t<span class=\"onsale\">Tilbud<\/span>\n\t<h2 class=\"woocommerce-loop-product__title\">Wireoppheng fl\u00e5ter<\/h2>\t<div itemprop=\"description\">\r\n\t\t<p>Wire for oppheng direkte i taket for akustikk fl\u00e5ter.<\/p>\n<p>Pris er pr sett (2 skruer, 2 wire og 2 snaplock). 2 meter lang.<\/p>\n\t<\/div>\r\n\t\n\t<span class=\"price\"><span class=\"wc-measurement-price-calculator-price\"><span class=\"woocommerce-Price-amount amount\"><bdi><span class=\"woocommerce-Price-currencySymbol\">&#107;&#114;<\/span>&nbsp;296<\/bdi><\/span> <small class=\"woocommerce-price-suffix\">ink.mva<\/small><\/span><\/span>\n<\/a><a href=\"\/da\/wp-json\/wp\/v2\/pages\/5911?add-to-cart=10000\" aria-describedby=\"woocommerce_loop_add_to_cart_link_describedby_10000\" data-quantity=\"1\" class=\"button product_type_simple add_to_cart_button ajax_add_to_cart\" data-product_id=\"10000\" data-product_sku=\"86028\" aria-label=\"L\u00e6g i kurv: &quot;Wireoppheng fl\u00e5ter&quot;\" rel=\"nofollow\" data-success_message=\"&quot;Wireoppheng fl\u00e5ter&quot; er blevet tilf\u00f8jet til din kurv.\">Tilf\u00f8j til kurv<\/a>\t<span id=\"woocommerce_loop_add_to_cart_link_describedby_10000\" class=\"screen-reader-text\">\n\t\t\t<\/span>\n\t\t\t<input type=\"hidden\" class=\"pmwProductId\" data-id=\"10000\">\n\t\t\t\t\t<script>\n\t\t\t(window.pmwDataLayer = window.pmwDataLayer || {}).products                = window.pmwDataLayer.products || {};\n\t\t\twindow.pmwDataLayer.products[10000] = {\"id\":\"10000\",\"sku\":\"86028\",\"price\":295.8,\"brand\":\"\",\"quantity\":1,\"dyn_r_ids\":{\"post_id\":\"10000\",\"sku\":\"86028\",\"gpf\":\"woocommerce_gpf_10000\",\"gla\":\"gla_10000\"},\"is_variable\":false,\"type\":\"simple\",\"name\":\"Wireoppheng fl\u00e5ter\",\"category\":[\"Festemiddel og tilbeh\u00f8r\"],\"is_variation\":false};\n\t\t\t\t\twindow.pmw_product_position = window.pmw_product_position || 1;\n\t\twindow.pmwDataLayer.products[10000]['position'] = window.pmw_product_position++;\n\t\t\t\t<\/script>\n\t\t<\/li>\n<li class=\"product type-product post-3440 status-publish first instock product_cat-montasje-og-feste has-post-thumbnail taxable shipping-taxable purchasable product-type-variable has-default-attributes\">\n\t<a href=\"https:\/\/www.akustikksenter.no\/da\/butikk\/montasje-og-feste\/akryl-hvit-fugemasse\/\" class=\"woocommerce-LoopProduct-link woocommerce-loop-product__link\"><div class=\"tp-image-wrapper\"><img decoding=\"async\" class=\"tp-image\" src=\"https:\/\/www.akustikksenter.no\/wp-content\/uploads\/2014\/11\/Acryrub-450x450.jpg\" srcset=\"https:\/\/www.akustikksenter.no\/wp-content\/uploads\/2014\/11\/Acryrub-450x450.jpg 450w, https:\/\/www.akustikksenter.no\/wp-content\/uploads\/2014\/11\/Acryrub-100x100.jpg 100w\" sizes=\"(max-width: 360px) 100vw, 360px\" alt=\"Soudal Akryrub Fugemasse\"><img decoding=\"async\" class=\"tp-image-hover\" src=\"https:\/\/www.akustikksenter.no\/wp-content\/uploads\/2016\/06\/20-450x450.jpg\" srcset=\"https:\/\/www.akustikksenter.no\/wp-content\/uploads\/2016\/06\/20-450x450.jpg 450w, https:\/\/www.akustikksenter.no\/wp-content\/uploads\/2016\/06\/20-100x100.jpg 100w, https:\/\/www.akustikksenter.no\/wp-content\/uploads\/2016\/06\/20-150x150.jpg 150w, https:\/\/www.akustikksenter.no\/wp-content\/uploads\/2016\/06\/20-500x500.jpg 500w, https:\/\/www.akustikksenter.no\/wp-content\/uploads\/2016\/06\/20-80x80.jpg 80w, https:\/\/www.akustikksenter.no\/wp-content\/uploads\/2016\/06\/20-300x300.jpg 300w\" sizes=\"(max-width: 360px) 100vw, 360px\" alt=\"Soudal Akryrub Fugemasse\"><\/div><h2 class=\"woocommerce-loop-product__title\">Soudal Akryrub Fugemasse<\/h2>\t<div itemprop=\"description\">\r\n\t\t<p>Akrylbasert fugemasse for fuging. Sv\u00e6rt enkel \u00e5 p\u00e5f\u00f8re.<i> <\/i>Brukes til fuging for pen finish og ved montasje av Loke og Eira dB 49 mm ved overgang tak\/vegg.<br \/>\n310ml. Pris pr. stk.<br \/>\nFarger: hvit og svart<\/p>\n\t<\/div>\r\n\t\n\t<span class=\"price\"><span class=\"woocommerce-Price-amount amount\" aria-hidden=\"true\"><bdi><span class=\"woocommerce-Price-currencySymbol\">&#107;&#114;<\/span>&nbsp;106<\/bdi><\/span> <span aria-hidden=\"true\">-<\/span> <span class=\"woocommerce-Price-amount amount\" aria-hidden=\"true\"><bdi><span class=\"woocommerce-Price-currencySymbol\">&#107;&#114;<\/span>&nbsp;112<\/bdi><\/span><span class=\"screen-reader-text\">Prisinterval: &#107;&#114;&nbsp;106 til &#107;&#114;&nbsp;112<\/span> <small class=\"woocommerce-price-suffix\">ink.mva<\/small><\/span>\n<\/a><a href=\"https:\/\/www.akustikksenter.no\/da\/butikk\/montasje-og-feste\/akryl-hvit-fugemasse\/\" aria-describedby=\"woocommerce_loop_add_to_cart_link_describedby_3440\" data-quantity=\"1\" class=\"button product_type_variable add_to_cart_button\" data-product_id=\"3440\" data-product_sku=\"8643 Akrylrub hvit\" aria-label=\"V\u00e6lg indstillinger for &quot;Soudal Akryrub Fugemasse&quot;\" rel=\"nofollow\">V\u00e6lg indstillinger<\/a>\t<span id=\"woocommerce_loop_add_to_cart_link_describedby_3440\" class=\"screen-reader-text\">\n\t\tDette produkt har flere varianter. Valgmulighederne kan v\u00e6lges p\u00e5 produktsiden\t<\/span>\n\t\t\t<input type=\"hidden\" class=\"pmwProductId\" data-id=\"3440\">\n\t\t\t\t\t<script>\n\t\t\t(window.pmwDataLayer = window.pmwDataLayer || {}).products                = window.pmwDataLayer.products || {};\n\t\t\twindow.pmwDataLayer.products[3440] = {\"id\":\"3440\",\"sku\":\"8643 Akrylrub hvit\",\"price\":106.25,\"brand\":\"\",\"quantity\":1,\"dyn_r_ids\":{\"post_id\":\"3440\",\"sku\":\"8643 Akrylrub hvit\",\"gpf\":\"woocommerce_gpf_3440\",\"gla\":\"gla_3440\"},\"is_variable\":true,\"type\":\"variable\",\"name\":\"Soudal Akryrub Fugemasse\",\"category\":[\"Festemiddel og tilbeh\u00f8r\"],\"is_variation\":false};\n\t\t\t\t\twindow.pmw_product_position = window.pmw_product_position || 1;\n\t\twindow.pmwDataLayer.products[3440]['position'] = window.pmw_product_position++;\n\t\t\t\t<\/script>\n\t\t<\/li>\n<li class=\"product type-product post-3434 status-publish instock product_cat-montasje-og-feste has-post-thumbnail taxable shipping-taxable purchasable product-type-variable has-default-attributes\">\n\t<a href=\"https:\/\/www.akustikksenter.no\/da\/butikk\/montasje-og-feste\/spraylakk-stovbinder\/\" class=\"woocommerce-LoopProduct-link woocommerce-loop-product__link\"><div class=\"tp-image-wrapper\"><img decoding=\"async\" class=\"tp-image\" src=\"https:\/\/www.akustikksenter.no\/wp-content\/uploads\/2014\/11\/0893349005-spraylakk-dypsort_l-002-450x450.png\" srcset=\"https:\/\/www.akustikksenter.no\/wp-content\/uploads\/2014\/11\/0893349005-spraylakk-dypsort_l-002-450x450.png 450w, https:\/\/www.akustikksenter.no\/wp-content\/uploads\/2014\/11\/0893349005-spraylakk-dypsort_l-002-100x100.png 100w, https:\/\/www.akustikksenter.no\/wp-content\/uploads\/2014\/11\/0893349005-spraylakk-dypsort_l-002-400x400.png 400w, https:\/\/www.akustikksenter.no\/wp-content\/uploads\/2014\/11\/0893349005-spraylakk-dypsort_l-002-200x200.png 200w, https:\/\/www.akustikksenter.no\/wp-content\/uploads\/2014\/11\/0893349005-spraylakk-dypsort_l-002.png 629w\" sizes=\"(max-width: 360px) 100vw, 360px\" alt=\"Wurth Spraylakk. St\u00f8vbinder ved kapping\"><img decoding=\"async\" class=\"tp-image-hover\" src=\"https:\/\/www.akustikksenter.no\/wp-content\/uploads\/2016\/06\/17-450x450.jpg\" srcset=\"https:\/\/www.akustikksenter.no\/wp-content\/uploads\/2016\/06\/17-450x450.jpg 450w, https:\/\/www.akustikksenter.no\/wp-content\/uploads\/2016\/06\/17-100x100.jpg 100w, https:\/\/www.akustikksenter.no\/wp-content\/uploads\/2016\/06\/17-150x150.jpg 150w, https:\/\/www.akustikksenter.no\/wp-content\/uploads\/2016\/06\/17-500x500.jpg 500w, https:\/\/www.akustikksenter.no\/wp-content\/uploads\/2016\/06\/17-80x80.jpg 80w, https:\/\/www.akustikksenter.no\/wp-content\/uploads\/2016\/06\/17-300x300.jpg 300w\" sizes=\"(max-width: 360px) 100vw, 360px\" alt=\"Wurth Spraylakk. St\u00f8vbinder ved kapping\"><\/div><h2 class=\"woocommerce-loop-product__title\">Wurth Spraylakk. St\u00f8vbinder ved kapping<\/h2>\t<div itemprop=\"description\">\r\n\t\t<p>Forsegling av kuttede absorbenter. Dette for \u00e5 binde st\u00f8vet.<br \/>\nF\u00e5s i hvit og svart.<br \/>\n400ml. Pris pr. stk.<\/p>\n\t<\/div>\r\n\t\n\t<span class=\"price\"><span class=\"woocommerce-Price-amount amount\"><bdi><span class=\"woocommerce-Price-currencySymbol\">&#107;&#114;<\/span>&nbsp;230<\/bdi><\/span> <small class=\"woocommerce-price-suffix\">ink.mva<\/small><\/span>\n<\/a><a href=\"https:\/\/www.akustikksenter.no\/da\/butikk\/montasje-og-feste\/spraylakk-stovbinder\/\" aria-describedby=\"woocommerce_loop_add_to_cart_link_describedby_3434\" data-quantity=\"1\" class=\"button product_type_variable add_to_cart_button\" data-product_id=\"3434\" data-product_sku=\"\" aria-label=\"V\u00e6lg indstillinger for &quot;Wurth Spraylakk. St\u00f8vbinder ved kapping&quot;\" rel=\"nofollow\">V\u00e6lg indstillinger<\/a>\t<span id=\"woocommerce_loop_add_to_cart_link_describedby_3434\" class=\"screen-reader-text\">\n\t\tDette produkt har flere varianter. Valgmulighederne kan v\u00e6lges p\u00e5 produktsiden\t<\/span>\n\t\t\t<input type=\"hidden\" class=\"pmwProductId\" data-id=\"3434\">\n\t\t\t\t\t<script>\n\t\t\t(window.pmwDataLayer = window.pmwDataLayer || {}).products                = window.pmwDataLayer.products || {};\n\t\t\twindow.pmwDataLayer.products[3434] = {\"id\":\"3434\",\"sku\":\"\",\"price\":230.35,\"brand\":\"\",\"quantity\":1,\"dyn_r_ids\":{\"post_id\":\"3434\",\"sku\":3434,\"gpf\":\"woocommerce_gpf_3434\",\"gla\":\"gla_3434\"},\"is_variable\":true,\"type\":\"variable\",\"name\":\"Wurth Spraylakk. St\u00f8vbinder ved kapping\",\"category\":[\"Festemiddel og tilbeh\u00f8r\"],\"is_variation\":false};\n\t\t\t\t\twindow.pmw_product_position = window.pmw_product_position || 1;\n\t\twindow.pmwDataLayer.products[3434]['position'] = window.pmw_product_position++;\n\t\t\t\t<\/script>\n\t\t<\/li>\n<li class=\"product type-product post-9924 status-publish instock product_cat-montasje-og-feste has-post-thumbnail sale taxable shipping-taxable purchasable product-type-simple\">\n\t<a href=\"https:\/\/www.akustikksenter.no\/da\/butikk\/montasje-og-feste\/wireoppheng-baffler\/\" class=\"woocommerce-LoopProduct-link woocommerce-loop-product__link\"><div class=\"tp-image-wrapper\"><img decoding=\"async\" class=\"tp-image\" src=\"https:\/\/www.akustikksenter.no\/wp-content\/uploads\/2014\/02\/86028-wireoppheng-450x450.jpg\" srcset=\"https:\/\/www.akustikksenter.no\/wp-content\/uploads\/2014\/02\/86028-wireoppheng-450x450.jpg 450w, https:\/\/www.akustikksenter.no\/wp-content\/uploads\/2014\/02\/86028-wireoppheng-100x100.jpg 100w, https:\/\/www.akustikksenter.no\/wp-content\/uploads\/2014\/02\/86028-wireoppheng-300x300.jpg 300w\" sizes=\"(max-width: 360px) 100vw, 360px\" alt=\"Wireoppheng baffler\"><img decoding=\"async\" class=\"tp-image-hover\" src=\"https:\/\/www.akustikksenter.no\/wp-content\/uploads\/2023\/01\/86026-Wire-for-baffel-450x450.jpg\" srcset=\"https:\/\/www.akustikksenter.no\/wp-content\/uploads\/2023\/01\/86026-Wire-for-baffel-450x450.jpg 450w, https:\/\/www.akustikksenter.no\/wp-content\/uploads\/2023\/01\/86026-Wire-for-baffel-100x100.jpg 100w\" sizes=\"(max-width: 360px) 100vw, 360px\" alt=\"wire for baffel\"><\/div>\n\t<span class=\"onsale\">Tilbud<\/span>\n\t<h2 class=\"woocommerce-loop-product__title\">Wireoppheng baffler<\/h2>\t<div itemprop=\"description\">\r\n\t\t<p>For oppheng direkte i taket av akustikk baffler.<\/p>\n<p>Pris er pr sett (2 skruer, 2 wire og 2 snaplock). 2 meter lang. Ekstra lange skruer for godt feste.<\/p>\n\t<\/div>\r\n\t\n\t<span class=\"price\"><span class=\"wc-measurement-price-calculator-price\"><span class=\"woocommerce-Price-amount amount\"><bdi><span class=\"woocommerce-Price-currencySymbol\">&#107;&#114;<\/span>&nbsp;296<\/bdi><\/span> <small class=\"woocommerce-price-suffix\">ink.mva<\/small><\/span><\/span>\n<\/a><a href=\"\/da\/wp-json\/wp\/v2\/pages\/5911?add-to-cart=9924\" aria-describedby=\"woocommerce_loop_add_to_cart_link_describedby_9924\" data-quantity=\"1\" class=\"button product_type_simple add_to_cart_button ajax_add_to_cart\" data-product_id=\"9924\" data-product_sku=\"86026\" aria-label=\"L\u00e6g i kurv: &quot;Wireoppheng baffler&quot;\" rel=\"nofollow\" data-success_message=\"&quot;Wireoppheng baffler&quot; er blevet tilf\u00f8jet til din kurv.\">Tilf\u00f8j til kurv<\/a>\t<span id=\"woocommerce_loop_add_to_cart_link_describedby_9924\" class=\"screen-reader-text\">\n\t\t\t<\/span>\n\t\t\t<input type=\"hidden\" class=\"pmwProductId\" data-id=\"9924\">\n\t\t\t\t\t<script>\n\t\t\t(window.pmwDataLayer = window.pmwDataLayer || {}).products                = window.pmwDataLayer.products || {};\n\t\t\twindow.pmwDataLayer.products[9924] = {\"id\":\"9924\",\"sku\":\"86026\",\"price\":295.8,\"brand\":\"\",\"quantity\":1,\"dyn_r_ids\":{\"post_id\":\"9924\",\"sku\":\"86026\",\"gpf\":\"woocommerce_gpf_9924\",\"gla\":\"gla_9924\"},\"is_variable\":false,\"type\":\"simple\",\"name\":\"Wireoppheng baffler\",\"category\":[\"Festemiddel og tilbeh\u00f8r\"],\"is_variation\":false};\n\t\t\t\t\twindow.pmw_product_position = window.pmw_product_position || 1;\n\t\twindow.pmwDataLayer.products[9924]['position'] = window.pmw_product_position++;\n\t\t\t\t<\/script>\n\t\t<\/li>\n<li class=\"product type-product post-2526 status-publish instock product_cat-montasje-og-feste has-post-thumbnail taxable shipping-taxable purchasable product-type-variable\">\n\t<a href=\"https:\/\/www.akustikksenter.no\/da\/butikk\/montasje-og-feste\/nylonforing-til-absorbenter\/\" class=\"woocommerce-LoopProduct-link woocommerce-loop-product__link\"><div class=\"tp-image-wrapper\"><img decoding=\"async\" class=\"tp-image\" src=\"https:\/\/www.akustikksenter.no\/wp-content\/uploads\/2016\/09\/86103-nylonforing-hvit-450x450.jpg\" srcset=\"https:\/\/www.akustikksenter.no\/wp-content\/uploads\/2016\/09\/86103-nylonforing-hvit-450x450.jpg 450w, https:\/\/www.akustikksenter.no\/wp-content\/uploads\/2016\/09\/86103-nylonforing-hvit-100x100.jpg 100w, https:\/\/www.akustikksenter.no\/wp-content\/uploads\/2016\/09\/86103-nylonforing-hvit-150x150.jpg 150w, https:\/\/www.akustikksenter.no\/wp-content\/uploads\/2016\/09\/86103-nylonforing-hvit-300x300.jpg 300w, https:\/\/www.akustikksenter.no\/wp-content\/uploads\/2016\/09\/86103-nylonforing-hvit-500x500.jpg 500w, https:\/\/www.akustikksenter.no\/wp-content\/uploads\/2016\/09\/86103-nylonforing-hvit-80x80.jpg 80w\" sizes=\"(max-width: 360px) 100vw, 360px\" alt=\"Nylonforing til absorbenter\"><img decoding=\"async\" class=\"tp-image-hover\" src=\"https:\/\/www.akustikksenter.no\/wp-content\/uploads\/2016\/09\/86104-nylonforing-svart-450x450.jpg\" srcset=\"https:\/\/www.akustikksenter.no\/wp-content\/uploads\/2016\/09\/86104-nylonforing-svart-450x450.jpg 450w, https:\/\/www.akustikksenter.no\/wp-content\/uploads\/2016\/09\/86104-nylonforing-svart-100x100.jpg 100w, https:\/\/www.akustikksenter.no\/wp-content\/uploads\/2016\/09\/86104-nylonforing-svart-150x150.jpg 150w, https:\/\/www.akustikksenter.no\/wp-content\/uploads\/2016\/09\/86104-nylonforing-svart-300x300.jpg 300w, https:\/\/www.akustikksenter.no\/wp-content\/uploads\/2016\/09\/86104-nylonforing-svart-500x500.jpg 500w, https:\/\/www.akustikksenter.no\/wp-content\/uploads\/2016\/09\/86104-nylonforing-svart-80x80.jpg 80w\" sizes=\"(max-width: 360px) 100vw, 360px\" alt=\"Nylonforing til absorbenter\"><\/div><h2 class=\"woocommerce-loop-product__title\">Nylonforing til absorbenter<\/h2>\t<div itemprop=\"description\">\r\n\t\t<p>Leveres i svart eller hvit. 40 mm lange.<\/p>\n<p>Hvit er bestillingsvare.<\/p>\n\t<\/div>\r\n\t\n\t<span class=\"price\"><span class=\"woocommerce-Price-amount amount\"><bdi><span class=\"woocommerce-Price-currencySymbol\">&#107;&#114;<\/span>&nbsp;28<\/bdi><\/span> <small class=\"woocommerce-price-suffix\">ink.mva<\/small><\/span>\n<\/a><a href=\"https:\/\/www.akustikksenter.no\/da\/butikk\/montasje-og-feste\/nylonforing-til-absorbenter\/\" aria-describedby=\"woocommerce_loop_add_to_cart_link_describedby_2526\" data-quantity=\"1\" class=\"button product_type_variable add_to_cart_button\" data-product_id=\"2526\" data-product_sku=\"\" aria-label=\"V\u00e6lg indstillinger for &quot;Nylonforing til absorbenter&quot;\" rel=\"nofollow\">V\u00e6lg indstillinger<\/a>\t<span id=\"woocommerce_loop_add_to_cart_link_describedby_2526\" class=\"screen-reader-text\">\n\t\tDette produkt har flere varianter. Valgmulighederne kan v\u00e6lges p\u00e5 produktsiden\t<\/span>\n\t\t\t<input type=\"hidden\" class=\"pmwProductId\" data-id=\"2526\">\n\t\t\t\t\t<script>\n\t\t\t(window.pmwDataLayer = window.pmwDataLayer || {}).products                = window.pmwDataLayer.products || {};\n\t\t\twindow.pmwDataLayer.products[2526] = {\"id\":\"2526\",\"sku\":\"\",\"price\":28.05,\"brand\":\"\",\"quantity\":1,\"dyn_r_ids\":{\"post_id\":\"2526\",\"sku\":2526,\"gpf\":\"woocommerce_gpf_2526\",\"gla\":\"gla_2526\"},\"is_variable\":true,\"type\":\"variable\",\"name\":\"Nylonforing til absorbenter\",\"category\":[\"Festemiddel og tilbeh\u00f8r\"],\"is_variation\":false};\n\t\t\t\t\twindow.pmw_product_position = window.pmw_product_position || 1;\n\t\twindow.pmwDataLayer.products[2526]['position'] = window.pmw_product_position++;\n\t\t\t\t<\/script>\n\t\t<\/li>\n<li class=\"product type-product post-2918 status-publish instock product_cat-skillevegger-og-bordskjermer product_cat-montasje-og-feste has-post-thumbnail sale taxable shipping-taxable purchasable product-type-simple\">\n\t<a href=\"https:\/\/www.akustikksenter.no\/da\/butikk\/montasje-og-feste\/hugin-festebraketter\/\" class=\"woocommerce-LoopProduct-link woocommerce-loop-product__link\"><div class=\"tp-image-wrapper\"><img decoding=\"async\" class=\"tp-image\" src=\"https:\/\/www.akustikksenter.no\/wp-content\/uploads\/2017\/03\/Hugin_feste-450x450.jpg\" srcset=\"https:\/\/www.akustikksenter.no\/wp-content\/uploads\/2017\/03\/Hugin_feste-450x450.jpg 450w, https:\/\/www.akustikksenter.no\/wp-content\/uploads\/2017\/03\/Hugin_feste-100x100.jpg 100w, https:\/\/www.akustikksenter.no\/wp-content\/uploads\/2017\/03\/Hugin_feste-150x150.jpg 150w, https:\/\/www.akustikksenter.no\/wp-content\/uploads\/2017\/03\/Hugin_feste-300x300.jpg 300w, https:\/\/www.akustikksenter.no\/wp-content\/uploads\/2017\/03\/Hugin_feste-500x500.jpg 500w, https:\/\/www.akustikksenter.no\/wp-content\/uploads\/2017\/03\/Hugin_feste-80x80.jpg 80w, https:\/\/www.akustikksenter.no\/wp-content\/uploads\/2017\/03\/Hugin_feste-275x275.jpg 275w\" sizes=\"(max-width: 360px) 100vw, 360px\" alt=\"Festebrakett til Hugin bordskjerm, foto\"><img decoding=\"async\" class=\"tp-image-hover\" src=\"https:\/\/www.akustikksenter.no\/wp-content\/uploads\/2017\/03\/Hugin_sort-450x450.jpg\" srcset=\"https:\/\/www.akustikksenter.no\/wp-content\/uploads\/2017\/03\/Hugin_sort-450x450.jpg 450w, https:\/\/www.akustikksenter.no\/wp-content\/uploads\/2017\/03\/Hugin_sort-100x100.jpg 100w, https:\/\/www.akustikksenter.no\/wp-content\/uploads\/2017\/03\/Hugin_sort-150x150.jpg 150w, https:\/\/www.akustikksenter.no\/wp-content\/uploads\/2017\/03\/Hugin_sort-300x300.jpg 300w, https:\/\/www.akustikksenter.no\/wp-content\/uploads\/2017\/03\/Hugin_sort-500x500.jpg 500w, https:\/\/www.akustikksenter.no\/wp-content\/uploads\/2017\/03\/Hugin_sort-80x80.jpg 80w\" sizes=\"(max-width: 360px) 100vw, 360px\" alt=\"Hugin bordskjerming sort, foto\"><\/div>\n\t<span class=\"onsale\">Tilbud<\/span>\n\t<h2 class=\"woocommerce-loop-product__title\">Hugin\u2122 bordskjerm festebrakett<\/h2>\t<div itemprop=\"description\">\r\n\t\t<p>Festebrakett til Hugin bordskjerm. Egenutviklede fester i svart pulverlakkert st\u00e5l. Meget solide og enkle og montere. Pris pr. stk.<\/p>\n\t<\/div>\r\n\t\n\t<span class=\"price\"><span class=\"woocommerce-Price-amount amount\"><bdi><span class=\"woocommerce-Price-currencySymbol\">&#107;&#114;<\/span>&nbsp;300<\/bdi><\/span> <small class=\"woocommerce-price-suffix\">ink.mva<\/small><\/span>\n<\/a><a href=\"\/da\/wp-json\/wp\/v2\/pages\/5911?add-to-cart=2918\" aria-describedby=\"woocommerce_loop_add_to_cart_link_describedby_2918\" data-quantity=\"1\" class=\"button product_type_simple add_to_cart_button ajax_add_to_cart\" data-product_id=\"2918\" data-product_sku=\"90013\" aria-label=\"L\u00e6g i kurv: &quot;Hugin\u2122 bordskjerm festebrakett&quot;\" rel=\"nofollow\" data-success_message=\"&quot;Hugin\u2122 bordskjerm festebrakett&quot; er blevet tilf\u00f8jet til din kurv.\">Tilf\u00f8j til kurv<\/a>\t<span id=\"woocommerce_loop_add_to_cart_link_describedby_2918\" class=\"screen-reader-text\">\n\t\t\t<\/span>\n\t\t\t<input type=\"hidden\" class=\"pmwProductId\" data-id=\"2918\">\n\t\t\t\t\t<script>\n\t\t\t(window.pmwDataLayer = window.pmwDataLayer || {}).products                = window.pmwDataLayer.products || {};\n\t\t\twindow.pmwDataLayer.products[2918] = {\"id\":\"2918\",\"sku\":\"90013\",\"price\":300.05,\"brand\":\"\",\"quantity\":1,\"dyn_r_ids\":{\"post_id\":\"2918\",\"sku\":\"90013\",\"gpf\":\"woocommerce_gpf_2918\",\"gla\":\"gla_2918\"},\"is_variable\":false,\"type\":\"simple\",\"name\":\"Hugin\u2122 bordskjerm festebrakett\",\"category\":[\"Bordskjermer - skillevegger\",\"Festemiddel og tilbeh\u00f8r\"],\"is_variation\":false};\n\t\t\t\t\twindow.pmw_product_position = window.pmw_product_position || 1;\n\t\twindow.pmwDataLayer.products[2918]['position'] = window.pmw_product_position++;\n\t\t\t\t<\/script>\n\t\t<\/li>\n<li class=\"product type-product post-499 status-publish last outofstock product_cat-montasje-og-feste has-post-thumbnail taxable shipping-taxable purchasable product-type-variable\">\n\t<a href=\"https:\/\/www.akustikksenter.no\/da\/butikk\/montasje-og-feste\/direktefester\/\" class=\"woocommerce-LoopProduct-link woocommerce-loop-product__link\"><div class=\"tp-image-wrapper\"><img decoding=\"async\" class=\"image\" src=\"https:\/\/www.akustikksenter.no\/wp-content\/uploads\/2014\/02\/2121-direktefester-450x450.jpg\" srcset=\"https:\/\/www.akustikksenter.no\/wp-content\/uploads\/2014\/02\/2121-direktefester-450x450.jpg 450w, https:\/\/www.akustikksenter.no\/wp-content\/uploads\/2014\/02\/2121-direktefester-100x100.jpg 100w, https:\/\/www.akustikksenter.no\/wp-content\/uploads\/2014\/02\/2121-direktefester-150x150.jpg 150w, https:\/\/www.akustikksenter.no\/wp-content\/uploads\/2014\/02\/2121-direktefester-80x80.jpg 80w, https:\/\/www.akustikksenter.no\/wp-content\/uploads\/2014\/02\/2121-direktefester-300x300.jpg 300w, https:\/\/www.akustikksenter.no\/wp-content\/uploads\/2014\/02\/2121-direktefester-500x500.jpg 500w, https:\/\/www.akustikksenter.no\/wp-content\/uploads\/2014\/02\/2121-direktefester-275x275.jpg 275w\" sizes=\"(max-width: 360px) 100vw, 360px\" alt=\"Direktefester\"><\/div><h2 class=\"woocommerce-loop-product__title\">Direktefester<\/h2>\t<div itemprop=\"description\">\r\n\t\t<p><strong><span style=\"color: #ff0000;\">BESTILLINGSVARE_IKKE LAGERVARE<\/span><\/strong><\/p>\n<p>Direktefester til bruk ved lav nedforingsh\u00f8yde.<br \/>\nSelges i\u00a0esker p\u00e5 100 stk.<\/p>\n\t<\/div>\r\n\t\n\t<span class=\"price\"><span class=\"woocommerce-Price-amount amount\" aria-hidden=\"true\"><bdi><span class=\"woocommerce-Price-currencySymbol\">&#107;&#114;<\/span>&nbsp;2,343<\/bdi><\/span> <span aria-hidden=\"true\">-<\/span> <span class=\"woocommerce-Price-amount amount\" aria-hidden=\"true\"><bdi><span class=\"woocommerce-Price-currencySymbol\">&#107;&#114;<\/span>&nbsp;2,734<\/bdi><\/span><span class=\"screen-reader-text\">Prisinterval: &#107;&#114;&nbsp;2,343 til &#107;&#114;&nbsp;2,734<\/span> <small class=\"woocommerce-price-suffix\">ink.mva<\/small><\/span>\n<\/a><a href=\"https:\/\/www.akustikksenter.no\/da\/butikk\/montasje-og-feste\/direktefester\/\" aria-describedby=\"woocommerce_loop_add_to_cart_link_describedby_499\" data-quantity=\"1\" class=\"button product_type_variable\" data-product_id=\"499\" data-product_sku=\"\" aria-label=\"V\u00e6lg indstillinger for &quot;Direktefester&quot;\" rel=\"nofollow\">V\u00e6lg indstillinger<\/a>\t<span id=\"woocommerce_loop_add_to_cart_link_describedby_499\" class=\"screen-reader-text\">\n\t\tDette produkt har flere varianter. Valgmulighederne kan v\u00e6lges p\u00e5 produktsiden\t<\/span>\n\t\t\t<input type=\"hidden\" class=\"pmwProductId\" data-id=\"499\">\n\t\t\t\t\t<script>\n\t\t\t(window.pmwDataLayer = window.pmwDataLayer || {}).products                = window.pmwDataLayer.products || {};\n\t\t\twindow.pmwDataLayer.products[499] = {\"id\":\"499\",\"sku\":\"\",\"price\":2343.45,\"brand\":\"\",\"quantity\":1,\"dyn_r_ids\":{\"post_id\":\"499\",\"sku\":499,\"gpf\":\"woocommerce_gpf_499\",\"gla\":\"gla_499\"},\"is_variable\":true,\"type\":\"variable\",\"name\":\"Direktefester\",\"category\":[\"Festemiddel og tilbeh\u00f8r\"],\"is_variation\":false};\n\t\t\t\t\twindow.pmw_product_position = window.pmw_product_position || 1;\n\t\twindow.pmwDataLayer.products[499]['position'] = window.pmw_product_position++;\n\t\t\t\t<\/script>\n\t\t<\/li>\n<li class=\"product type-product post-13827 status-publish first instock product_cat-montasje-og-feste has-post-thumbnail sale taxable shipping-taxable purchasable product-type-simple\">\n\t<a href=\"https:\/\/www.akustikksenter.no\/da\/butikk\/montasje-og-feste\/soudal-spraylim-500-ml\/\" class=\"woocommerce-LoopProduct-link woocommerce-loop-product__link\"><div class=\"tp-image-wrapper\"><img decoding=\"async\" class=\"image\" src=\"https:\/\/www.akustikksenter.no\/wp-content\/uploads\/2025\/11\/Bilde-Soudal-Classic-Spray-500ml_prodkutbilde-450x450.jpg\" srcset=\"https:\/\/www.akustikksenter.no\/wp-content\/uploads\/2025\/11\/Bilde-Soudal-Classic-Spray-500ml_prodkutbilde-450x450.jpg 450w, https:\/\/www.akustikksenter.no\/wp-content\/uploads\/2025\/11\/Bilde-Soudal-Classic-Spray-500ml_prodkutbilde-12x12.jpg 12w, https:\/\/www.akustikksenter.no\/wp-content\/uploads\/2025\/11\/Bilde-Soudal-Classic-Spray-500ml_prodkutbilde-100x100.jpg 100w\" sizes=\"(max-width: 360px) 100vw, 360px\" alt=\"Soudal Spraylim 500 ml. Feste ved kapp overflateduk\"><\/div>\n\t<span class=\"onsale\">Tilbud<\/span>\n\t<h2 class=\"woocommerce-loop-product__title\">Soudal Spraylim 500 ml. Feste ved kapp overflateduk<\/h2>\t<div itemprop=\"description\">\r\n\t\t<p>Spraylim brukes til \u00e5 feste tekstil og glassfiberduk ved kapping og tilpasning ved montasje. Det p\u00e5f\u00f8rte limet er enkelt \u00e5 bruke og gir en sterk binding ved liming. Du bruker det n\u00e5r du har kappet og tilpasset Frigg<sup>TM<\/sup>\u00a0\u00a0eller Loke 40<sup>TM<\/sup>Strong absorbenten og skal lime tekstilet eller glassfiberduken p\u00e5 plass p\u00e5 baksiden av platen.<\/p>\n\t<\/div>\r\n\t\n\t<span class=\"price\"><span class=\"woocommerce-Price-amount amount\"><bdi><span class=\"woocommerce-Price-currencySymbol\">&#107;&#114;<\/span>&nbsp;314<\/bdi><\/span> <small class=\"woocommerce-price-suffix\">ink.mva<\/small><\/span>\n<\/a><a href=\"\/da\/wp-json\/wp\/v2\/pages\/5911?add-to-cart=13827\" aria-describedby=\"woocommerce_loop_add_to_cart_link_describedby_13827\" data-quantity=\"1\" class=\"button product_type_simple add_to_cart_button ajax_add_to_cart\" data-product_id=\"13827\" data-product_sku=\"8646\" aria-label=\"L\u00e6g i kurv: &quot;Soudal Spraylim 500 ml. Feste ved kapp overflateduk&quot;\" rel=\"nofollow\" data-success_message=\"&quot;Soudal Spraylim 500 ml. Feste ved kapp overflateduk&quot; er blevet tilf\u00f8jet til din kurv.\">Tilf\u00f8j til kurv<\/a>\t<span id=\"woocommerce_loop_add_to_cart_link_describedby_13827\" class=\"screen-reader-text\">\n\t\t\t<\/span>\n\t\t\t<input type=\"hidden\" class=\"pmwProductId\" data-id=\"13827\">\n\t\t\t\t\t<script>\n\t\t\t(window.pmwDataLayer = window.pmwDataLayer || {}).products                = window.pmwDataLayer.products || {};\n\t\t\twindow.pmwDataLayer.products[13827] = {\"id\":\"13827\",\"sku\":\"8646\",\"price\":313.65,\"brand\":\"\",\"quantity\":1,\"dyn_r_ids\":{\"post_id\":\"13827\",\"sku\":\"8646\",\"gpf\":\"woocommerce_gpf_13827\",\"gla\":\"gla_13827\"},\"is_variable\":false,\"type\":\"simple\",\"name\":\"Soudal Spraylim 500 ml. Feste ved kapp overflateduk\",\"category\":[\"Festemiddel og tilbeh\u00f8r\"],\"is_variation\":false};\n\t\t\t\t\twindow.pmw_product_position = window.pmw_product_position || 1;\n\t\twindow.pmwDataLayer.products[13827]['position'] = window.pmw_product_position++;\n\t\t\t\t<\/script>\n\t\t<\/li>\n<\/ul>\n<\/div>\n\t\t<h4>Spesialsenter for lydregulering<\/h4>\n\t\t\t<p><strong>Vi er Norges eneste spesialsenter for lydregulering som har utviklet et system for m\u00e5ling og kartlegging, beregning av hvor mye du trenger, frem til gjennomf\u00f8rt og kontrollm\u00e5lt l\u00f8sning.<\/strong>Alle v\u00e5re beregninger og m\u00e5linger er basert p\u00e5 standarden NS8175:2019 &#8211; Lyd i bygninger og NS8178:2014 (musikk og \u00f8vingsrom). Merk at standarden fra 2012 fortsatt gjelder etter byggeteknisk forskrift, TEK 17. Lyddempende produkter som anbefales vil v\u00e6re i henhold til CE 13964:2014 eller tilsvarende.<\/p>\t\t\n\t\t\t<a href=\"https:\/\/www.akustikksenter.no\/nettbutikk\/\" target=\"_self\">\n\t\t\t\t\t\tSe hele utvalget\n\t\t\t\t\t<\/a>\n\t\t\t<a href=\"https:\/\/www.akustikksenter.no\/faq\/\" target=\"_self\">\n\t\t\t\t\t\tFAQ\n\t\t\t\t\t<\/a>\n\t\t\t<a href=\"https:\/\/www.akustikksenter.no\/referanser\/\" target=\"_self\">\n\t\t\t\t\t\tReferanser\n\t\t\t\t\t<\/a>\n\t<p>Vi kan hjelpe deg med alt av akustiske l\u00f8sninger i og med at vi har v\u00e5r egen produksjon. Ta <a href=\"..\/..\/kontakt\/\">kontakt <\/a>\u00a0s\u00e5 finner vi en l\u00f8sning p\u00e5 hva akkurat du trenger.<\/p>\n\n","protected":false},"excerpt":{"rendered":"<p>Privat hjem For at oplevelsen skal blive god, er det vigtigt, at lydforholdene i lokalet er gode. Gode lydforhold kan v\u00e6re afg\u00f8rende for b\u00e5de g\u00e6sters og medarbejderes velbefindende. Vi har m\u00e5ske de mest effektive lydabsorbenter p\u00e5 markedet. Restauranter og caf\u00e9er Folk elsker at socialisere og g\u00e5 ud og hygge sig og samles p\u00e5 restauranter og caf\u00e9er.<\/p>","protected":false},"author":1,"featured_media":7148,"parent":5,"menu_order":0,"comment_status":"closed","ping_status":"closed","template":"","meta":{"_acf_changed":false,"footnotes":""},"class_list":["post-5911","page","type-page","status-publish","has-post-thumbnail","hentry"],"acf":[],"yoast_head":"<!-- This site is optimized with the Yoast SEO plugin v27.4 - https:\/\/yoast.com\/product\/yoast-seo-wordpress\/ -->\n<title>Hotell, restaurant og uteliv | Akustikkl\u00f8sninger<\/title>\n<meta name=\"description\" content=\"Akustikkl\u00f8sninger for hotell, restaurant og uteliv. Reduser st\u00f8y og etterklang og skap bedre lydmilj\u00f8 for gjester og ansatte i krevende rom.\" \/>\n<meta name=\"robots\" content=\"index, follow, max-snippet:-1, max-image-preview:large, max-video-preview:-1\" \/>\n<link rel=\"canonical\" href=\"https:\/\/www.akustikksenter.no\/da\/onlinebutik\/hotellets-restaurant-og-natteliv\/\" \/>\n<meta property=\"og:locale\" content=\"da_DK\" \/>\n<meta property=\"og:type\" content=\"article\" \/>\n<meta property=\"og:title\" content=\"Hotell, restaurant og uteliv | Akustikkl\u00f8sninger\" \/>\n<meta property=\"og:description\" content=\"Akustikkl\u00f8sninger for hotell, restaurant og uteliv. Reduser st\u00f8y og etterklang og skap bedre lydmilj\u00f8 for gjester og ansatte i krevende rom.\" \/>\n<meta property=\"og:url\" content=\"https:\/\/www.akustikksenter.no\/da\/onlinebutik\/hotellets-restaurant-og-natteliv\/\" \/>\n<meta property=\"og:site_name\" content=\"Norsk Akustikksenter\" \/>\n<meta property=\"article:publisher\" content=\"https:\/\/www.facebook.com\/Akustikksenter\/\" \/>\n<meta property=\"article:modified_time\" content=\"2026-04-15T08:57:23+00:00\" \/>\n<meta property=\"og:image\" content=\"https:\/\/www.akustikksenter.no\/wp-content\/uploads\/2020\/02\/iStock-956292532.jpg\" \/>\n\t<meta property=\"og:image:width\" content=\"1254\" \/>\n\t<meta property=\"og:image:height\" content=\"836\" \/>\n\t<meta property=\"og:image:type\" content=\"image\/jpeg\" \/>\n<meta name=\"twitter:label1\" content=\"Estimeret l\u00e6setid\" \/>\n\t<meta name=\"twitter:data1\" content=\"40 minutter\" \/>\n<script type=\"application\/ld+json\" class=\"yoast-schema-graph\">{\"@context\":\"https:\\\/\\\/schema.org\",\"@graph\":[{\"@type\":\"WebPage\",\"@id\":\"https:\\\/\\\/www.akustikksenter.no\\\/nettbutikk\\\/hotell-restaurant-og-uteliv\\\/\",\"url\":\"https:\\\/\\\/www.akustikksenter.no\\\/nettbutikk\\\/hotell-restaurant-og-uteliv\\\/\",\"name\":\"Hotell, restaurant og uteliv | Akustikkl\u00f8sninger\",\"isPartOf\":{\"@id\":\"https:\\\/\\\/www.akustikksenter.no\\\/#website\"},\"primaryImageOfPage\":{\"@id\":\"https:\\\/\\\/www.akustikksenter.no\\\/nettbutikk\\\/hotell-restaurant-og-uteliv\\\/#primaryimage\"},\"image\":{\"@id\":\"https:\\\/\\\/www.akustikksenter.no\\\/nettbutikk\\\/hotell-restaurant-og-uteliv\\\/#primaryimage\"},\"thumbnailUrl\":\"https:\\\/\\\/www.akustikksenter.no\\\/wp-content\\\/uploads\\\/2020\\\/02\\\/iStock-956292532.jpg\",\"datePublished\":\"2019-05-02T07:27:17+00:00\",\"dateModified\":\"2026-04-15T08:57:23+00:00\",\"description\":\"Akustikkl\u00f8sninger for hotell, restaurant og uteliv. Reduser st\u00f8y og etterklang og skap bedre lydmilj\u00f8 for gjester og ansatte i krevende rom.\",\"breadcrumb\":{\"@id\":\"https:\\\/\\\/www.akustikksenter.no\\\/nettbutikk\\\/hotell-restaurant-og-uteliv\\\/#breadcrumb\"},\"inLanguage\":\"da-DK\",\"potentialAction\":[{\"@type\":\"ReadAction\",\"target\":[\"https:\\\/\\\/www.akustikksenter.no\\\/nettbutikk\\\/hotell-restaurant-og-uteliv\\\/\"]}]},{\"@type\":\"ImageObject\",\"inLanguage\":\"da-DK\",\"@id\":\"https:\\\/\\\/www.akustikksenter.no\\\/nettbutikk\\\/hotell-restaurant-og-uteliv\\\/#primaryimage\",\"url\":\"https:\\\/\\\/www.akustikksenter.no\\\/wp-content\\\/uploads\\\/2020\\\/02\\\/iStock-956292532.jpg\",\"contentUrl\":\"https:\\\/\\\/www.akustikksenter.no\\\/wp-content\\\/uploads\\\/2020\\\/02\\\/iStock-956292532.jpg\",\"width\":1254,\"height\":836},{\"@type\":\"BreadcrumbList\",\"@id\":\"https:\\\/\\\/www.akustikksenter.no\\\/nettbutikk\\\/hotell-restaurant-og-uteliv\\\/#breadcrumb\",\"itemListElement\":[{\"@type\":\"ListItem\",\"position\":1,\"name\":\"Hjem\",\"item\":\"https:\\\/\\\/www.akustikksenter.no\\\/\"},{\"@type\":\"ListItem\",\"position\":2,\"name\":\"Nettbutikk\",\"item\":\"https:\\\/\\\/www.akustikksenter.no\\\/nettbutikk\\\/\"},{\"@type\":\"ListItem\",\"position\":3,\"name\":\"Hotell, restaurant og uteliv\"}]},{\"@type\":\"WebSite\",\"@id\":\"https:\\\/\\\/www.akustikksenter.no\\\/#website\",\"url\":\"https:\\\/\\\/www.akustikksenter.no\\\/\",\"name\":\"Norsk Akustikksenter\",\"description\":\"Totalleverand\u00f8r av akustikkl\u00f8sninger\",\"publisher\":{\"@id\":\"https:\\\/\\\/www.akustikksenter.no\\\/#organization\"},\"potentialAction\":[{\"@type\":\"SearchAction\",\"target\":{\"@type\":\"EntryPoint\",\"urlTemplate\":\"https:\\\/\\\/www.akustikksenter.no\\\/?s={search_term_string}\"},\"query-input\":{\"@type\":\"PropertyValueSpecification\",\"valueRequired\":true,\"valueName\":\"search_term_string\"}}],\"inLanguage\":\"da-DK\"},{\"@type\":\"Organization\",\"@id\":\"https:\\\/\\\/www.akustikksenter.no\\\/#organization\",\"name\":\"Norsk Akustikksenter\",\"alternateName\":\"Akustikksenter\",\"url\":\"https:\\\/\\\/www.akustikksenter.no\\\/\",\"logo\":{\"@type\":\"ImageObject\",\"inLanguage\":\"da-DK\",\"@id\":\"https:\\\/\\\/www.akustikksenter.no\\\/#\\\/schema\\\/logo\\\/image\\\/\",\"url\":\"https:\\\/\\\/www.akustikksenter.no\\\/wp-content\\\/uploads\\\/2018\\\/02\\\/Norsk-Akkustikksenter_nyLogo_payoff-3-e1518606723632.png\",\"contentUrl\":\"https:\\\/\\\/www.akustikksenter.no\\\/wp-content\\\/uploads\\\/2018\\\/02\\\/Norsk-Akkustikksenter_nyLogo_payoff-3-e1518606723632.png\",\"width\":232,\"height\":93,\"caption\":\"Norsk Akustikksenter\"},\"image\":{\"@id\":\"https:\\\/\\\/www.akustikksenter.no\\\/#\\\/schema\\\/logo\\\/image\\\/\"},\"sameAs\":[\"https:\\\/\\\/www.facebook.com\\\/Akustikksenter\\\/\",\"https:\\\/\\\/www.pinterest.com\\\/akustikksenter\\\/\",\"https:\\\/\\\/www.instagram.com\\\/akustikksenter_norway\\\/\",\"https:\\\/\\\/no.linkedin.com\\\/company\\\/norsk-akustikksenter-as\"]}]}<\/script>\n<!-- \/ Yoast SEO plugin. -->","yoast_head_json":{"title":"Hotel, restaurant og natteliv | Akustiske l\u00f8sninger","description":"Akustikl\u00f8sninger til hoteller, restauranter og natteliv. Reducer st\u00f8j og efterklang, og skab et bedre lydmilj\u00f8 for g\u00e6ster og personale i kr\u00e6vende rum.","robots":{"index":"index","follow":"follow","max-snippet":"max-snippet:-1","max-image-preview":"max-image-preview:large","max-video-preview":"max-video-preview:-1"},"canonical":"https:\/\/www.akustikksenter.no\/da\/onlinebutik\/hotellets-restaurant-og-natteliv\/","og_locale":"da_DK","og_type":"article","og_title":"Hotell, restaurant og uteliv | Akustikkl\u00f8sninger","og_description":"Akustikkl\u00f8sninger for hotell, restaurant og uteliv. Reduser st\u00f8y og etterklang og skap bedre lydmilj\u00f8 for gjester og ansatte i krevende rom.","og_url":"https:\/\/www.akustikksenter.no\/da\/onlinebutik\/hotellets-restaurant-og-natteliv\/","og_site_name":"Norsk Akustikksenter","article_publisher":"https:\/\/www.facebook.com\/Akustikksenter\/","article_modified_time":"2026-04-15T08:57:23+00:00","og_image":[{"width":1254,"height":836,"url":"https:\/\/www.akustikksenter.no\/wp-content\/uploads\/2020\/02\/iStock-956292532.jpg","type":"image\/jpeg"}],"twitter_misc":{"Estimeret l\u00e6setid":"40 minutter"},"schema":{"@context":"https:\/\/schema.org","@graph":[{"@type":"WebPage","@id":"https:\/\/www.akustikksenter.no\/nettbutikk\/hotell-restaurant-og-uteliv\/","url":"https:\/\/www.akustikksenter.no\/nettbutikk\/hotell-restaurant-og-uteliv\/","name":"Hotel, restaurant og natteliv | Akustiske l\u00f8sninger","isPartOf":{"@id":"https:\/\/www.akustikksenter.no\/#website"},"primaryImageOfPage":{"@id":"https:\/\/www.akustikksenter.no\/nettbutikk\/hotell-restaurant-og-uteliv\/#primaryimage"},"image":{"@id":"https:\/\/www.akustikksenter.no\/nettbutikk\/hotell-restaurant-og-uteliv\/#primaryimage"},"thumbnailUrl":"https:\/\/www.akustikksenter.no\/wp-content\/uploads\/2020\/02\/iStock-956292532.jpg","datePublished":"2019-05-02T07:27:17+00:00","dateModified":"2026-04-15T08:57:23+00:00","description":"Akustikl\u00f8sninger til hoteller, restauranter og natteliv. Reducer st\u00f8j og efterklang, og skab et bedre lydmilj\u00f8 for g\u00e6ster og personale i kr\u00e6vende rum.","breadcrumb":{"@id":"https:\/\/www.akustikksenter.no\/nettbutikk\/hotell-restaurant-og-uteliv\/#breadcrumb"},"inLanguage":"da-DK","potentialAction":[{"@type":"ReadAction","target":["https:\/\/www.akustikksenter.no\/nettbutikk\/hotell-restaurant-og-uteliv\/"]}]},{"@type":"ImageObject","inLanguage":"da-DK","@id":"https:\/\/www.akustikksenter.no\/nettbutikk\/hotell-restaurant-og-uteliv\/#primaryimage","url":"https:\/\/www.akustikksenter.no\/wp-content\/uploads\/2020\/02\/iStock-956292532.jpg","contentUrl":"https:\/\/www.akustikksenter.no\/wp-content\/uploads\/2020\/02\/iStock-956292532.jpg","width":1254,"height":836},{"@type":"BreadcrumbList","@id":"https:\/\/www.akustikksenter.no\/nettbutikk\/hotell-restaurant-og-uteliv\/#breadcrumb","itemListElement":[{"@type":"ListItem","position":1,"name":"Hjem","item":"https:\/\/www.akustikksenter.no\/"},{"@type":"ListItem","position":2,"name":"Nettbutikk","item":"https:\/\/www.akustikksenter.no\/nettbutikk\/"},{"@type":"ListItem","position":3,"name":"Hotell, restaurant og uteliv"}]},{"@type":"WebSite","@id":"https:\/\/www.akustikksenter.no\/#website","url":"https:\/\/www.akustikksenter.no\/","name":"Norsk Akustik Center","description":"Totalleverand\u00f8r af akustiske l\u00f8sninger","publisher":{"@id":"https:\/\/www.akustikksenter.no\/#organization"},"potentialAction":[{"@type":"SearchAction","target":{"@type":"EntryPoint","urlTemplate":"https:\/\/www.akustikksenter.no\/?s={search_term_string}"},"query-input":{"@type":"PropertyValueSpecification","valueRequired":true,"valueName":"search_term_string"}}],"inLanguage":"da-DK"},{"@type":"Organization","@id":"https:\/\/www.akustikksenter.no\/#organization","name":"Norsk Akustik Center","alternateName":"Akustikksenter","url":"https:\/\/www.akustikksenter.no\/","logo":{"@type":"ImageObject","inLanguage":"da-DK","@id":"https:\/\/www.akustikksenter.no\/#\/schema\/logo\/image\/","url":"https:\/\/www.akustikksenter.no\/wp-content\/uploads\/2018\/02\/Norsk-Akkustikksenter_nyLogo_payoff-3-e1518606723632.png","contentUrl":"https:\/\/www.akustikksenter.no\/wp-content\/uploads\/2018\/02\/Norsk-Akkustikksenter_nyLogo_payoff-3-e1518606723632.png","width":232,"height":93,"caption":"Norsk Akustikksenter"},"image":{"@id":"https:\/\/www.akustikksenter.no\/#\/schema\/logo\/image\/"},"sameAs":["https:\/\/www.facebook.com\/Akustikksenter\/","https:\/\/www.pinterest.com\/akustikksenter\/","https:\/\/www.instagram.com\/akustikksenter_norway\/","https:\/\/no.linkedin.com\/company\/norsk-akustikksenter-as"]}]}},"_links":{"self":[{"href":"https:\/\/www.akustikksenter.no\/da\/wp-json\/wp\/v2\/pages\/5911","targetHints":{"allow":["GET"]}}],"collection":[{"href":"https:\/\/www.akustikksenter.no\/da\/wp-json\/wp\/v2\/pages"}],"about":[{"href":"https:\/\/www.akustikksenter.no\/da\/wp-json\/wp\/v2\/types\/page"}],"author":[{"embeddable":true,"href":"https:\/\/www.akustikksenter.no\/da\/wp-json\/wp\/v2\/users\/1"}],"replies":[{"embeddable":true,"href":"https:\/\/www.akustikksenter.no\/da\/wp-json\/wp\/v2\/comments?post=5911"}],"version-history":[{"count":1,"href":"https:\/\/www.akustikksenter.no\/da\/wp-json\/wp\/v2\/pages\/5911\/revisions"}],"predecessor-version":[{"id":14441,"href":"https:\/\/www.akustikksenter.no\/da\/wp-json\/wp\/v2\/pages\/5911\/revisions\/14441"}],"up":[{"embeddable":true,"href":"https:\/\/www.akustikksenter.no\/da\/wp-json\/wp\/v2\/pages\/5"}],"wp:featuredmedia":[{"embeddable":true,"href":"https:\/\/www.akustikksenter.no\/da\/wp-json\/wp\/v2\/media\/7148"}],"wp:attachment":[{"href":"https:\/\/www.akustikksenter.no\/da\/wp-json\/wp\/v2\/media?parent=5911"}],"curies":[{"name":"wp","href":"https:\/\/api.w.org\/{rel}","templated":true}]}}