{"id":369,"date":"2016-01-20T09:55:53","date_gmt":"2016-01-20T08:55:53","guid":{"rendered":"https:\/\/www-akustikksenter.wp3.hcweb.dev\/?post_type=product&#038;p=369"},"modified":"2026-02-23T11:02:29","modified_gmt":"2026-02-23T10:02:29","slug":"lodret-lyddaemper","status":"publish","type":"product","link":"https:\/\/www.akustikksenter.no\/da\/butikk\/flater-og-baffler\/vertikal-lyddemper\/","title":{"rendered":"Loke\u2122 40 mm lodret lydd\u00e6mpende baffel"},"content":{"rendered":"<div class=\"summary entry-summary\"><img decoding=\"async\" class=\"alignnone wp-image-5130\" src=\"https:\/\/www.akustikksenter.no\/wp-content\/uploads\/2018\/11\/klasse_A-150x150.png\" alt=\"\" width=\"57\" height=\"57\" \/><\/div>\n<div class=\"woocommerce-tabs wc-tabs-wrapper\">\n<div id=\"tab-description\" class=\"woocommerce-Tabs-panel woocommerce-Tabs-panel--description panel entry-content wc-tab\" role=\"tabpanel\" aria-labelledby=\"tab-title-description\">\n<p>Baffel. Lydabsorberende skive udviklet specielt til installation med oph\u00e6ng i loftet. Pladen har en traditionel struktureret overflade med en specielt udformet kantforsegling.  Pladen har en meget god lydabsorption og er meget lydabsorberende. Pladen har desuden en bel\u00e6gning p\u00e5 overfladen, som g\u00f8r den lettere at vedligeholde og giver den en lang levetid sammenlignet med mere traditionelle absorbenter p\u00e5 markedet. Med sin h\u00f8je lysrefleksion er den derfor meget velegnet til de fleste typer rum; kontor- og undervisningsmilj\u00f8er, b\u00f8rnehaver, multirum, kantiner og generelt rum med meget st\u00f8j.<\/p>\n<\/div>\n<\/div>\n<p><strong>Montering<\/strong>. Panelerne monteres i lofter med wireoph\u00e6ng. Oph\u00e6nget best\u00e5r af en spiralskrue, wire og fastg\u00f8relseskrog.  Panelerne passer ikke ind i et traditionelt T-system.<\/p>\n<p><strong>Kanttyper.\u00a0<\/strong>Kant A<\/p>\n<p><strong>St\u00f8rrelser.\u00a0<\/strong>Standardst\u00f8rrelse og -farve p\u00e5 lager. Specialst\u00f8rrelser og -farver kan bestilles.<\/p>\n<p><strong>Farver. <\/strong>Den n\u00e6rmeste farvekode for hvid er NCS 0502-Y. Mat sort (Eira sort overflade) kan bestilles. Andre specialfarver kan bestilles (minimumsm\u00e6ngde er 100 m2).<\/p>\n<p><strong>Brandklasse.\u00a0<\/strong>A2-s1,d0, i henhold til EN 13501-1<\/p>\n<p><strong>Produktet er M1-certificeret.<\/strong> Det betyder, at produktet er blevet testet og opfylder de strengeste internationale krav til emissioner og ikke-brug af giftige komponenter. Der er s\u00e6rlige krav til akustiske produkter, som skal opfyldes for at opn\u00e5 M1-certificering.<\/p>\n<p style=\"margin: 0cm 0cm 18.0pt 0cm;\"><strong><span style=\"font-family: 'Lato',sans-serif; color: #262626;\">EPD (milj\u00f8varedeklaration).\u00a0<\/span><\/strong><span style=\"font-family: 'Lato',sans-serif; color: #262626;\">Produktet har afsluttet LCA-rapporten (Life Cycle Assessment) og modtaget et EPD-certifikat (Environmental Product Declaration).<\/span><\/p>\n<p><strong>Reng\u00f8ring og vedligeholdelse<\/strong><br \/>\nPladen har en overflade, der g\u00f8r den let at st\u00f8ve af. Hvis pladen males over, mister den sine lydisolerende egenskaber.<\/p>\n<p align=\"LEFT\">","protected":false},"excerpt":{"rendered":"<p>Baffle. Meget god lydabsorption - lydd\u00e6mpning, klasse A.  Pladen er 40 mm tyk. Monteres med wire i loftet.<\/p>\n<p>Pris pr. \u00e6ske.<\/p>\n<p>&nbsp;<\/p>","protected":false},"featured_media":1121,"template":"","meta":{"_acf_changed":false},"kampanje":[],"product_brand":[],"product_cat":[317],"product_tag":[296,295,289],"class_list":{"0":"post-369","1":"product","2":"type-product","3":"status-publish","4":"has-post-thumbnail","6":"product_cat-flater-og-baffler","7":"product_tag-baffel","8":"product_tag-spesialabsorbent","9":"product_tag-tak","10":"pa_farge-hvit","12":"first","13":"instock","14":"taxable","15":"shipping-taxable","16":"purchasable","17":"product-type-variable","18":"has-default-attributes"},"acf":[],"yoast_head":"<!-- This site is optimized with the Yoast SEO plugin v27.4 - https:\/\/yoast.com\/product\/yoast-seo-wordpress\/ -->\n<title>Loke\u2122 40mm Vertikal lyddempende baffel - Norsk Akustikksenter<\/title>\n<meta name=\"description\" content=\"Baffel. S\u00e6rdeles god lydabsorbsjon. Lyddemping, klasse A. Platen er 40 mm tykk. Monteres med wire i tak. M1 og EPD Sertifikat.\" \/>\n<meta name=\"robots\" content=\"index, follow, max-snippet:-1, max-image-preview:large, max-video-preview:-1\" \/>\n<link rel=\"canonical\" href=\"https:\/\/www.akustikksenter.no\/da\/butik\/overflader-og-bafler\/lodret-lyddaemper\/\" \/>\n<meta property=\"og:locale\" content=\"da_DK\" \/>\n<meta property=\"og:type\" content=\"article\" \/>\n<meta property=\"og:title\" content=\"Loke\u2122 40mm Vertikal lyddempende baffel - Norsk Akustikksenter\" \/>\n<meta property=\"og:description\" content=\"Baffel. S\u00e6rdeles god lydabsorbsjon. Lyddemping, klasse A. Platen er 40 mm tykk. Monteres med wire i tak. M1 og EPD Sertifikat.\" \/>\n<meta property=\"og:url\" content=\"https:\/\/www.akustikksenter.no\/da\/butik\/overflader-og-bafler\/lodret-lyddaemper\/\" \/>\n<meta property=\"og:site_name\" content=\"Norsk Akustikksenter\" \/>\n<meta property=\"article:publisher\" content=\"https:\/\/www.facebook.com\/Akustikksenter\/\" \/>\n<meta property=\"article:modified_time\" content=\"2026-02-23T10:02:29+00:00\" \/>\n<meta property=\"og:image\" content=\"https:\/\/www.akustikksenter.no\/wp-content\/uploads\/2014\/03\/eira-40.jpg\" \/>\n\t<meta property=\"og:image:width\" content=\"900\" \/>\n\t<meta property=\"og:image:height\" content=\"600\" \/>\n\t<meta property=\"og:image:type\" content=\"image\/jpeg\" \/>\n<meta name=\"twitter:label1\" content=\"Estimeret l\u00e6setid\" \/>\n\t<meta name=\"twitter:data1\" content=\"1 minut\" \/>\n<script type=\"application\/ld+json\" class=\"yoast-schema-graph\">{\"@context\":\"https:\\\/\\\/schema.org\",\"@graph\":[{\"@type\":\"WebPage\",\"@id\":\"https:\\\/\\\/www.akustikksenter.no\\\/butikk\\\/flater-og-baffler\\\/vertikal-lyddemper\\\/\",\"url\":\"https:\\\/\\\/www.akustikksenter.no\\\/butikk\\\/flater-og-baffler\\\/vertikal-lyddemper\\\/\",\"name\":\"Loke\u2122 40mm Vertikal lyddempende baffel - Norsk Akustikksenter\",\"isPartOf\":{\"@id\":\"https:\\\/\\\/www.akustikksenter.no\\\/#website\"},\"primaryImageOfPage\":{\"@id\":\"https:\\\/\\\/www.akustikksenter.no\\\/butikk\\\/flater-og-baffler\\\/vertikal-lyddemper\\\/#primaryimage\"},\"image\":{\"@id\":\"https:\\\/\\\/www.akustikksenter.no\\\/butikk\\\/flater-og-baffler\\\/vertikal-lyddemper\\\/#primaryimage\"},\"thumbnailUrl\":\"https:\\\/\\\/www.akustikksenter.no\\\/wp-content\\\/uploads\\\/2014\\\/03\\\/eira-40.jpg\",\"datePublished\":\"2016-01-20T08:55:53+00:00\",\"dateModified\":\"2026-02-23T10:02:29+00:00\",\"description\":\"Baffel. S\u00e6rdeles god lydabsorbsjon. Lyddemping, klasse A. Platen er 40 mm tykk. Monteres med wire i tak. M1 og EPD Sertifikat.\",\"breadcrumb\":{\"@id\":\"https:\\\/\\\/www.akustikksenter.no\\\/butikk\\\/flater-og-baffler\\\/vertikal-lyddemper\\\/#breadcrumb\"},\"inLanguage\":\"da-DK\",\"potentialAction\":[{\"@type\":\"ReadAction\",\"target\":[\"https:\\\/\\\/www.akustikksenter.no\\\/butikk\\\/flater-og-baffler\\\/vertikal-lyddemper\\\/\"]}]},{\"@type\":\"ImageObject\",\"inLanguage\":\"da-DK\",\"@id\":\"https:\\\/\\\/www.akustikksenter.no\\\/butikk\\\/flater-og-baffler\\\/vertikal-lyddemper\\\/#primaryimage\",\"url\":\"https:\\\/\\\/www.akustikksenter.no\\\/wp-content\\\/uploads\\\/2014\\\/03\\\/eira-40.jpg\",\"contentUrl\":\"https:\\\/\\\/www.akustikksenter.no\\\/wp-content\\\/uploads\\\/2014\\\/03\\\/eira-40.jpg\",\"width\":900,\"height\":600},{\"@type\":\"BreadcrumbList\",\"@id\":\"https:\\\/\\\/www.akustikksenter.no\\\/butikk\\\/flater-og-baffler\\\/vertikal-lyddemper\\\/#breadcrumb\",\"itemListElement\":[{\"@type\":\"ListItem\",\"position\":1,\"name\":\"Hjem\",\"item\":\"https:\\\/\\\/www.akustikksenter.no\\\/\"},{\"@type\":\"ListItem\",\"position\":2,\"name\":\"Nettbutikk\",\"item\":\"https:\\\/\\\/www.akustikksenter.no\\\/nettbutikk\\\/\"},{\"@type\":\"ListItem\",\"position\":3,\"name\":\"Loke\u2122 40mm Vertikal lyddempende baffel\"}]},{\"@type\":\"WebSite\",\"@id\":\"https:\\\/\\\/www.akustikksenter.no\\\/#website\",\"url\":\"https:\\\/\\\/www.akustikksenter.no\\\/\",\"name\":\"Norsk Akustikksenter\",\"description\":\"Totalleverand\u00f8r av akustikkl\u00f8sninger\",\"publisher\":{\"@id\":\"https:\\\/\\\/www.akustikksenter.no\\\/#organization\"},\"potentialAction\":[{\"@type\":\"SearchAction\",\"target\":{\"@type\":\"EntryPoint\",\"urlTemplate\":\"https:\\\/\\\/www.akustikksenter.no\\\/?s={search_term_string}\"},\"query-input\":{\"@type\":\"PropertyValueSpecification\",\"valueRequired\":true,\"valueName\":\"search_term_string\"}}],\"inLanguage\":\"da-DK\"},{\"@type\":\"Organization\",\"@id\":\"https:\\\/\\\/www.akustikksenter.no\\\/#organization\",\"name\":\"Norsk Akustikksenter\",\"alternateName\":\"Akustikksenter\",\"url\":\"https:\\\/\\\/www.akustikksenter.no\\\/\",\"logo\":{\"@type\":\"ImageObject\",\"inLanguage\":\"da-DK\",\"@id\":\"https:\\\/\\\/www.akustikksenter.no\\\/#\\\/schema\\\/logo\\\/image\\\/\",\"url\":\"https:\\\/\\\/www.akustikksenter.no\\\/wp-content\\\/uploads\\\/2018\\\/02\\\/Norsk-Akkustikksenter_nyLogo_payoff-3-e1518606723632.png\",\"contentUrl\":\"https:\\\/\\\/www.akustikksenter.no\\\/wp-content\\\/uploads\\\/2018\\\/02\\\/Norsk-Akkustikksenter_nyLogo_payoff-3-e1518606723632.png\",\"width\":232,\"height\":93,\"caption\":\"Norsk Akustikksenter\"},\"image\":{\"@id\":\"https:\\\/\\\/www.akustikksenter.no\\\/#\\\/schema\\\/logo\\\/image\\\/\"},\"sameAs\":[\"https:\\\/\\\/www.facebook.com\\\/Akustikksenter\\\/\",\"https:\\\/\\\/www.pinterest.com\\\/akustikksenter\\\/\",\"https:\\\/\\\/www.instagram.com\\\/akustikksenter_norway\\\/\",\"https:\\\/\\\/no.linkedin.com\\\/company\\\/norsk-akustikksenter-as\"]}]}<\/script>\n<!-- \/ Yoast SEO plugin. -->","yoast_head_json":{"title":"Loke\u2122 40 mm lodret lydd\u00e6mpende baffel - Norsk Akustikksenter","description":"Baffle. Ekstremt god lydabsorption. Lydd\u00e6mpning, klasse A. Pladen er 40 mm tyk. Monteres med wire i loftet. M1- og EPD-certifikat.","robots":{"index":"index","follow":"follow","max-snippet":"max-snippet:-1","max-image-preview":"max-image-preview:large","max-video-preview":"max-video-preview:-1"},"canonical":"https:\/\/www.akustikksenter.no\/da\/butik\/overflader-og-bafler\/lodret-lyddaemper\/","og_locale":"da_DK","og_type":"article","og_title":"Loke\u2122 40mm Vertikal lyddempende baffel - Norsk Akustikksenter","og_description":"Baffel. S\u00e6rdeles god lydabsorbsjon. Lyddemping, klasse A. Platen er 40 mm tykk. Monteres med wire i tak. M1 og EPD Sertifikat.","og_url":"https:\/\/www.akustikksenter.no\/da\/butik\/overflader-og-bafler\/lodret-lyddaemper\/","og_site_name":"Norsk Akustikksenter","article_publisher":"https:\/\/www.facebook.com\/Akustikksenter\/","article_modified_time":"2026-02-23T10:02:29+00:00","og_image":[{"width":900,"height":600,"url":"https:\/\/www.akustikksenter.no\/wp-content\/uploads\/2014\/03\/eira-40.jpg","type":"image\/jpeg"}],"twitter_misc":{"Estimeret l\u00e6setid":"1 minut"},"schema":{"@context":"https:\/\/schema.org","@graph":[{"@type":"WebPage","@id":"https:\/\/www.akustikksenter.no\/butikk\/flater-og-baffler\/vertikal-lyddemper\/","url":"https:\/\/www.akustikksenter.no\/butikk\/flater-og-baffler\/vertikal-lyddemper\/","name":"Loke\u2122 40 mm lodret lydd\u00e6mpende baffel - Norsk Akustikksenter","isPartOf":{"@id":"https:\/\/www.akustikksenter.no\/#website"},"primaryImageOfPage":{"@id":"https:\/\/www.akustikksenter.no\/butikk\/flater-og-baffler\/vertikal-lyddemper\/#primaryimage"},"image":{"@id":"https:\/\/www.akustikksenter.no\/butikk\/flater-og-baffler\/vertikal-lyddemper\/#primaryimage"},"thumbnailUrl":"https:\/\/www.akustikksenter.no\/wp-content\/uploads\/2014\/03\/eira-40.jpg","datePublished":"2016-01-20T08:55:53+00:00","dateModified":"2026-02-23T10:02:29+00:00","description":"Baffle. Ekstremt god lydabsorption. Lydd\u00e6mpning, klasse A. Pladen er 40 mm tyk. Monteres med wire i loftet. M1- og EPD-certifikat.","breadcrumb":{"@id":"https:\/\/www.akustikksenter.no\/butikk\/flater-og-baffler\/vertikal-lyddemper\/#breadcrumb"},"inLanguage":"da-DK","potentialAction":[{"@type":"ReadAction","target":["https:\/\/www.akustikksenter.no\/butikk\/flater-og-baffler\/vertikal-lyddemper\/"]}]},{"@type":"ImageObject","inLanguage":"da-DK","@id":"https:\/\/www.akustikksenter.no\/butikk\/flater-og-baffler\/vertikal-lyddemper\/#primaryimage","url":"https:\/\/www.akustikksenter.no\/wp-content\/uploads\/2014\/03\/eira-40.jpg","contentUrl":"https:\/\/www.akustikksenter.no\/wp-content\/uploads\/2014\/03\/eira-40.jpg","width":900,"height":600},{"@type":"BreadcrumbList","@id":"https:\/\/www.akustikksenter.no\/butikk\/flater-og-baffler\/vertikal-lyddemper\/#breadcrumb","itemListElement":[{"@type":"ListItem","position":1,"name":"Hjem","item":"https:\/\/www.akustikksenter.no\/"},{"@type":"ListItem","position":2,"name":"Nettbutikk","item":"https:\/\/www.akustikksenter.no\/nettbutikk\/"},{"@type":"ListItem","position":3,"name":"Loke\u2122 40mm Vertikal lyddempende baffel"}]},{"@type":"WebSite","@id":"https:\/\/www.akustikksenter.no\/#website","url":"https:\/\/www.akustikksenter.no\/","name":"Norsk Akustik Center","description":"Totalleverand\u00f8r af akustiske l\u00f8sninger","publisher":{"@id":"https:\/\/www.akustikksenter.no\/#organization"},"potentialAction":[{"@type":"SearchAction","target":{"@type":"EntryPoint","urlTemplate":"https:\/\/www.akustikksenter.no\/?s={search_term_string}"},"query-input":{"@type":"PropertyValueSpecification","valueRequired":true,"valueName":"search_term_string"}}],"inLanguage":"da-DK"},{"@type":"Organization","@id":"https:\/\/www.akustikksenter.no\/#organization","name":"Norsk Akustik Center","alternateName":"Akustikksenter","url":"https:\/\/www.akustikksenter.no\/","logo":{"@type":"ImageObject","inLanguage":"da-DK","@id":"https:\/\/www.akustikksenter.no\/#\/schema\/logo\/image\/","url":"https:\/\/www.akustikksenter.no\/wp-content\/uploads\/2018\/02\/Norsk-Akkustikksenter_nyLogo_payoff-3-e1518606723632.png","contentUrl":"https:\/\/www.akustikksenter.no\/wp-content\/uploads\/2018\/02\/Norsk-Akkustikksenter_nyLogo_payoff-3-e1518606723632.png","width":232,"height":93,"caption":"Norsk Akustikksenter"},"image":{"@id":"https:\/\/www.akustikksenter.no\/#\/schema\/logo\/image\/"},"sameAs":["https:\/\/www.facebook.com\/Akustikksenter\/","https:\/\/www.pinterest.com\/akustikksenter\/","https:\/\/www.instagram.com\/akustikksenter_norway\/","https:\/\/no.linkedin.com\/company\/norsk-akustikksenter-as"]}]}},"_links":{"self":[{"href":"https:\/\/www.akustikksenter.no\/da\/wp-json\/wp\/v2\/product\/369","targetHints":{"allow":["GET"]}}],"collection":[{"href":"https:\/\/www.akustikksenter.no\/da\/wp-json\/wp\/v2\/product"}],"about":[{"href":"https:\/\/www.akustikksenter.no\/da\/wp-json\/wp\/v2\/types\/product"}],"wp:featuredmedia":[{"embeddable":true,"href":"https:\/\/www.akustikksenter.no\/da\/wp-json\/wp\/v2\/media\/1121"}],"wp:attachment":[{"href":"https:\/\/www.akustikksenter.no\/da\/wp-json\/wp\/v2\/media?parent=369"}],"wp:term":[{"taxonomy":"kampanje","embeddable":true,"href":"https:\/\/www.akustikksenter.no\/da\/wp-json\/wp\/v2\/kampanje?post=369"},{"taxonomy":"product_brand","embeddable":true,"href":"https:\/\/www.akustikksenter.no\/da\/wp-json\/wp\/v2\/product_brand?post=369"},{"taxonomy":"product_cat","embeddable":true,"href":"https:\/\/www.akustikksenter.no\/da\/wp-json\/wp\/v2\/product_cat?post=369"},{"taxonomy":"product_tag","embeddable":true,"href":"https:\/\/www.akustikksenter.no\/da\/wp-json\/wp\/v2\/product_tag?post=369"}],"curies":[{"name":"wp","href":"https:\/\/api.w.org\/{rel}","templated":true}]}}